{"id":44626,"date":"2025-04-15T11:47:15","date_gmt":"2025-04-15T09:47:15","guid":{"rendered":"https:\/\/burama.be\/?page_id=44626"},"modified":"2026-03-17T14:19:38","modified_gmt":"2026-03-17T13:19:38","slug":"amenagement-cafeteria-dentreprise","status":"publish","type":"page","link":"https:\/\/burama.be\/fr\/amenagement-cafeteria-dentreprise\/","title":{"rendered":"Am\u00e9nagement d\u2019une caf\u00e9t\u00e9ria d\u2019entreprise : un levier pour le bien-\u00eatre et la productivit\u00e9"},"content":{"rendered":"\n<div class=\"acf-block acf-block-paragraph\" data-aos=\"fade-up\" data-aos-anchor-placement=\"top-bottom\">\n    <div class=\"container-fluid\">\n        <div class=\"content-container\">\n            <div class=\"row layout-reversing\">\n                <div class=\"col-lg-6 pe-lg-0\"><div class='section__wrapper_image  has_shadow'><div class='section__bg'><\/div><div class=\"section__image image__landscape\"><img loading=\"lazy\" decoding=\"async\" width=\"805\" height=\"604\" src=\"https:\/\/burama.be\/app\/uploads\/2024\/09\/Cuisine-pour-entreprise.jpg\" class=\"w-100\" alt=\"\" srcset=\"https:\/\/burama.be\/app\/uploads\/2024\/09\/Cuisine-pour-entreprise.jpg 805w, https:\/\/burama.be\/app\/uploads\/2024\/09\/Cuisine-pour-entreprise-300x225.jpg 300w, https:\/\/burama.be\/app\/uploads\/2024\/09\/Cuisine-pour-entreprise-768x576.jpg 768w\" sizes=\"auto, (max-width: 805px) 100vw, 805px\" \/><\/div> <\/div><\/div>\n                <div class=\"col-lg-6\"><div class=\"section__content\"><h1>Am\u00e9nagement d\u2019une caf\u00e9t\u00e9ria d\u2019entreprise : un levier pour le bien-\u00eatre et la productivit\u00e9<\/h1>\n<p>&nbsp;<\/p>\n<p>La caf\u00e9t\u00e9ria d\u2019entreprise est un v\u00e9ritable espace de vie qui joue un r\u00f4le essentiel dans la convivialit\u00e9, la collaboration et la d\u00e9tente de vos \u00e9quipes. Chez Burama, nous transformons ces espaces en lieux strat\u00e9giques tout en respectant la r\u00e9glementation belge. Voici un guide complet pour am\u00e9nager une caf\u00e9t\u00e9ria qui r\u00e9pond \u00e0 vos besoins.<\/p>\n<p><span style=\"text-decoration: underline;\"><strong>Sommaire :\u00a0<\/strong><\/span><\/p>\n<ul>\n<li><a href=\"#pourquoi-amenager-cafeteria\">Pourquoi am\u00e9nager une caf\u00e9t\u00e9ria d\u2019entreprise ?<\/a><\/li>\n<li><a href=\"#normes-belges\">Respecter les normes belges<\/a><\/li>\n<li><a href=\"#etapes-amenagement\">Les \u00e9tapes d\u2019un am\u00e9nagement r\u00e9ussi<\/a><\/li>\n<li><a href=\"#idees-originales\">Des id\u00e9es pour une caf\u00e9t\u00e9ria unique<\/a><\/li>\n<li><a href=\"#confort-fonctionnalite\">Confort et fonctionnalit\u00e9 avant tout<\/a><\/li>\n<li><a href=\"#acoustique-eclairage\">Acoustique &amp; \u00e9clairage : les d\u00e9tails qui comptent<\/a><\/li>\n<li><a href=\"#accompagnement-burama\">Un accompagnement sur mesure avec Burama<\/a><\/li>\n<\/ul>\n<\/div><div class=\"acf-block__link section__link my-3 position-relative\"><svg class=\"me-2\" id=\"Groupe_2717\" data-name=\"Groupe 2717\" xmlns=\"http:\/\/www.w3.org\/2000\/svg\" width=\"22.034\" height=\"20.751\" viewBox=\"0 0 22.034 20.751\">\n        <ellipse id=\"Ellipse_49\" data-name=\"Ellipse 49\" cx=\"11.017\" cy=\"10.376\" rx=\"11.017\" ry=\"10.376\" transform=\"translate(0)\" fill=\"#7a9b8e\"\/>\n        <path id=\"Icon_ionic-ios-arrow-forward\" data-name=\"Icon ionic-ios-arrow-forward\" d=\"M14.644,10.2,11.425,7.171a.547.547,0,0,1,0-.808.64.64,0,0,1,.861,0l3.647,3.432a.548.548,0,0,1,.018.789l-3.662,3.456a.639.639,0,0,1-.861,0,.547.547,0,0,1,0-.808Z\" transform=\"translate(-2.55 0.474)\" fill=\"#fff\"\/>\n    <\/svg><a href=\"https:\/\/burama.be\/fr\/contact\/\" target=\"\" title=\"Contactez-nous\" class=\"section__link\">Contactez-nous<\/a><\/div><\/div>\n            <\/div>\n        <\/div>\n    <\/div>\n<\/div>\n<div class=\"acf-block acf-block-space\">\n            \n                    \n                    \n                    \n            <\/div>\n\n<div class=\"acf-block acf-block-paragraph\" data-aos=\"fade-up\" data-aos-anchor-placement=\"top-bottom\">\n    <div class=\"container-fluid\">\n        <div class=\"content-container\">\n            <div class=\"row\">\n                <div class=\"col-lg-6\"><div class=\"section__content\"><p><span id=\"pourquoi-amenager-cafeteria\"><\/span><br \/>\n&nbsp;<\/p>\n<h2>Pourquoi l\u2019am\u00e9nagement d\u2019une caf\u00e9t\u00e9ria d\u2019entreprise est essentiel<\/h2>\n<ul>\n<li><strong>Un impact positif sur le bien-\u00eatre des employ\u00e9s<\/strong><br \/>\nUne caf\u00e9t\u00e9ria bien am\u00e9nag\u00e9e offre un espace de d\u00e9connexion et de repos, permettant aux collaborateurs de recharger leurs batteries. Elle contribue \u00e0 r\u00e9duire le stress, \u00e0 renforcer la satisfaction au travail et \u00e0 am\u00e9liorer la productivit\u00e9.<\/li>\n<li><strong>Favoriser les interactions sociales et la collaboration<\/strong><br \/>\nLes \u00e9changes informels dans une caf\u00e9t\u00e9ria stimulent la cr\u00e9ativit\u00e9 et renforcent les liens entre \u00e9quipes. Avec des zones collaboratives et des espaces confortables, ces moments de partage deviennent des opportunit\u00e9s d\u2019innovation.<\/li>\n<li><strong>Un atout pour l\u2019image de votre entreprise<br \/>\n<\/strong>Un espace accueillant et moderne refl\u00e8te vos valeurs et renforce votre marque employeur. C\u2019est un lieu qui s\u00e9duit vos collaborateurs, tout en impressionnant vos clients et candidats.<\/li>\n<\/ul>\n<p><span style=\"text-decoration: underline;\"><span style=\"margin-top: 0px; font-weight: bold; color: #97b1a7; text-decoration: underline;\"><br \/>\nBon \u00e0 savoir<\/span><\/span> : une caf\u00e9t\u00e9ria bien con\u00e7ue peut devenir un \u00e9l\u00e9ment cl\u00e9 de votre strat\u00e9gie de fid\u00e9lisation et d\u2019attractivit\u00e9. Un lieu inspirant peut s\u00e9duire de nouveaux talents et renforcer l\u2019engagement de vos \u00e9quipes existantes.<\/p>\n<p>&nbsp;<\/p>\n<p>&nbsp;<\/p>\n<\/div><\/div>\n                <div class=\"col-lg-6 ps-lg-0\"><div class='section__wrapper_image  has_shadow'><div class='section__bg'><\/div><div class=\"section__image image__landscape\"><img loading=\"lazy\" decoding=\"async\" width=\"805\" height=\"604\" src=\"https:\/\/burama.be\/app\/uploads\/2024\/09\/Cuisine-dentreprise.jpg\" class=\"w-100\" alt=\"\" srcset=\"https:\/\/burama.be\/app\/uploads\/2024\/09\/Cuisine-dentreprise.jpg 805w, https:\/\/burama.be\/app\/uploads\/2024\/09\/Cuisine-dentreprise-300x225.jpg 300w, https:\/\/burama.be\/app\/uploads\/2024\/09\/Cuisine-dentreprise-768x576.jpg 768w\" sizes=\"auto, (max-width: 805px) 100vw, 805px\" \/><\/div> <\/div><\/div>\n            <\/div>\n        <\/div>\n    <\/div>\n<\/div>\n\n<div class=\"acf-block acf-block-paragraph\" data-aos=\"fade-up\" data-aos-anchor-placement=\"top-bottom\">\n    <div class=\"container-fluid\">\n        <div class=\"content-container\">\n            <div class=\"row\">\n                <div class=\"col-lg-12 col-with-space\"><div class=\"section__content\"><p>&nbsp;<\/p>\n<p>&nbsp;<\/p>\n<h2>Am\u00e9nager une caf\u00e9t\u00e9ria d\u2019entreprise : respecter les normes belges<\/h2>\n<p>Selon le <a href=\"https:\/\/emploi.belgique.be\/fr\/themes\/bien-etre-au-travail\/lieux-de-travail\/equipements-sociaux\/refectoires-boissons-et-locaux-de\">Code du bien-\u00eatre au travail<\/a>, les r\u00e9fectoires doivent \u00eatre compl\u00e8tement s\u00e9par\u00e9s des lieux de travail, sauf d\u00e9rogation valid\u00e9e par le Comit\u00e9 pour la pr\u00e9vention et la protection au travail. En cas d\u2019accord, les repas peuvent \u00eatre pris au bureau \u00e0 condition que l\u2019hygi\u00e8ne soit irr\u00e9prochable.<\/p>\n<h3><strong>Superficie minimale requise<\/strong><\/h3>\n<p>La taille de la caf\u00e9t\u00e9ria d\u00e9pend du nombre de collaborateurs qui l\u2019utilisent simultan\u00e9ment. Les normes belges \u00e9tablissent :<\/p>\n<ul>\n<li>Jusqu\u2019\u00e0 25 personnes : 18,5 m\u00b2 minimum.<\/li>\n<li>Entre 26 et 74 personnes : 18,5 m\u00b2 + 0,65 m\u00b2 par utilisateur suppl\u00e9mentaire.<\/li>\n<li>Entre 75 et 149 personnes : 51 m\u00b2 + 0,55 m\u00b2 par utilisateur suppl\u00e9mentaire.<\/li>\n<li>Entre 150 et 499 personnes : 91 m\u00b2 + 0,50 m\u00b2 par utilisateur suppl\u00e9mentaire.<\/li>\n<li>\u00c0 partir de 500 personnes : 255 m\u00b2 + 0,40 m\u00b2 par utilisateur suppl\u00e9mentaire.<\/li>\n<\/ul>\n<h3><strong>Hygi\u00e8ne et s\u00e9curit\u00e9<\/strong><\/h3>\n<p>Les employ\u00e9s expos\u00e9s \u00e0 des salissures ou \u00e0 des risques de contamination doivent se laver les mains avant d\u2019entrer dans le r\u00e9fectoire et, si n\u00e9cessaire, enfiler un surv\u00eatement.<\/p>\n<p>&nbsp;<\/p>\n<div style=\"border: 2px solid #4e5b6a; padding: 20px; border-radius: 8px; background-color: #ffffff; max-width: 600px; margin: auto; text-align: center;\">\n<p><span style=\"text-decoration: underline;\"><span style=\"margin-top: 0px; font-weight: bold; color: #97b1a7; text-decoration: underline;\">Bon \u00e0 savoir <\/span><\/span><\/p>\n<p>Tenir compte des normes belges d\u00e8s la conception de votre caf\u00e9t\u00e9ria vous \u00e9vitera des d\u00e9marches correctives co\u00fbteuses par la suite. Chez Burama, nous vous accompagnons dans la conformit\u00e9 de votre projet.<\/p>\n<\/div>\n<p>&nbsp;<\/p>\n<p>&nbsp;<\/p>\n<p>&nbsp;<\/p>\n<\/div><\/div>\n                <div class=\"d-none\"><\/div>\n            <\/div>\n        <\/div>\n    <\/div>\n<\/div>\n\n<div class=\"acf-block acf-block-paragraph\" data-aos=\"fade-up\" data-aos-anchor-placement=\"top-bottom\">\n    <div class=\"container-fluid\">\n        <div class=\"content-container\">\n            <div class=\"row\">\n                <div class=\"col-lg-6\"><div class=\"section__content\"><p><span id=\"normes-belges\"><\/span><\/p>\n<h2>Les \u00e9tapes cl\u00e9s pour un am\u00e9nagement r\u00e9ussi<\/h2>\n<p>Am\u00e9nager une caf\u00e9t\u00e9ria d\u2019entreprise est un processus r\u00e9fl\u00e9chi qui doit prendre en compte les besoins des collaborateurs, les sp\u00e9cificit\u00e9s de l\u2019entreprise et les contraintes techniques et budg\u00e9taires. Chez Burama, nous avons d\u00e9velopp\u00e9 une m\u00e9thode structur\u00e9e et efficace pour garantir un r\u00e9sultat \u00e0 la hauteur de vos attentes.<br \/>\n<span id=\"etapes-amenagement\"><\/span><\/p>\n<p>De l\u2019analyse des besoins \u00e0 la coordination compl\u00e8te des travaux, chaque \u00e9tape est essentielle pour concevoir un espace qui soit fonctionnel et adapt\u00e9 \u00e0 vos \u00e9quipes tout en laissant transparaitre les valeurs de votre entreprise. Voici comment nous proc\u00e9dons pour transformer votre vision en r\u00e9alit\u00e9.<\/p>\n<ul>\n<li><strong>Analyser les besoins des utilisateurs : <\/strong>nous commen\u00e7ons par une visite sur site pour comprendre vos besoins et vos contraintes. Un \u00e9change approfondi avec vos \u00e9quipes permet d\u2019identifier les attentes sp\u00e9cifiques de vos collaborateurs, qu\u2019il s\u2019agisse d\u2019espaces calmes ou collaboratifs<strong>.<\/strong> Un sondage interne peut vous guider dans vos choix.<\/li>\n<\/ul>\n<ul>\n<li><strong>Cr\u00e9er un design ergonomique et convivial sur mesure : <\/strong>gr\u00e2ce \u00e0 nos plans 3D, nous vous proposons une visualisation r\u00e9aliste de votre future caf\u00e9t\u00e9ria. Mobilier ergonomique, circulation fluide, mat\u00e9riaux durables et d\u00e9coration coh\u00e9rente avec votre identit\u00e9 d\u2019entreprise sont au c\u0153ur de nos propositions.<\/li>\n<\/ul>\n<ul>\n<li><strong>Proposer des \u00e9quipements adapt\u00e9s : <\/strong>des micro-ondes, des r\u00e9frig\u00e9rateurs, des distributeurs automatiques de snacks sains et des zones de libre-service sont essentiels. Pour aller plus loin, ajoutez des stations de recharge pour appareils \u00e9lectroniques ou des coins de travail d\u00e9tendus.<\/li>\n<\/ul>\n<ul>\n<li><strong>Coordination compl\u00e8te des travaux : <\/strong>nous prenons en charge la gestion de projet de A \u00e0 Z, incluant l\u2019installation de cloisons acoustiques, l\u2019am\u00e9nagement des \u00e9clairages et la s\u00e9lection du mobilier. Notre \u00e9quipe s\u2019assure que chaque \u00e9tape, de la s\u00e9lection des mat\u00e9riaux \u00e0 l\u2019installation finale, respecte vos contraintes budg\u00e9taires, tout en garantissant des r\u00e9sultats de qualit\u00e9.<\/li>\n<\/ul>\n<p>L\u2019am\u00e9nagement de votre caf\u00e9t\u00e9ria s\u2019inscrit souvent dans une vision plus large de vos locaux. Chez Burama, nous veillons \u00e0 ce que chaque espace \u2014 qu\u2019il s\u2019agisse de bureaux, de salles de r\u00e9union ou d\u2019espaces collaboratifs \u2014 soit coh\u00e9rent avec votre culture d\u2019entreprise et vos objectifs.<\/p>\n<\/div><div class=\"acf-block__link section__link my-3 position-relative\"><svg class=\"me-2\" id=\"Groupe_2717\" data-name=\"Groupe 2717\" xmlns=\"http:\/\/www.w3.org\/2000\/svg\" width=\"22.034\" height=\"20.751\" viewBox=\"0 0 22.034 20.751\">\n        <ellipse id=\"Ellipse_49\" data-name=\"Ellipse 49\" cx=\"11.017\" cy=\"10.376\" rx=\"11.017\" ry=\"10.376\" transform=\"translate(0)\" fill=\"#7a9b8e\"\/>\n        <path id=\"Icon_ionic-ios-arrow-forward\" data-name=\"Icon ionic-ios-arrow-forward\" d=\"M14.644,10.2,11.425,7.171a.547.547,0,0,1,0-.808.64.64,0,0,1,.861,0l3.647,3.432a.548.548,0,0,1,.018.789l-3.662,3.456a.639.639,0,0,1-.861,0,.547.547,0,0,1,0-.808Z\" transform=\"translate(-2.55 0.474)\" fill=\"#fff\"\/>\n    <\/svg><a href=\"https:\/\/burama.be\/fr\/contact\/\" target=\"\" title=\"Contactez-nous\" class=\"section__link\">Contactez-nous<\/a><\/div><\/div>\n                <div class=\"col-lg-6 ps-lg-0\"><div class='section__wrapper_image  has_shadow'><div class='section__bg'><\/div><div class=\"section__image image__landscape\"><img loading=\"lazy\" decoding=\"async\" width=\"668\" height=\"400\" src=\"https:\/\/burama.be\/app\/uploads\/2023\/04\/les-cuisines-dentreprises.jpg\" class=\"w-100\" alt=\"\" srcset=\"https:\/\/burama.be\/app\/uploads\/2023\/04\/les-cuisines-dentreprises.jpg 668w, https:\/\/burama.be\/app\/uploads\/2023\/04\/les-cuisines-dentreprises-300x180.jpg 300w\" sizes=\"auto, (max-width: 668px) 100vw, 668px\" \/><\/div> <\/div><\/div>\n            <\/div>\n        <\/div>\n    <\/div>\n<\/div>\n\n<div class=\"acf-block acf-block-paragraph\" data-aos=\"fade-up\" data-aos-anchor-placement=\"top-bottom\">\n    <div class=\"container-fluid\">\n        <div class=\"content-container\">\n            <div class=\"row\">\n                <div class=\"col-lg-12 col-with-space\"><div class=\"section__content\"><p><span id=\"idees-originales\"><\/span>&nbsp;<\/p>\n<h2>Des id\u00e9es pour rendre la caf\u00e9t\u00e9ria unique<\/h2>\n<p>La caf\u00e9t\u00e9ria d\u2019entreprise est un espace strat\u00e9gique qui peut refl\u00e9ter vos valeurs, renforcer votre identit\u00e9 de marque et devenir un v\u00e9ritable moteur de convivialit\u00e9 et de cr\u00e9ativit\u00e9. En y ajoutant des touches personnalis\u00e9es, des fonctionnalit\u00e9s innovantes et des pratiques responsables, votre caf\u00e9t\u00e9ria peut se transformer en un lieu o\u00f9 bien-\u00eatre, productivit\u00e9 et engagement se rencontrent. D\u00e9couvrez comment faire de cet espace un v\u00e9ritable atout pour votre entreprise.<\/p>\n<\/div><\/div>\n                <div class=\"d-none\"><\/div>\n            <\/div>\n        <\/div>\n    <\/div>\n<\/div>\n\n<div class=\"acf-block core-block-paragraph\" data-aos=\"fade-up\">\n    <div class=\"container-fluid\">\n        \n<p><\/p>\n    <\/div>\n<\/div>\n\n<div class=\"acf-block acf-block-paragraph\" data-aos=\"fade-up\" data-aos-anchor-placement=\"top-bottom\">\n    <div class=\"container-fluid\">\n        <div class=\"content-container\">\n            <div class=\"row\">\n                <div class=\"col-lg-5\"><div class=\"section__content\"><p><span id=\"confort-fonctionnalite\"><\/span><\/p>\n<h3>Une caf\u00e9t\u00e9ria \u00e0 l\u2019ambiance accueillante et inspirante.<\/h3>\n<p>L\u2019am\u00e9nagement d\u2019une caf\u00e9t\u00e9ria est aussi une occasion de renforcer l\u2019identit\u00e9 de votre marque. La palette de couleurs, les mat\u00e9riaux utilis\u00e9s et des \u00e9l\u00e9ments de d\u00e9coration comme votre logo ou des slogans contribuent \u00e0 f\u00e9d\u00e9rer les \u00e9quipes tout en valorisant votre image. Cet espace peut devenir un prolongement de vos bureaux, o\u00f9 l\u2019esth\u00e9tique rejoint l\u2019exp\u00e9rience utilisateur.<\/p>\n<p>Nous apportons une attention particuli\u00e8re \u00e0 la d\u00e9coration pour refl\u00e9ter vos valeurs et dynamiser l\u2019espace : plantes vertes, \u0153uvres d\u2019art, citations inspirantes ou clins d\u2019\u0153il \u00e0 votre identit\u00e9 visuelle, mais aussi des \u00e9l\u00e9ments qui refl\u00e8tent votre identit\u00e9 comme des \u0153uvres d\u2019art, des citations motivantes, ou encore des clins d\u2019\u0153il \u00e0 vos valeurs d\u2019entreprise.<\/p>\n<\/div><\/div>\n                <div class=\"col-lg-7 ps-lg-0\"><div class='section__wrapper_image  has_shadow'><div class='section__bg'><\/div><div class=\"section__image image__landscape\"><img loading=\"lazy\" decoding=\"async\" width=\"2560\" height=\"1449\" src=\"https:\/\/burama.be\/app\/uploads\/2024\/09\/RADAR-Fauteuil-emmegi.jpg\" class=\"w-100\" alt=\"\" srcset=\"https:\/\/burama.be\/app\/uploads\/2024\/09\/RADAR-Fauteuil-emmegi.jpg 2560w, https:\/\/burama.be\/app\/uploads\/2024\/09\/RADAR-Fauteuil-emmegi-300x170.jpg 300w, https:\/\/burama.be\/app\/uploads\/2024\/09\/RADAR-Fauteuil-emmegi-1024x580.jpg 1024w, https:\/\/burama.be\/app\/uploads\/2024\/09\/RADAR-Fauteuil-emmegi-768x435.jpg 768w, https:\/\/burama.be\/app\/uploads\/2024\/09\/RADAR-Fauteuil-emmegi-1536x869.jpg 1536w, https:\/\/burama.be\/app\/uploads\/2024\/09\/RADAR-Fauteuil-emmegi-2048x1159.jpg 2048w\" sizes=\"auto, (max-width: 2560px) 100vw, 2560px\" \/><\/div> <\/div><\/div>\n            <\/div>\n        <\/div>\n    <\/div>\n<\/div>\n\n<div class=\"acf-block acf-block-paragraph\" data-aos=\"fade-up\" data-aos-anchor-placement=\"top-bottom\">\n    <div class=\"container-fluid\">\n        <div class=\"content-container\">\n            <div class=\"row layout-reversing\">\n                <div class=\"col-lg-6 pe-lg-0\"><div class='section__wrapper_image  has_shadow'><div class='section__bg'><\/div><div class=\"section__image image__landscape\"><img loading=\"lazy\" decoding=\"async\" width=\"1000\" height=\"515\" src=\"https:\/\/burama.be\/app\/uploads\/2024\/09\/PLATERO-ESPATTIO-POUF-tablette-laptop.jpg\" class=\"w-100\" alt=\"\" srcset=\"https:\/\/burama.be\/app\/uploads\/2024\/09\/PLATERO-ESPATTIO-POUF-tablette-laptop.jpg 1000w, https:\/\/burama.be\/app\/uploads\/2024\/09\/PLATERO-ESPATTIO-POUF-tablette-laptop-300x155.jpg 300w, https:\/\/burama.be\/app\/uploads\/2024\/09\/PLATERO-ESPATTIO-POUF-tablette-laptop-768x396.jpg 768w\" sizes=\"auto, (max-width: 1000px) 100vw, 1000px\" \/><\/div> <\/div><\/div>\n                <div class=\"col-lg-6\"><div class=\"section__content\"><h3><\/h3>\n<h3>Cr\u00e9er un espace multifonctionnel lors de l\u2019am\u00e9nagement de votre caf\u00e9taria d\u2019entreprise<\/h3>\n<p>Avec l\u2019\u00e9volution des m\u00e9thodes de travail, la caf\u00e9t\u00e9ria d\u00e9passe sa fonction initiale pour devenir un lieu multifonctionnel. Elle peut \u00eatre \u00e9quip\u00e9e d\u2019\u00e9l\u00e9ments qui favorisent \u00e0 la fois la collaboration et la d\u00e9tente, comme un baby-foot, des jeux vid\u00e9o ou des zones de discussion. Ces choix encouragent les interactions tout en offrant une vraie coupure, essentielle au bien-\u00eatre des \u00e9quipes.<\/p>\n<p>Ces initiatives renforcent la convivialit\u00e9 et attirent vos collaborateurs dans cet espace.<\/p>\n<\/div><\/div>\n            <\/div>\n        <\/div>\n    <\/div>\n<\/div>\n\n<div class=\"acf-block acf-block-paragraph\" data-aos=\"fade-up\" data-aos-anchor-placement=\"top-bottom\">\n    <div class=\"container-fluid\">\n        <div class=\"content-container\">\n            <div class=\"row\">\n                <div class=\"col-lg-6\"><div class=\"section__content\"><h3>Adopter une d\u00e9marche \u00e9coresponsable<\/h3>\n<p>Nous proposons, entre autres, du mobilier durable, de la vaisselle r\u00e9utilisable et des points de tri s\u00e9lectif. Ces actions, en plus d\u2019\u00eatre respectueuses de l\u2019environnement, valorisent l\u2019engagement de votre entreprise.<\/p>\n<\/div><\/div>\n                <div class=\"col-lg-6 ps-lg-0\"><div class='section__wrapper_image  has_shadow'><div class='section__bg'><\/div><div class=\"section__image image__portrait\"><img loading=\"lazy\" decoding=\"async\" width=\"500\" height=\"500\" src=\"https:\/\/burama.be\/app\/uploads\/2024\/09\/nest-chair-offices.jpg\" class=\"w-100\" alt=\"\" srcset=\"https:\/\/burama.be\/app\/uploads\/2024\/09\/nest-chair-offices.jpg 500w, https:\/\/burama.be\/app\/uploads\/2024\/09\/nest-chair-offices-300x300.jpg 300w, https:\/\/burama.be\/app\/uploads\/2024\/09\/nest-chair-offices-150x150.jpg 150w\" sizes=\"auto, (max-width: 500px) 100vw, 500px\" \/><\/div> <\/div><\/div>\n            <\/div>\n        <\/div>\n    <\/div>\n<\/div>\n\n<div class=\"acf-block acf-block-paragraph\" data-aos=\"fade-up\" data-aos-anchor-placement=\"top-bottom\">\n    <div class=\"container-fluid\">\n        <div class=\"content-container\">\n            <div class=\"row\">\n                <div class=\"col-lg-12 col-with-space\"><div class=\"acf-block__title section__surtitle\"><span id=\"acoustique-eclairage\"><\/span><\/div><h2 class=\"acf-block__title section__title my-3\">Confort et fonctionnalit\u00e9 au c\u0153ur de l\u2019espace<\/h2><div class=\"section__content\"><p>Pour offrir un espace o\u00f9 les collaborateurs aiment se retrouver, le mobilier doit \u00eatre \u00e0 la fois confortable et polyvalent. Une combinaison de tables de diff\u00e9rentes hauteurs, des assises confortables comme des fauteuils ou des canap\u00e9s ainsi que des plans de travail ergonomiques permettent de r\u00e9pondre \u00e0 des usages vari\u00e9s : pause-caf\u00e9, d\u00e9jeuner ou discussions informelles. Pour am\u00e9liorer l\u2019exp\u00e9rience, une zone de libre-service bien pens\u00e9e, avec des boissons chaudes, des fruits et des snacks, peut \u00e9galement \u00eatre int\u00e9gr\u00e9e.<\/p>\n<p><strong>Acoustique et \u00e9clairage : des \u00e9l\u00e9ments essentiels<\/strong><\/p>\n<p>L\u2019isolation sonore est cruciale pour pr\u00e9server le calme dans les bureaux environnants et offrir un confort optimal aux utilisateurs de la caf\u00e9t\u00e9ria. Des panneaux acoustiques discrets et efficaces peuvent \u00eatre int\u00e9gr\u00e9s, tout comme des cloisons modulables pour une flexibilit\u00e9 accrue. L\u2019\u00e9clairage, quant \u00e0 lui, joue un r\u00f4le d\u00e9terminant. Un m\u00e9lange de lumi\u00e8re naturelle, d\u2019\u00e9clairages indirects et de suspensions design cr\u00e9e une ambiance chaleureuse et fonctionnelle.<\/p>\n<div style=\"border: 2px solid #4e5b6a; padding: 20px; border-radius: 8px; background-color: #ffffff; max-width: 600px; margin: auto; text-align: center;\">\n<p><span style=\"text-decoration: underline;\"><span style=\"margin-top: 0px; font-weight: bold; color: #97b1a7; text-decoration: underline;\">En r\u00e9sum\u00e9<\/span><\/span><\/p>\n<p style=\"text-align: left;\">En travaillant avec Burama, vous b\u00e9n\u00e9ficiez d\u2019un <strong>accompagnement complet, de la conception \u00e0 la r\u00e9alisation, pour un espace qui refl\u00e8te vos valeurs et r\u00e9pond aux attentes de vos \u00e9quipes.<\/strong><\/p>\n<\/div>\n<p>&nbsp;<\/p>\n<p>&nbsp;<\/p>\n<\/div><\/div>\n                <div class=\"d-none\"><\/div>\n            <\/div>\n        <\/div>\n    <\/div>\n<\/div>\n\n    <div class=\"acf-block-call-to-action\" data-aos=\"fade-up\" data-aos-anchor-placement=\"top-bottom\">\n        <a href=\"https:\/\/burama.be\/fr\/contact\/\"\n                    class=\"cta__link\">\n            <div class=\"burama-lines\" style=\"overflow: hidden; top: 0; bottom: 0; left: 0; right: 0; position: absolute;\"><\/div>\n            <div class=\"container-fluid overflow-hidden\">\n                <div class=\"row main-cta-row position-relative py-5\">\n                    <div class=\"col-md-8 py-5\">\n                        <div class=\"burama-circle\"><\/div>\n                        <div class=\"px-5\">\n                                                            <p class=\"cta__surtitle\"><span id=\"accompagnement-burama\"><\/span><\/p>\n                                                    <\/div>\n    \n                                                    <h2 class=\"cta__title px-5\">Vous souhaitez un espace qui refl\u00e8te vos valeurs et favorise la convivialit\u00e9 entre vos collaborateurs ? <\/h2>\n                                                <div class=\"px-5\">\n                                                            <p class=\"cta__content\"><b>Que votre budget soit modeste ou ambitieux, nous vous proposons des solutions sur mesure pour r\u00e9pondre \u00e0 vos besoins sp\u00e9cifiques.\r\n\r\nContactez-nous d\u00e8s aujourd\u2019hui pour b\u00e9n\u00e9ficier d\u2019un accompagnement personnalis\u00e9, de l\u2019analyse de vos besoins jusqu\u2019\u00e0 la livraison finale. Transformez votre caf\u00e9t\u00e9ria en un v\u00e9ritable levier de motivation et d\u2019engagement pour vos \u00e9quipes. <\/b><\/p>\n                                                    <\/div>\n\n                    <\/div>\n\n                    <div class=\"col-md-3 d-none d-md-flex\">\n                        <div class=\"cta__btn\">\n                                <svg viewBox=\"0 0 100 100\" xmlns=\"http:\/\/www.w3.org\/2000\/svg\">\n        <circle id=\"circleCirclePath_69ef6d339a5b7\" class=\"bg\" cx=\"50\" cy=\"50\" r=\"50\" fill=\"#97b1a7\" \/>\n        <g transform=\"scale(0.78)\" transform-origin=\"50% 50%\">\n            <g transform=\"translate(-150 -395.733)\">\n                <path d=\"M217.874,104.078l-6.388-3.688a.509.509,0,0,0-.695.186l-2.34,4.053-23.452,40.621-.013.025a.517.517,0,0,0-.052.207l-.438,8.066-.4.7a.509.509,0,0,0,.881.509l.4-.7,6.669-4.4a.5.5,0,0,0,.222-.209l23.452-40.621,2.34-4.053A.509.509,0,0,0,217.874,104.078Zm-31.74,41.24,22.944-39.739,2.291,1.323-22.944,39.739Zm26.116-37.908,2.335,1.348L191.641,148.5l-2.335-1.348Zm-.832-5.885,5.507,3.18-1.832,3.172-5.507-3.18ZM185.559,152.706l.346-6.347,4.952,2.859Z\" transform=\"translate(0 319.987)\" fill=\"#fff\"\/>\n            <\/g>\n        <\/g>\n        <path id=\"circlePath_69ef6d339a5b7\" fill=\"none\" stroke-width=\"4\" opacity=\"0\" stroke=\"hsl(0 100% 50% \/ 0.5)\" d=\"\n            M 14 50\n            a 36,36 0 1,1 72,0\n            a 36,36 0 1,1 -72,0\n            \" \/>\n        <text id=\"text_circle_animation_69ef6d339a5b7\" class=\"text_circle_animation\" style=\"font-weight:400;font-size:7.3px;\" font-weight=\"bold\" fill=\"white\">\n            <textPath id=\"textPath_69ef6d339a5b7\" startOffset=\"15\" textLength=\"98.094px\" class=\"text-uppercase\" href=\"#circlePath_69ef6d339a5b7\">D\u00e9marrer un projet<\/textPath>\n            <textPath id=\"textPathOpposite_69ef6d339a5b7\" startOffset=\"128.094\" textLength=\"98.094px\" class=\"text-uppercase\" href=\"#circlePath_69ef6d339a5b7\">D\u00e9marrer un projet<\/textPath>\n        <\/text>\n    <\/svg>\n                            <\/div>\n                    <\/div>\n                <\/div>\n            <\/div>\n            <div class=\"container-fluid\">\n                <div class=\"row d-md-none text-center justify-content-end\">\n                    <div class=\"col-6 text-center\">\n                        <div class=\"w-100 position-relative\">\n                            <div class=\"position-absolute top-50 start-50 translate-middle cta__btn text-start m-0\">\n                                    <svg viewBox=\"0 0 100 100\" xmlns=\"http:\/\/www.w3.org\/2000\/svg\">\n        <circle id=\"circleCirclePath_69ef6d339b053\" class=\"bg\" cx=\"50\" cy=\"50\" r=\"50\" fill=\"#97b1a7\" \/>\n        <g transform=\"scale(0.78)\" transform-origin=\"50% 50%\">\n            <g transform=\"translate(-150 -395.733)\">\n                <path d=\"M217.874,104.078l-6.388-3.688a.509.509,0,0,0-.695.186l-2.34,4.053-23.452,40.621-.013.025a.517.517,0,0,0-.052.207l-.438,8.066-.4.7a.509.509,0,0,0,.881.509l.4-.7,6.669-4.4a.5.5,0,0,0,.222-.209l23.452-40.621,2.34-4.053A.509.509,0,0,0,217.874,104.078Zm-31.74,41.24,22.944-39.739,2.291,1.323-22.944,39.739Zm26.116-37.908,2.335,1.348L191.641,148.5l-2.335-1.348Zm-.832-5.885,5.507,3.18-1.832,3.172-5.507-3.18ZM185.559,152.706l.346-6.347,4.952,2.859Z\" transform=\"translate(0 319.987)\" fill=\"#fff\"\/>\n            <\/g>\n        <\/g>\n        <path id=\"circlePath_69ef6d339b053\" fill=\"none\" stroke-width=\"4\" opacity=\"0\" stroke=\"hsl(0 100% 50% \/ 0.5)\" d=\"\n            M 14 50\n            a 36,36 0 1,1 72,0\n            a 36,36 0 1,1 -72,0\n            \" \/>\n        <text id=\"text_circle_animation_69ef6d339b053\" class=\"text_circle_animation\" style=\"font-weight:400;font-size:7.3px;\" font-weight=\"bold\" fill=\"white\">\n            <textPath id=\"textPath_69ef6d339b053\" startOffset=\"15\" textLength=\"98.094px\" class=\"text-uppercase\" href=\"#circlePath_69ef6d339b053\">D\u00e9marrer un projet<\/textPath>\n            <textPath id=\"textPathOpposite_69ef6d339b053\" startOffset=\"128.094\" textLength=\"98.094px\" class=\"text-uppercase\" href=\"#circlePath_69ef6d339b053\">D\u00e9marrer un projet<\/textPath>\n        <\/text>\n    <\/svg>\n                                <\/div>\n                        <\/div>\n                    <\/div>\n                <\/div>\n            <\/div>\n        <\/a>\n    <\/div>\n\n<div class=\"acf-block acf-block-paragraph\" data-aos=\"fade-up\" data-aos-anchor-placement=\"top-bottom\">\n    <div class=\"container-fluid\">\n        <div class=\"content-container\">\n            <div class=\"row\">\n                <div class=\"col-lg-12 col-with-space\"><div class=\"section__content\"><p>Envie d&#8217;en savoir plus sur l&#8217;int\u00e9r\u00eat et le potentiel de l&#8217;am\u00e9nagement de votre espace professionnel ?<br \/>\nD\u00e9couvrez nos articles :<\/p>\n<ul>\n<li><a href=\"https:\/\/burama.be\/fr\/articles\/102-amenagement-bureau-professionnel\/\">Comment am\u00e9nager des bureaux professionnels ?\u00a0<\/a><\/li>\n<li><a href=\"https:\/\/burama.be\/fr\/amenagement-espace-de-travail\/\">Am\u00e9nager votre espace de travail : une cl\u00e9 pour le bien-\u00eatre de vos employ\u00e9s<\/a><\/li>\n<li><a href=\"https:\/\/burama.be\/fr\/articles\/105-menagement-espace-coworking\/\">Am\u00e9nagement d&#8217;un espace de coworking\u00a0<\/a><\/li>\n<li><a href=\"https:\/\/burama.be\/fr\/articles\/103-amenagement-cabinet-dentaire\/\">Am\u00e9nagement cabinet dentaire par Burama<\/a><\/li>\n<\/ul>\n<\/div><\/div>\n                <div class=\"d-none\"><\/div>\n            <\/div>\n        <\/div>\n    <\/div>\n<\/div>\n","protected":false},"excerpt":{"rendered":"","protected":false},"author":1,"featured_media":0,"parent":0,"menu_order":0,"comment_status":"closed","ping_status":"closed","template":"","meta":{"_acf_changed":false,"footnotes":""},"class_list":["post-44626","page","type-page","status-publish","hentry"],"acf":[],"yoast_head":"<!-- This site is optimized with the Yoast SEO plugin v26.9 - https:\/\/yoast.com\/product\/yoast-seo-wordpress\/ -->\n<title>Am\u00e9nagement d\u2019une caf\u00e9t\u00e9ria d\u2019entreprise<\/title>\n<meta name=\"description\" content=\"Convivialit\u00e9, d\u00e9tente, marque employeur : une caf\u00e9t\u00e9ria d&#039;entreprise bien con\u00e7ue fait la diff\u00e9rence. D\u00e9couvrez les normes belges, les \u00e9tapes cl\u00e9s et l&#039;approche sur mesure de Burama.\" \/>\n<meta name=\"robots\" content=\"index, follow, max-snippet:-1, max-image-preview:large, max-video-preview:-1\" \/>\n<link rel=\"canonical\" href=\"https:\/\/burama.be\/fr\/amenagement-cafeteria-dentreprise\/\" \/>\n<meta property=\"og:type\" content=\"article\" \/>\n<meta property=\"og:title\" content=\"Am\u00e9nagement d\u2019une caf\u00e9t\u00e9ria d\u2019entreprise\" \/>\n<meta property=\"og:description\" content=\"Convivialit\u00e9, d\u00e9tente, marque employeur : une caf\u00e9t\u00e9ria d&#039;entreprise bien con\u00e7ue fait la diff\u00e9rence. D\u00e9couvrez les normes belges, les \u00e9tapes cl\u00e9s et l&#039;approche sur mesure de Burama.\" \/>\n<meta property=\"og:url\" content=\"https:\/\/burama.be\/fr\/amenagement-cafeteria-dentreprise\/\" \/>\n<meta property=\"og:site_name\" content=\"Burama\" \/>\n<meta property=\"article:publisher\" content=\"https:\/\/www.facebook.com\/buramafurniture\" \/>\n<meta property=\"article:modified_time\" content=\"2026-03-17T13:19:38+00:00\" \/>\n<meta name=\"twitter:card\" content=\"summary_large_image\" \/>\n<script type=\"application\/ld+json\" class=\"yoast-schema-graph\">{\"@context\":\"https:\/\/schema.org\",\"@graph\":[{\"@type\":\"WebPage\",\"@id\":\"https:\/\/burama.be\/fr\/amenagement-cafeteria-dentreprise\/\",\"url\":\"https:\/\/burama.be\/fr\/amenagement-cafeteria-dentreprise\/\",\"name\":\"Am\u00e9nagement d\u2019une caf\u00e9t\u00e9ria d\u2019entreprise\",\"isPartOf\":{\"@id\":\"https:\/\/burama.be\/fr\/#website\"},\"datePublished\":\"2025-04-15T09:47:15+00:00\",\"dateModified\":\"2026-03-17T13:19:38+00:00\",\"description\":\"Convivialit\u00e9, d\u00e9tente, marque employeur : une caf\u00e9t\u00e9ria d'entreprise bien con\u00e7ue fait la diff\u00e9rence. D\u00e9couvrez les normes belges, les \u00e9tapes cl\u00e9s et l'approche sur mesure de Burama.\",\"breadcrumb\":{\"@id\":\"https:\/\/burama.be\/fr\/amenagement-cafeteria-dentreprise\/#breadcrumb\"},\"inLanguage\":\"fr-FR\",\"potentialAction\":[{\"@type\":\"ReadAction\",\"target\":[\"https:\/\/burama.be\/fr\/amenagement-cafeteria-dentreprise\/\"]}]},{\"@type\":\"BreadcrumbList\",\"@id\":\"https:\/\/burama.be\/fr\/amenagement-cafeteria-dentreprise\/#breadcrumb\",\"itemListElement\":[{\"@type\":\"ListItem\",\"position\":1,\"name\":\"Home\",\"item\":\"https:\/\/burama.be\/fr\/\"},{\"@type\":\"ListItem\",\"position\":2,\"name\":\"Am\u00e9nagement d\u2019une caf\u00e9t\u00e9ria d\u2019entreprise : un levier pour le bien-\u00eatre et la productivit\u00e9\"}]},{\"@type\":\"WebSite\",\"@id\":\"https:\/\/burama.be\/fr\/#website\",\"url\":\"https:\/\/burama.be\/fr\/\",\"name\":\"Burama\",\"description\":\"Improving your workspace\",\"publisher\":{\"@id\":\"https:\/\/burama.be\/fr\/#organization\"},\"potentialAction\":[{\"@type\":\"SearchAction\",\"target\":{\"@type\":\"EntryPoint\",\"urlTemplate\":\"https:\/\/burama.be\/fr\/?s={search_term_string}\"},\"query-input\":{\"@type\":\"PropertyValueSpecification\",\"valueRequired\":true,\"valueName\":\"search_term_string\"}}],\"inLanguage\":\"fr-FR\"},{\"@type\":\"Organization\",\"@id\":\"https:\/\/burama.be\/fr\/#organization\",\"name\":\"Burama\",\"url\":\"https:\/\/burama.be\/fr\/\",\"logo\":{\"@type\":\"ImageObject\",\"inLanguage\":\"fr-FR\",\"@id\":\"https:\/\/burama.be\/fr\/#\/schema\/logo\/image\/\",\"url\":\"https:\/\/burama.be\/app\/uploads\/2023\/02\/burama-logo-footer.svg\",\"contentUrl\":\"https:\/\/burama.be\/app\/uploads\/2023\/02\/burama-logo-footer.svg\",\"width\":1,\"height\":1,\"caption\":\"Burama\"},\"image\":{\"@id\":\"https:\/\/burama.be\/fr\/#\/schema\/logo\/image\/\"},\"sameAs\":[\"https:\/\/www.facebook.com\/buramafurniture\",\"https:\/\/be.linkedin.com\/company\/burama-be\",\"https:\/\/www.instagram.com\/burama.be\"]}]}<\/script>\n<!-- \/ Yoast SEO plugin. -->","yoast_head_json":{"title":"Am\u00e9nagement d\u2019une caf\u00e9t\u00e9ria d\u2019entreprise","description":"Convivialit\u00e9, d\u00e9tente, marque employeur : une caf\u00e9t\u00e9ria d'entreprise bien con\u00e7ue fait la diff\u00e9rence. D\u00e9couvrez les normes belges, les \u00e9tapes cl\u00e9s et l'approche sur mesure de Burama.","robots":{"index":"index","follow":"follow","max-snippet":"max-snippet:-1","max-image-preview":"max-image-preview:large","max-video-preview":"max-video-preview:-1"},"canonical":"https:\/\/burama.be\/fr\/amenagement-cafeteria-dentreprise\/","og_type":"article","og_title":"Am\u00e9nagement d\u2019une caf\u00e9t\u00e9ria d\u2019entreprise","og_description":"Convivialit\u00e9, d\u00e9tente, marque employeur : une caf\u00e9t\u00e9ria d'entreprise bien con\u00e7ue fait la diff\u00e9rence. D\u00e9couvrez les normes belges, les \u00e9tapes cl\u00e9s et l'approche sur mesure de Burama.","og_url":"https:\/\/burama.be\/fr\/amenagement-cafeteria-dentreprise\/","og_site_name":"Burama","article_publisher":"https:\/\/www.facebook.com\/buramafurniture","article_modified_time":"2026-03-17T13:19:38+00:00","twitter_card":"summary_large_image","schema":{"@context":"https:\/\/schema.org","@graph":[{"@type":"WebPage","@id":"https:\/\/burama.be\/fr\/amenagement-cafeteria-dentreprise\/","url":"https:\/\/burama.be\/fr\/amenagement-cafeteria-dentreprise\/","name":"Am\u00e9nagement d\u2019une caf\u00e9t\u00e9ria d\u2019entreprise","isPartOf":{"@id":"https:\/\/burama.be\/fr\/#website"},"datePublished":"2025-04-15T09:47:15+00:00","dateModified":"2026-03-17T13:19:38+00:00","description":"Convivialit\u00e9, d\u00e9tente, marque employeur : une caf\u00e9t\u00e9ria d'entreprise bien con\u00e7ue fait la diff\u00e9rence. D\u00e9couvrez les normes belges, les \u00e9tapes cl\u00e9s et l'approche sur mesure de Burama.","breadcrumb":{"@id":"https:\/\/burama.be\/fr\/amenagement-cafeteria-dentreprise\/#breadcrumb"},"inLanguage":"fr-FR","potentialAction":[{"@type":"ReadAction","target":["https:\/\/burama.be\/fr\/amenagement-cafeteria-dentreprise\/"]}]},{"@type":"BreadcrumbList","@id":"https:\/\/burama.be\/fr\/amenagement-cafeteria-dentreprise\/#breadcrumb","itemListElement":[{"@type":"ListItem","position":1,"name":"Home","item":"https:\/\/burama.be\/fr\/"},{"@type":"ListItem","position":2,"name":"Am\u00e9nagement d\u2019une caf\u00e9t\u00e9ria d\u2019entreprise : un levier pour le bien-\u00eatre et la productivit\u00e9"}]},{"@type":"WebSite","@id":"https:\/\/burama.be\/fr\/#website","url":"https:\/\/burama.be\/fr\/","name":"Burama","description":"Improving your workspace","publisher":{"@id":"https:\/\/burama.be\/fr\/#organization"},"potentialAction":[{"@type":"SearchAction","target":{"@type":"EntryPoint","urlTemplate":"https:\/\/burama.be\/fr\/?s={search_term_string}"},"query-input":{"@type":"PropertyValueSpecification","valueRequired":true,"valueName":"search_term_string"}}],"inLanguage":"fr-FR"},{"@type":"Organization","@id":"https:\/\/burama.be\/fr\/#organization","name":"Burama","url":"https:\/\/burama.be\/fr\/","logo":{"@type":"ImageObject","inLanguage":"fr-FR","@id":"https:\/\/burama.be\/fr\/#\/schema\/logo\/image\/","url":"https:\/\/burama.be\/app\/uploads\/2023\/02\/burama-logo-footer.svg","contentUrl":"https:\/\/burama.be\/app\/uploads\/2023\/02\/burama-logo-footer.svg","width":1,"height":1,"caption":"Burama"},"image":{"@id":"https:\/\/burama.be\/fr\/#\/schema\/logo\/image\/"},"sameAs":["https:\/\/www.facebook.com\/buramafurniture","https:\/\/be.linkedin.com\/company\/burama-be","https:\/\/www.instagram.com\/burama.be"]}]}},"_links":{"self":[{"href":"https:\/\/burama.be\/fr\/wp-json\/wp\/v2\/pages\/44626","targetHints":{"allow":["GET"]}}],"collection":[{"href":"https:\/\/burama.be\/fr\/wp-json\/wp\/v2\/pages"}],"about":[{"href":"https:\/\/burama.be\/fr\/wp-json\/wp\/v2\/types\/page"}],"author":[{"embeddable":true,"href":"https:\/\/burama.be\/fr\/wp-json\/wp\/v2\/users\/1"}],"replies":[{"embeddable":true,"href":"https:\/\/burama.be\/fr\/wp-json\/wp\/v2\/comments?post=44626"}],"version-history":[{"count":25,"href":"https:\/\/burama.be\/fr\/wp-json\/wp\/v2\/pages\/44626\/revisions"}],"predecessor-version":[{"id":45524,"href":"https:\/\/burama.be\/fr\/wp-json\/wp\/v2\/pages\/44626\/revisions\/45524"}],"wp:attachment":[{"href":"https:\/\/burama.be\/fr\/wp-json\/wp\/v2\/media?parent=44626"}],"curies":[{"name":"wp","href":"https:\/\/api.w.org\/{rel}","templated":true}]}}