{"id":31194,"date":"2023-09-05T13:01:30","date_gmt":"2023-09-05T11:01:30","guid":{"rendered":"https:\/\/burama.be\/?post_type=seopage&#038;p=31194"},"modified":"2025-10-14T08:46:06","modified_gmt":"2025-10-14T06:46:06","slug":"29-amenagement-open-space-entreprise","status":"publish","type":"seopage","link":"https:\/\/burama.be\/fr\/articles\/29-amenagement-open-space-entreprise\/","title":{"rendered":"Am\u00e9nagement open space entreprise"},"content":{"rendered":"\n<div class=\"acf-block core-block-paragraph\" data-aos=\"fade-up\">\n    <div class=\"container-fluid\">\n        \n<p><\/p>\n    <\/div>\n<\/div>\n\n<div class=\"acf-block acf-block-paragraph\" data-aos=\"fade-up\" data-aos-anchor-placement=\"top-bottom\">\n    <div class=\"container-fluid\">\n        <div class=\"content-container\">\n            <div class=\"row layout-reversing\">\n                <div class=\"col-lg-6 pe-lg-0\"><div class='section__wrapper_image  has_shadow'><div class='section__bg'><\/div><div class=\"section__image image__landscape\"><img loading=\"lazy\" decoding=\"async\" width=\"675\" height=\"553\" src=\"https:\/\/burama.be\/app\/uploads\/2023\/12\/8-TUBE.png\" class=\"w-100\" alt=\"\" srcset=\"https:\/\/burama.be\/app\/uploads\/2023\/12\/8-TUBE.png 675w, https:\/\/burama.be\/app\/uploads\/2023\/12\/8-TUBE-300x246.png 300w\" sizes=\"auto, (max-width: 675px) 100vw, 675px\" \/><\/div> <\/div><\/div>\n                <div class=\"col-lg-6\"><div class=\"acf-block__title section__surtitle\">Am\u00e9nagement open space entreprise <\/div><h1 class=\"section__title\">L\u2019am\u00e9nagement d\u2019un open space en entreprise : efficacit\u00e9, convivialit\u00e9 et confort <\/h1><div class=\"section__content\"><p><span class=\"TextRun SCXW167154015 BCX0\" lang=\"FR-BE\" xml:lang=\"FR-BE\" data-contrast=\"auto\"><span class=\"NormalTextRun SCXW167154015 BCX0\">L\u2019open <\/span><span class=\"NormalTextRun SpellingErrorV2Themed SCXW167154015 BCX0\">space<\/span><span class=\"NormalTextRun SCXW167154015 BCX0\">, ou espace de travail d\u00e9cloisonn\u00e9, est devenu une configuration incontournable pour de nombreuses entreprises modernes. Offrant un environnement propice \u00e0 la collaboration et au partage, ce type d\u2019am\u00e9nagement pr\u00e9sente de nombreux avantages<\/span><span class=\"NormalTextRun SCXW167154015 BCX0\">,<\/span><span class=\"NormalTextRun SCXW167154015 BCX0\"> mais n\u00e9cessite une conception minutieuse pour en optimiser l\u2019utilisation et le confort des collaborateurs. Chez Burama, nous mettons notre expertise \u00e0 votre service pour transformer vos espaces ouverts en v\u00e9ritables leviers de productivit\u00e9 et de bien-\u00eatre.<\/span><\/span><span class=\"EOP SCXW167154015 BCX0\" data-ccp-props=\"{}\">\u00a0<\/span><\/p>\n<h2 aria-level=\"2\"><span data-contrast=\"none\">Les avantages d\u2019un open space pour les entreprises modernes<\/span><span data-ccp-props=\"{&quot;134245418&quot;:true,&quot;134245529&quot;:true,&quot;335559738&quot;:160,&quot;335559739&quot;:80}\">\u00a0<\/span><\/h2>\n<p><span data-contrast=\"auto\">L\u2019open space, c\u2019est bien plus qu\u2019un choix d\u2019am\u00e9nagement : c\u2019est une strat\u00e9gie pour moderniser les espaces de travail, renforcer la collaboration et optimiser les ressources de l\u2019entreprise. Voici pourquoi cette configuration s\u00e9duit de plus en plus de structures :<\/span><span data-ccp-props=\"{}\">\u00a0<\/span><\/p>\n<ol>\n<li data-leveltext=\"%1.\" data-font=\"\" data-listid=\"1\" data-list-defn-props=\"{&quot;335552541&quot;:0,&quot;335559685&quot;:720,&quot;335559991&quot;:360,&quot;469769242&quot;:[65533,0],&quot;469777803&quot;:&quot;left&quot;,&quot;469777804&quot;:&quot;%1.&quot;,&quot;469777815&quot;:&quot;multilevel&quot;}\" aria-setsize=\"-1\" data-aria-posinset=\"1\" data-aria-level=\"1\"><b><span data-contrast=\"auto\">Faciliter les \u00e9changes et la communication<\/span><\/b><span data-contrast=\"auto\"> : sans cloisons physiques, les interactions entre collaborateurs sont fluides et instantan\u00e9es, ce qui favorise le partage d\u2019id\u00e9es et une meilleure coordination des \u00e9quipes.<\/span><span data-ccp-props=\"{}\">\u00a0<\/span><\/li>\n<li data-leveltext=\"%1.\" data-font=\"\" data-listid=\"1\" data-list-defn-props=\"{&quot;335552541&quot;:0,&quot;335559685&quot;:720,&quot;335559991&quot;:360,&quot;469769242&quot;:[65533,0],&quot;469777803&quot;:&quot;left&quot;,&quot;469777804&quot;:&quot;%1.&quot;,&quot;469777815&quot;:&quot;multilevel&quot;}\" aria-setsize=\"-1\" data-aria-posinset=\"1\" data-aria-level=\"1\"><b><span data-contrast=\"auto\">Optimiser les espaces<\/span><\/b><span data-contrast=\"auto\"> : un open space permet d\u2019accueillir plus de postes de travail par m\u00e8tre carr\u00e9, r\u00e9duisant ainsi les co\u00fbts d\u2019am\u00e9nagement par rapport \u00e0 des bureaux cloisonn\u00e9s.<\/span><span data-ccp-props=\"{}\">\u00a0<\/span><\/li>\n<li data-leveltext=\"%1.\" data-font=\"\" data-listid=\"1\" data-list-defn-props=\"{&quot;335552541&quot;:0,&quot;335559685&quot;:720,&quot;335559991&quot;:360,&quot;469769242&quot;:[65533,0],&quot;469777803&quot;:&quot;left&quot;,&quot;469777804&quot;:&quot;%1.&quot;,&quot;469777815&quot;:&quot;multilevel&quot;}\" aria-setsize=\"-1\" data-aria-posinset=\"1\" data-aria-level=\"1\"><b><span data-contrast=\"auto\">Cr\u00e9er une dynamique d\u2019\u00e9quipe<\/span><\/b><span data-contrast=\"auto\"> : cet agencement encourage un esprit collectif et convivial, propice \u00e0 la motivation et \u00e0 l\u2019innovation.<\/span><span data-ccp-props=\"{}\">\u00a0<\/span><\/li>\n<\/ol>\n<\/div><div class=\"acf-block__link section__link my-3 position-relative\"><svg class=\"me-2\" id=\"Groupe_2717\" data-name=\"Groupe 2717\" xmlns=\"http:\/\/www.w3.org\/2000\/svg\" width=\"22.034\" height=\"20.751\" viewBox=\"0 0 22.034 20.751\">\n        <ellipse id=\"Ellipse_49\" data-name=\"Ellipse 49\" cx=\"11.017\" cy=\"10.376\" rx=\"11.017\" ry=\"10.376\" transform=\"translate(0)\" fill=\"#7a9b8e\"\/>\n        <path id=\"Icon_ionic-ios-arrow-forward\" data-name=\"Icon ionic-ios-arrow-forward\" d=\"M14.644,10.2,11.425,7.171a.547.547,0,0,1,0-.808.64.64,0,0,1,.861,0l3.647,3.432a.548.548,0,0,1,.018.789l-3.662,3.456a.639.639,0,0,1-.861,0,.547.547,0,0,1,0-.808Z\" transform=\"translate(-2.55 0.474)\" fill=\"#fff\"\/>\n    <\/svg><a href=\"https:\/\/burama.be\/fr\/a-propos\/\" target=\"\" title=\"Qui sommes-nous ?\" class=\"section__link\">Qui sommes-nous ?<\/a><\/div><\/div>\n            <\/div>\n        <\/div>\n    <\/div>\n<\/div>\n\n<div class=\"acf-block acf-block-paragraph\" data-aos=\"fade-up\" data-aos-anchor-placement=\"top-bottom\">\n    <div class=\"container-fluid\">\n        <div class=\"content-container\">\n            <div class=\"row\">\n                <div class=\"col-lg-8 col-with-space\"><h2 class=\"acf-block__title section__title my-3\"><p>Sommaire<\/p><\/h2><div class=\"section__content\"><ul>\n<li><a href=\"#defis-open-space\">Les d\u00e9fis \u00e0 relever lors de l\u2019am\u00e9nagement d\u2019open space<\/a><\/li>\n<li><a href=\"#reussir-amenagement-open-space\">Comment r\u00e9ussir l\u2019am\u00e9nagement d\u2019un open space ?<\/a><\/li>\n<li><a href=\"#tendances-amenagement-open-space\">Les tendances de l\u2019am\u00e9nagement d\u2019un open-space d\u2019entreprise<\/a><\/li>\n<li><a href=\"#bien-etre-collaborateurs\">Mettre le bien-\u00eatre des collaborateurs au c\u0153ur de l\u2019am\u00e9nagement<\/a><\/li>\n<li><a href=\"#open-space-ambitions\">Un open space \u00e0 la hauteur de vos ambitions<\/a><\/li>\n<\/ul>\n<\/div><\/div>\n                <div class=\"d-none\"><\/div>\n            <\/div>\n        <\/div>\n    <\/div>\n<\/div>\n\n<div class=\"acf-block acf-block-paragraph\" data-aos=\"fade-up\" data-aos-anchor-placement=\"top-bottom\">\n    <div class=\"container-fluid\">\n        <div class=\"content-container\">\n            <div class=\"row\">\n                <div class=\"col-lg-6\"><div class=\"acf-block__title section__surtitle\"><p><\/p><\/div><h2 class=\"acf-block__title section__title my-3\"><h2 id=\"defis-open-space\">Les d\u00e9fis \u00e0 relever lors de l\u2019am\u00e9nagement d\u2019open space<\/h2><\/h2><div class=\"section__content\"><p><span data-contrast=\"auto\">Malgr\u00e9 ses avantages, l\u2019open space pr\u00e9sente des contraintes comme le bruit, le manque d\u2019intimit\u00e9 ou encore de personnalisation. Ces points peuvent cependant \u00eatre att\u00e9nu\u00e9s gr\u00e2ce \u00e0 des solutions adapt\u00e9es.<\/span><span data-ccp-props=\"{}\">\u00a0<\/span><\/p>\n<ul>\n<li data-leveltext=\"\uf0b7\" data-font=\"Symbol\" data-listid=\"2\" data-list-defn-props=\"{&quot;335552541&quot;:1,&quot;335559685&quot;:720,&quot;335559991&quot;:360,&quot;469769226&quot;:&quot;Symbol&quot;,&quot;469769242&quot;:[8226],&quot;469777803&quot;:&quot;left&quot;,&quot;469777804&quot;:&quot;\uf0b7&quot;,&quot;469777815&quot;:&quot;multilevel&quot;}\" aria-setsize=\"-1\" data-aria-posinset=\"1\" data-aria-level=\"1\"><b><span data-contrast=\"auto\">D\u00e9limitation des espaces\u202f<\/span><\/b> : d<span data-contrast=\"auto\">eux critiques soulev\u00e9es fr\u00e9quemment, tant par les employ\u00e9s que par les managers, sont les sentiments de surveillance constante et le manque d\u2019intimit\u00e9 dans ces espaces ouverts. Pour r\u00e9pondre \u00e0 ces probl\u00e9matiques, l\u2019installation de cloisons acoustiques modulables permet de r\u00e9duire le bruit et de pr\u00e9server l\u2019intimit\u00e9 visuelle. Des armoires de rangement peuvent \u00e9galement servir \u00e0 structurer l\u2019espace tout en apportant du rangement et en favorisant une ambiance lumineuse et fluide.<\/span><span data-ccp-props=\"{}\">\u00a0<\/span><\/li>\n<\/ul>\n<ul>\n<li data-leveltext=\"\uf0b7\" data-font=\"Symbol\" data-listid=\"2\" data-list-defn-props=\"{&quot;335552541&quot;:1,&quot;335559685&quot;:720,&quot;335559991&quot;:360,&quot;469769226&quot;:&quot;Symbol&quot;,&quot;469769242&quot;:[8226],&quot;469777803&quot;:&quot;left&quot;,&quot;469777804&quot;:&quot;\uf0b7&quot;,&quot;469777815&quot;:&quot;multilevel&quot;}\" aria-setsize=\"-1\" data-aria-posinset=\"2\" data-aria-level=\"1\"><b><span data-contrast=\"auto\">Am\u00e9lioration de l\u2019acoustique<\/span><\/b> : l<span data-contrast=\"auto\">a plus grande source de frustration et de d\u00e9sillusions est le brouhaha ambiant. Mal con\u00e7u, l\u2019open space devient source de stress, de troubles de l\u2019attention et, in fine, de baisse de productivit\u00e9. Panneaux acoustiques, phonebooth ou cabines acoustiques permettent de r\u00e9duire les nuisances sonores.<\/span><span data-ccp-props=\"{}\">\u00a0<\/span><\/li>\n<li data-leveltext=\"\uf0b7\" data-font=\"Symbol\" data-listid=\"2\" data-list-defn-props=\"{&quot;335552541&quot;:1,&quot;335559685&quot;:720,&quot;335559991&quot;:360,&quot;469769226&quot;:&quot;Symbol&quot;,&quot;469769242&quot;:[8226],&quot;469777803&quot;:&quot;left&quot;,&quot;469777804&quot;:&quot;\uf0b7&quot;,&quot;469777815&quot;:&quot;multilevel&quot;}\" aria-setsize=\"-1\" data-aria-posinset=\"2\" data-aria-level=\"1\"><b><span data-contrast=\"auto\">Zones d\u00e9di\u00e9es<\/span><\/b>\u00a0 : i<span data-contrast=\"auto\">nt\u00e9grer des espaces informels de r\u00e9union, des coins d\u00e9tente ou des zones de concentration renforce le confort des collaborateurs.<\/span><span data-ccp-props=\"{}\">\u00a0<\/span><\/li>\n<\/ul>\n<ul>\n<li data-leveltext=\"\uf0b7\" data-font=\"Symbol\" data-listid=\"2\" data-list-defn-props=\"{&quot;335552541&quot;:1,&quot;335559685&quot;:720,&quot;335559991&quot;:360,&quot;469769226&quot;:&quot;Symbol&quot;,&quot;469769242&quot;:[8226],&quot;469777803&quot;:&quot;left&quot;,&quot;469777804&quot;:&quot;\uf0b7&quot;,&quot;469777815&quot;:&quot;multilevel&quot;}\" aria-setsize=\"-1\" data-aria-posinset=\"3\" data-aria-level=\"1\"><strong><span class=\"TextRun SCXW102434893 BCX0\" lang=\"FR-BE\" xml:lang=\"FR-BE\" data-contrast=\"auto\"><span class=\"NormalTextRun SCXW102434893 BCX0\">Booster le sentiment d\u2019appartenance<\/span><\/span><\/strong><span class=\"LineBreakBlob BlobObject DragDrop SCXW102434893 BCX0\"><span class=\"SCXW102434893 BCX0\"> : c<\/span><\/span><span class=\"TextRun SCXW102434893 BCX0\" lang=\"FR-BE\" xml:lang=\"FR-BE\" data-contrast=\"auto\"><span class=\"NormalTextRun SCXW102434893 BCX0\">ertains bureaux paysagers ont pouss\u00e9 le curseur encore plus loin. Le ph\u00e9nom<\/span><span class=\"NormalTextRun SCXW102434893 BCX0\">\u00e8<\/span><span class=\"NormalTextRun SCXW102434893 BCX0\">ne \u00ab\u202fhot <\/span><span class=\"NormalTextRun SpellingErrorV2Themed SCXW102434893 BCX0\">desking<\/span><span class=\"NormalTextRun SCXW102434893 BCX0\">\u202f\u00bb <\/span><span class=\"NormalTextRun SCXW102434893 BCX0\">d\u00e9signe le fait de ne <\/span><span class=\"NormalTextRun SCXW102434893 BCX0\">plus attribuer<\/span> <span class=\"NormalTextRun SCXW102434893 BCX0\">un bureau \u00e0 une personne <\/span><span class=\"NormalTextRun SCXW102434893 BCX0\">pr\u00e9cise<\/span><span class=\"NormalTextRun SCXW102434893 BCX0\">. Cette aseptisation du bureau provoque de vives r\u00e9actions. <\/span><span class=\"NormalTextRun SCXW102434893 BCX0\">Pour limiter les effets n\u00e9gatifs du \u00ab hot <\/span><span class=\"NormalTextRun SpellingErrorV2Themed SCXW102434893 BCX0\">desking<\/span><span class=\"NormalTextRun SCXW102434893 BCX0\"> \u00bb, une solution est de proposer des casiers individuels pour pr\u00e9server le sentiment d\u2019appartenance. L\u2019ajout de zones chaleureuses, comme des espaces d\u00e9tente ou des \u00e9l\u00e9ments d\u00e9coratifs, humanise l\u2019espace. Cette approche s&#8217;inscrit dans les <\/span><\/span><a class=\"Hyperlink HyperlinkGateOff SCXW102434893 BCX0\" href=\"https:\/\/burama.be\/fr\/categorie_produit\/new-ways-of-working\/nwow-les-nouvelles-facons-de-travailler\/\" target=\"_blank\" rel=\"noreferrer noopener\"><span class=\"TextRun Underlined UnderlinedGateOff SCXW102434893 BCX0\" lang=\"FR-BE\" xml:lang=\"FR-BE\" data-contrast=\"none\"><span class=\"NormalTextRun SCXW102434893 BCX0\" data-ccp-charstyle=\"Hyperlink\">NWOW<\/span><\/span><\/a><span class=\"TextRun SCXW102434893 BCX0\" lang=\"FR-BE\" xml:lang=\"FR-BE\" data-contrast=\"auto\"><span class=\"NormalTextRun SCXW102434893 BCX0\"> (New <\/span><span class=\"NormalTextRun SpellingErrorV2Themed SCXW102434893 BCX0\">Ways<\/span><span class=\"NormalTextRun SCXW102434893 BCX0\"> of <\/span><span class=\"NormalTextRun SpellingErrorV2Themed SCXW102434893 BCX0\">Working<\/span><span class=\"NormalTextRun SCXW102434893 BCX0\">), qui visent \u00e0 adapter les bureaux \u00e0 la flexibilit\u00e9 et aux besoins vari\u00e9s des collaborateurs.<\/span><\/span><span class=\"EOP SCXW102434893 BCX0\" data-ccp-props=\"{}\">\u00a0<\/span><\/li>\n<\/ul>\n<\/div><\/div>\n                <div class=\"col-lg-6 ps-lg-0\"><div class='section__wrapper_image  has_shadow'><div class='section__bg'><\/div><div class=\"section__image image__landscape\"><img loading=\"lazy\" decoding=\"async\" width=\"1607\" height=\"994\" src=\"https:\/\/burama.be\/app\/uploads\/2023\/08\/bejot-open-bluebird-4.jpg\" class=\"w-100\" alt=\"\" srcset=\"https:\/\/burama.be\/app\/uploads\/2023\/08\/bejot-open-bluebird-4.jpg 1607w, https:\/\/burama.be\/app\/uploads\/2023\/08\/bejot-open-bluebird-4-300x186.jpg 300w, https:\/\/burama.be\/app\/uploads\/2023\/08\/bejot-open-bluebird-4-1024x633.jpg 1024w, https:\/\/burama.be\/app\/uploads\/2023\/08\/bejot-open-bluebird-4-768x475.jpg 768w, https:\/\/burama.be\/app\/uploads\/2023\/08\/bejot-open-bluebird-4-1536x950.jpg 1536w\" sizes=\"auto, (max-width: 1607px) 100vw, 1607px\" \/><\/div> <\/div><\/div>\n            <\/div>\n        <\/div>\n    <\/div>\n<\/div>\n\n<div class=\"acf-block acf-block-paragraph\" data-aos=\"fade-up\" data-aos-anchor-placement=\"top-bottom\">\n    <div class=\"container-fluid\">\n        <div class=\"content-container\">\n            <div class=\"row layout-reversing\">\n                <div class=\"col-lg-6 pe-lg-0\"><div class='section__wrapper_image  has_shadow'><div class='section__bg'><\/div><div class=\"section__image image__landscape\"><img loading=\"lazy\" decoding=\"async\" width=\"1024\" height=\"768\" src=\"https:\/\/burama.be\/app\/uploads\/2023\/09\/PHOTO-2021-04-29-18-13-17-3-1.jpg\" class=\"w-100\" alt=\"\" srcset=\"https:\/\/burama.be\/app\/uploads\/2023\/09\/PHOTO-2021-04-29-18-13-17-3-1.jpg 1024w, https:\/\/burama.be\/app\/uploads\/2023\/09\/PHOTO-2021-04-29-18-13-17-3-1-300x225.jpg 300w, https:\/\/burama.be\/app\/uploads\/2023\/09\/PHOTO-2021-04-29-18-13-17-3-1-768x576.jpg 768w\" sizes=\"auto, (max-width: 1024px) 100vw, 1024px\" \/><\/div> <\/div><\/div>\n                <div class=\"col-lg-6\"><h2 class=\"acf-block__title section__title my-3\"><h2 id=\"reussir-amenagement-open-space\">Comment r\u00e9ussir l\u2019am\u00e9nagement d\u2019un open space ?<\/h2><\/h2><div class=\"section__content\"><p><span data-contrast=\"auto\">Concevoir un open space efficace et agr\u00e9able n\u00e9cessite bien plus qu\u2019un simple agencement de bureaux. Il s\u2019agit de trouver <\/span><b><span data-contrast=\"auto\">un \u00e9quilibre entre collaboration, concentration et bien-\u00eatre des collaborateurs, tout en respectant les contraintes techniques et r\u00e9glementaires.<\/span><\/b><span data-contrast=\"auto\">\u00a0<\/span><span data-ccp-props=\"{}\">\u00a0<\/span><\/p>\n<p><span data-contrast=\"auto\">Cela implique de comprendre les besoins sp\u00e9cifiques de votre entreprise, d\u2019assurer le respect des normes, de choisir un mobilier adapt\u00e9 et de concevoir des espaces multifonctionnels.\u00a0<\/span><span data-ccp-props=\"{}\">\u00a0<\/span><\/p>\n<p><span data-contrast=\"auto\">Voici cinq \u00e9tapes \u00e0 suivre pour structurer un open space de mani\u00e8re \u00e0 ce qu\u2019il devienne un environnement de travail efficace, flexible et convivial, tout en r\u00e9pondant aux d\u00e9fis du bruit, de l\u2019intimit\u00e9 et de la modularit\u00e9.<\/span><span data-ccp-props=\"{}\">\u00a0<\/span><\/p>\n<h3>1. Analyse des besoins et des flux<\/h3>\n<p><span data-contrast=\"auto\">\u00a0Permettez \u00e0 chacun de conserver une part d\u2019intimit\u00e9\u202f: des cloisons entre les diff\u00e9rents bureaux permettent \u00e0 vos collaborateurs de garder un peu d\u2019intimit\u00e9 et de mieux se concentrer. Pr\u00e9voyez \u00e9galement des flux de mouvement. Anticipez le mouvement des employ\u00e9s et pr\u00e9voyez des zones \u00ab\u202ftampon\u202f\u00bb, notamment pr\u00e8s des toilettes et des salles de r\u00e9union.<\/span><span data-ccp-props=\"{&quot;335559685&quot;:720}\">\u00a0<\/span><\/p>\n<ul>\n<li data-leveltext=\"o\" data-font=\"Courier New\" data-listid=\"3\" data-list-defn-props=\"{&quot;335552541&quot;:1,&quot;335559685&quot;:1440,&quot;335559991&quot;:360,&quot;469769226&quot;:&quot;Courier New&quot;,&quot;469769242&quot;:[9675],&quot;469777803&quot;:&quot;left&quot;,&quot;469777804&quot;:&quot;o&quot;,&quot;469777815&quot;:&quot;multilevel&quot;}\" aria-setsize=\"-1\" data-aria-posinset=\"1\" data-aria-level=\"2\"><span data-contrast=\"auto\">Identifiez les interactions entre services pour positionner judicieusement chaque d\u00e9partement.<\/span><span data-ccp-props=\"{}\">\u00a0<\/span><\/li>\n<li data-leveltext=\"o\" data-font=\"Courier New\" data-listid=\"3\" data-list-defn-props=\"{&quot;335552541&quot;:1,&quot;335559685&quot;:1440,&quot;335559991&quot;:360,&quot;469769226&quot;:&quot;Courier New&quot;,&quot;469769242&quot;:[9675],&quot;469777803&quot;:&quot;left&quot;,&quot;469777804&quot;:&quot;o&quot;,&quot;469777815&quot;:&quot;multilevel&quot;}\" aria-setsize=\"-1\" data-aria-posinset=\"2\" data-aria-level=\"2\"><span data-contrast=\"auto\">Pr\u00e9voyez une distance suffisante pour les activit\u00e9s n\u00e9cessitant plus de concentration, comme la comptabilit\u00e9.<\/span><\/li>\n<\/ul>\n<h3>2. Respect des exigences r\u00e9glementaires<\/h3>\n<p><span data-contrast=\"auto\">En Belgique, les locaux de travail doivent respecter plusieurs crit\u00e8res fondamentaux pour garantir la s\u00e9curit\u00e9 et le confort des collaborateurs :<\/span><span data-ccp-props=\"{&quot;335559685&quot;:720}\">\u00a0<\/span><\/p>\n<ul>\n<li data-leveltext=\"o\" data-font=\"Courier New\" data-listid=\"3\" data-list-defn-props=\"{&quot;335552541&quot;:1,&quot;335559685&quot;:1440,&quot;335559991&quot;:360,&quot;469769226&quot;:&quot;Courier New&quot;,&quot;469769242&quot;:[9675],&quot;469777803&quot;:&quot;left&quot;,&quot;469777804&quot;:&quot;o&quot;,&quot;469777815&quot;:&quot;multilevel&quot;}\" aria-setsize=\"-1\" data-aria-posinset=\"1\" data-aria-level=\"2\"><span data-contrast=\"auto\">Une <\/span><b><span data-contrast=\"auto\">hauteur minimale de 2,5 m<\/span><\/b><span data-contrast=\"auto\">\u202f;<\/span><span data-ccp-props=\"{}\">\u00a0<\/span><\/li>\n<li data-leveltext=\"o\" data-font=\"Courier New\" data-listid=\"3\" data-list-defn-props=\"{&quot;335552541&quot;:1,&quot;335559685&quot;:1440,&quot;335559991&quot;:360,&quot;469769226&quot;:&quot;Courier New&quot;,&quot;469769242&quot;:[9675],&quot;469777803&quot;:&quot;left&quot;,&quot;469777804&quot;:&quot;o&quot;,&quot;469777815&quot;:&quot;multilevel&quot;}\" aria-setsize=\"-1\" data-aria-posinset=\"2\" data-aria-level=\"2\"><span data-contrast=\"auto\">Chaque travailleur doit disposer d\u2019un <\/span><b><span data-contrast=\"auto\">espace r\u00e9el de 10 m\u00b3<\/span><\/b><span data-contrast=\"auto\"> et d\u2019une <\/span><b><span data-contrast=\"auto\">superficie libre de 2 m\u00b2<\/span><\/b><span data-contrast=\"auto\">\u200b<\/span><span data-contrast=\"auto\">.<\/span><span data-ccp-props=\"{}\">\u00a0<\/span><\/li>\n<\/ul>\n<\/div><\/div>\n            <\/div>\n        <\/div>\n    <\/div>\n<\/div>\n\n<div class=\"acf-block acf-block-paragraph\" data-aos=\"fade-up\" data-aos-anchor-placement=\"top-bottom\">\n    <div class=\"container-fluid\">\n        <div class=\"content-container\">\n            <div class=\"row\">\n                <div class=\"col-lg-6\"><div class=\"section__content\"><h3>3. Mobilier adapt\u00e9 et modulable<\/h3>\n<ul>\n<li data-leveltext=\"o\" data-font=\"Courier New\" data-listid=\"3\" data-list-defn-props=\"{&quot;335552541&quot;:1,&quot;335559685&quot;:1440,&quot;335559991&quot;:360,&quot;469769226&quot;:&quot;Courier New&quot;,&quot;469769242&quot;:[9675],&quot;469777803&quot;:&quot;left&quot;,&quot;469777804&quot;:&quot;o&quot;,&quot;469777815&quot;:&quot;multilevel&quot;}\" aria-setsize=\"-1\" data-aria-posinset=\"1\" data-aria-level=\"2\"><b><span data-contrast=\"auto\">Bureaux bench<\/span><\/b><span data-contrast=\"auto\"> : id\u00e9aux pour le travail collaboratif, ces postes de travail optimisent l\u2019espace tout en \u00e9tant \u00e9conomiques.<\/span><span data-ccp-props=\"{}\">\u00a0<\/span><\/li>\n<\/ul>\n<ul>\n<li data-leveltext=\"o\" data-font=\"Courier New\" data-listid=\"3\" data-list-defn-props=\"{&quot;335552541&quot;:1,&quot;335559685&quot;:1440,&quot;335559991&quot;:360,&quot;469769226&quot;:&quot;Courier New&quot;,&quot;469769242&quot;:[9675],&quot;469777803&quot;:&quot;left&quot;,&quot;469777804&quot;:&quot;o&quot;,&quot;469777815&quot;:&quot;multilevel&quot;}\" aria-setsize=\"-1\" data-aria-posinset=\"2\" data-aria-level=\"2\"><b><span data-contrast=\"auto\">Cloisons acoustiques<\/span><\/b><span data-contrast=\"auto\"> : disponibles en divers mat\u00e9riaux pour absorber le bruit et offrir plus de confidentialit\u00e9.<\/span><span data-ccp-props=\"{}\">\u00a0<\/span><\/li>\n<\/ul>\n<ul>\n<li data-leveltext=\"o\" data-font=\"Courier New\" data-listid=\"3\" data-list-defn-props=\"{&quot;335552541&quot;:1,&quot;335559685&quot;:1440,&quot;335559991&quot;:360,&quot;469769226&quot;:&quot;Courier New&quot;,&quot;469769242&quot;:[9675],&quot;469777803&quot;:&quot;left&quot;,&quot;469777804&quot;:&quot;o&quot;,&quot;469777815&quot;:&quot;multilevel&quot;}\" aria-setsize=\"-1\" data-aria-posinset=\"3\" data-aria-level=\"2\"><b><span data-contrast=\"auto\">La flexibilit\u00e9 au c\u0153ur du projet\u202f<\/span><\/b><span data-contrast=\"auto\">: fini le bureau type, les modules sont \u00e0 l\u2019honneur. Le mobilier modulable permet une v\u00e9ritable facilit\u00e9 d\u2019adaptation face aux contraintes diverses de la vie d\u2019une entreprise.\u00a0<\/span><span data-ccp-props=\"{}\">\u00a0<\/span><\/li>\n<\/ul>\n<ul>\n<li data-leveltext=\"o\" data-font=\"Courier New\" data-listid=\"3\" data-list-defn-props=\"{&quot;335552541&quot;:1,&quot;335559685&quot;:1440,&quot;335559991&quot;:360,&quot;469769226&quot;:&quot;Courier New&quot;,&quot;469769242&quot;:[9675],&quot;469777803&quot;:&quot;left&quot;,&quot;469777804&quot;:&quot;o&quot;,&quot;469777815&quot;:&quot;multilevel&quot;}\" aria-setsize=\"-1\" data-aria-posinset=\"4\" data-aria-level=\"2\"><b><span data-contrast=\"auto\">Mobilier l\u00e9ger\u202f<\/span><\/b><span data-contrast=\"auto\">: un mobilier encombrant va saturer visuellement la pi\u00e8ce, ce qui donnera une impression de d\u00e9sordre et d\u2019encombrement.<\/span><b><span data-contrast=\"auto\">\u00a0<\/span><\/b><span data-ccp-props=\"{}\">\u00a0<\/span><\/li>\n<\/ul>\n<h3>4.D\u00e9coration et confort<\/h3>\n<ul>\n<li data-leveltext=\"o\" data-font=\"Courier New\" data-listid=\"3\" data-list-defn-props=\"{&quot;335552541&quot;:1,&quot;335559685&quot;:1440,&quot;335559991&quot;:360,&quot;469769226&quot;:&quot;Courier New&quot;,&quot;469769242&quot;:[9675],&quot;469777803&quot;:&quot;left&quot;,&quot;469777804&quot;:&quot;o&quot;,&quot;469777815&quot;:&quot;multilevel&quot;}\" aria-setsize=\"-1\" data-aria-posinset=\"1\" data-aria-level=\"2\"><span data-contrast=\"auto\">Utilisez des couleurs neutres ou pastel pour une atmosph\u00e8re apaisante.<\/span><span data-ccp-props=\"{}\">\u00a0<\/span><\/li>\n<\/ul>\n<ul>\n<li data-leveltext=\"o\" data-font=\"Courier New\" data-listid=\"3\" data-list-defn-props=\"{&quot;335552541&quot;:1,&quot;335559685&quot;:1440,&quot;335559991&quot;:360,&quot;469769226&quot;:&quot;Courier New&quot;,&quot;469769242&quot;:[9675],&quot;469777803&quot;:&quot;left&quot;,&quot;469777804&quot;:&quot;o&quot;,&quot;469777815&quot;:&quot;multilevel&quot;}\" aria-setsize=\"-1\" data-aria-posinset=\"2\" data-aria-level=\"2\"><span data-contrast=\"auto\">Introduisez des \u00e9l\u00e9ments naturels, comme des plantes, pour am\u00e9liorer l\u2019ambiance g\u00e9n\u00e9rale.<\/span><\/li>\n<\/ul>\n<h3>5. L\u2019\u00e8re du \u00ab\u202fmulti-spaces\u202f\u00bb<\/h3>\n<p><span data-contrast=\"auto\">Exit les gigantesques plateaux avec un sch\u00e9ma de mobilier unique. La demande de v\u00e9ritables espaces de travail adapt\u00e9s \u00e0 chaque situation doit \u00eatre combl\u00e9e. Diff\u00e9rentes zones doivent \u00eatre agenc\u00e9es selon les besoins\u202f: espaces de r\u00e9union, de silence, bulles de d\u00e9tente ou de brainstorming.<\/span><br \/>\n<span data-contrast=\"auto\">D\u00e9couvrez les <\/span><a href=\"https:\/\/burama.be\/fr\/categorie_produit\/new-ways-of-working\/nwow-les-nouvelles-facons-de-travailler\/\"><span data-contrast=\"none\">4 zones d\u2019am\u00e9nagement NWOW<\/span><\/a><span data-ccp-props=\"{&quot;335559685&quot;:720}\">\u00a0<\/span><\/p>\n<\/div><\/div>\n                <div class=\"col-lg-6 ps-lg-0\"><div class='section__wrapper_image  has_shadow'><div class='section__bg'><\/div><div class=\"section__image image__landscape\"><img loading=\"lazy\" decoding=\"async\" width=\"1024\" height=\"768\" src=\"https:\/\/burama.be\/app\/uploads\/2023\/09\/PHOTO-2021-04-29-18-13-18-6.jpg\" class=\"w-100\" alt=\"\" srcset=\"https:\/\/burama.be\/app\/uploads\/2023\/09\/PHOTO-2021-04-29-18-13-18-6.jpg 1024w, https:\/\/burama.be\/app\/uploads\/2023\/09\/PHOTO-2021-04-29-18-13-18-6-300x225.jpg 300w, https:\/\/burama.be\/app\/uploads\/2023\/09\/PHOTO-2021-04-29-18-13-18-6-768x576.jpg 768w\" sizes=\"auto, (max-width: 1024px) 100vw, 1024px\" \/><\/div> <\/div><\/div>\n            <\/div>\n        <\/div>\n    <\/div>\n<\/div>\n\n<div class=\"acf-block acf-block-paragraph\" data-aos=\"fade-up\" data-aos-anchor-placement=\"top-bottom\">\n    <div class=\"container-fluid\">\n        <div class=\"content-container\">\n            <div class=\"row layout-reversing\">\n                <div class=\"col-lg-6 pe-lg-0\"><div class='section__wrapper_image  has_shadow'><div class='section__bg'><\/div><div class=\"section__image image__landscape\"><img loading=\"lazy\" decoding=\"async\" width=\"1500\" height=\"1001\" src=\"https:\/\/burama.be\/app\/uploads\/2024\/05\/Framery-Four-1.jpg\" class=\"w-100\" alt=\"\" srcset=\"https:\/\/burama.be\/app\/uploads\/2024\/05\/Framery-Four-1.jpg 1500w, https:\/\/burama.be\/app\/uploads\/2024\/05\/Framery-Four-1-300x200.jpg 300w, https:\/\/burama.be\/app\/uploads\/2024\/05\/Framery-Four-1-1024x683.jpg 1024w, https:\/\/burama.be\/app\/uploads\/2024\/05\/Framery-Four-1-768x513.jpg 768w\" sizes=\"auto, (max-width: 1500px) 100vw, 1500px\" \/><\/div> <\/div><\/div>\n                <div class=\"col-lg-6\"><h2 class=\"acf-block__title section__title my-3\"><h2 id=\"tendances-amenagement-open-space\">Les tendances de l\u2019am\u00e9nagement d\u2019un open-space d\u2019entreprise<\/h2><\/h2><div class=\"section__content\"><p>Vous souhaitez am\u00e9nager (ou r\u00e9am\u00e9nager) l\u2019open-space de votre entreprise pour suivre les tendances actuelles et vous adapter aux nouvelles fa\u00e7ons de travailler\u00a0? D\u00e9couvrez les derni\u00e8res tendances de l\u2019<strong>am\u00e9nagement des bureaux en open-space<\/strong>\u00a0<strong>d\u2019entreprise<\/strong>.<\/p>\n<ul>\n<li><span style=\"text-decoration: underline;\"><strong>Le flex office<\/strong><\/span>\u00a0: cette nouvelle organisation s\u2019adapte \u00e0 la tendance grandissante du t\u00e9l\u00e9travail. Les bureaux d\u2019un flex office ne sont pas attribu\u00e9s, chacun peut choisir sa place chaque matin.<\/li>\n<li><span style=\"text-decoration: underline;\"><strong>L\u2019upcycling\u00a0<\/strong><\/span>: les pr\u00e9occupations environnementales sont de plus en plus pr\u00e9sentes. L\u2019upcycling consiste \u00e0 acheter du mobilier fabriqu\u00e9 \u00e0 partir de mat\u00e9riaux recycl\u00e9s.<\/li>\n<li><span style=\"text-decoration: underline;\"><strong>Le cloisonnement ou hot desking<\/strong><\/span>\u00a0: l\u2019installation de cloisons pour d\u00e9limiter des espaces de concentration, des espaces de travail collectif et des espaces de d\u00e9tente permettent d\u2019am\u00e9liorer le bien-\u00eatre et la productivit\u00e9.<\/li>\n<\/ul>\n<p>Envie d&#8217;en savoir plus ? Simulez la cr\u00e9ativit\u00e9, collaborez efficacement, boostez la cr\u00e9ativit\u00e9&#8230; toutes les tendances d\u00e9crypt\u00e9es dans notre article <a href=\"https:\/\/burama.be\/fr\/categorie_produit\/new-ways-of-working\/nwow-les-nouvelles-facons-de-travailler\/\">NWOW (nouvelles fa\u00e7ons de travailler) <\/a><\/p>\n<div id=\"seo__accordion\" class=\"accordion\">\n<p><button class=\"seo__btn\" type=\"button\" data-bs-toggle=\"collapse\" data-bs-target=\"#seo__accordion--item-1\" aria-expanded=\"false\" aria-controls=\"seo__accordion--item-1\"> <i class=\"far fa-arrow-alt-circle-down\"><\/i> Lire plus<\/button><\/p>\n<div id=\"seo__accordion--item-1\" class=\"wrapper__content accordion-collapse collapse\" aria-labelledby=\"headingOne\" data-bs-parent=\"#seo__accordion\">\n<h2>Trois conseils pour l\u2019am\u00e9nagement d\u2019un open-space en entreprise<\/h2>\n<p>Vous \u00eates en train de r\u00e9fl\u00e9chir \u00e0 la mani\u00e8re d\u2019organiser les bureaux dans votre entreprise\u00a0? D\u00e9couvrez nos 3 conseils pour un\u00a0<strong>am\u00e9nagement open-space d\u2019entreprise<\/strong>\u00a0r\u00e9ussi.<\/p>\n<ul>\n<li>Permettez \u00e0 chacun de conserver une part d\u2019intimit\u00e9\u00a0: des cloisons entre les diff\u00e9rents bureaux permettent \u00e0 vos collaborateurs de garder un peu d\u2019intimit\u00e9 et de mieux se concentrer.<\/li>\n<li>Pr\u00e9voyez les flux de mouvement\u00a0: anticipez le mouvement des employ\u00e9s et pr\u00e9voyez des zones \u00ab\u00a0tampon\u00a0\u00bb, notamment pr\u00e8s des toilettes et des salles de r\u00e9union.<\/li>\n<li>Choisissez un mobilier l\u00e9ger\u00a0: un mobilier encombrant va saturer visuellement la pi\u00e8ce, ce qui donne une impression de d\u00e9sordre et d\u2019encombrement.<\/li>\n<\/ul>\n<\/div>\n<\/div>\n<\/div><div class=\"acf-block__link section__link my-3 position-relative\"><svg class=\"me-2\" id=\"Groupe_2717\" data-name=\"Groupe 2717\" xmlns=\"http:\/\/www.w3.org\/2000\/svg\" width=\"22.034\" height=\"20.751\" viewBox=\"0 0 22.034 20.751\">\n        <ellipse id=\"Ellipse_49\" data-name=\"Ellipse 49\" cx=\"11.017\" cy=\"10.376\" rx=\"11.017\" ry=\"10.376\" transform=\"translate(0)\" fill=\"#7a9b8e\"\/>\n        <path id=\"Icon_ionic-ios-arrow-forward\" data-name=\"Icon ionic-ios-arrow-forward\" d=\"M14.644,10.2,11.425,7.171a.547.547,0,0,1,0-.808.64.64,0,0,1,.861,0l3.647,3.432a.548.548,0,0,1,.018.789l-3.662,3.456a.639.639,0,0,1-.861,0,.547.547,0,0,1,0-.808Z\" transform=\"translate(-2.55 0.474)\" fill=\"#fff\"\/>\n    <\/svg><a href=\"https:\/\/burama.be\/fr\/contact\/\" target=\"\" title=\"Contactez-nous\" class=\"section__link\">Contactez-nous<\/a><\/div><\/div>\n            <\/div>\n        <\/div>\n    <\/div>\n<\/div>\n\n<div class=\"acf-block acf-block-paragraph\" data-aos=\"fade-up\" data-aos-anchor-placement=\"top-bottom\">\n    <div class=\"container-fluid\">\n        <div class=\"content-container\">\n            <div class=\"row\">\n                <div class=\"col-lg-10 col-with-space\"><h2 class=\"acf-block__title section__title my-3\"><h2 id=\"bien-etre-collaborateurs\">Mettre le bien-\u00eatre des collaborateurs au c\u0153ur de l\u2019am\u00e9nagement<\/h2><\/h2><div class=\"section__content\"><p><span data-contrast=\"auto\">Un open space bien con\u00e7u ne se limite pas \u00e0 une bonne disposition des bureaux. Il devient un lieu de vie stimulant gr\u00e2ce \u00e0 des \u00e9l\u00e9ments pens\u00e9s pour le bien-\u00eatre de ses occupants.<\/span><span data-ccp-props=\"{}\">\u00a0<\/span><\/p>\n<ul>\n<li data-leveltext=\"\uf0b7\" data-font=\"Symbol\" data-listid=\"5\" data-list-defn-props=\"{&quot;335552541&quot;:1,&quot;335559685&quot;:720,&quot;335559991&quot;:360,&quot;469769226&quot;:&quot;Symbol&quot;,&quot;469769242&quot;:[8226],&quot;469777803&quot;:&quot;left&quot;,&quot;469777804&quot;:&quot;\uf0b7&quot;,&quot;469777815&quot;:&quot;multilevel&quot;}\" aria-setsize=\"-1\" data-aria-posinset=\"1\" data-aria-level=\"1\"><b><span data-contrast=\"auto\">Lumi\u00e8re naturelle<\/span><\/b><span data-contrast=\"auto\"> : privil\u00e9gier de grandes fen\u00eatres pour maximiser l\u2019apport de lumi\u00e8re du jour, essentielle au rythme circadien.<\/span><span data-ccp-props=\"{}\">\u00a0<\/span><\/li>\n<\/ul>\n<ul>\n<li data-leveltext=\"\uf0b7\" data-font=\"Symbol\" data-listid=\"5\" data-list-defn-props=\"{&quot;335552541&quot;:1,&quot;335559685&quot;:720,&quot;335559991&quot;:360,&quot;469769226&quot;:&quot;Symbol&quot;,&quot;469769242&quot;:[8226],&quot;469777803&quot;:&quot;left&quot;,&quot;469777804&quot;:&quot;\uf0b7&quot;,&quot;469777815&quot;:&quot;multilevel&quot;}\" aria-setsize=\"-1\" data-aria-posinset=\"2\" data-aria-level=\"1\"><b><span data-contrast=\"auto\">Biophilie<\/span><\/b><span data-contrast=\"auto\"> : int\u00e9grer des plantes et des espaces verts pour r\u00e9duire le stress et am\u00e9liorer la cr\u00e9ativit\u00e9.<\/span><span data-ccp-props=\"{}\">\u00a0<\/span><\/li>\n<\/ul>\n<ul>\n<li data-leveltext=\"\uf0b7\" data-font=\"Symbol\" data-listid=\"5\" data-list-defn-props=\"{&quot;335552541&quot;:1,&quot;335559685&quot;:720,&quot;335559991&quot;:360,&quot;469769226&quot;:&quot;Symbol&quot;,&quot;469769242&quot;:[8226],&quot;469777803&quot;:&quot;left&quot;,&quot;469777804&quot;:&quot;\uf0b7&quot;,&quot;469777815&quot;:&quot;multilevel&quot;}\" aria-setsize=\"-1\" data-aria-posinset=\"3\" data-aria-level=\"1\"><b><span data-contrast=\"auto\">Zones multifonctionnelles<\/span><\/b><span data-contrast=\"auto\"> : des espaces d\u00e9di\u00e9s \u00e0 la concentration, \u00e0 la collaboration et \u00e0 la d\u00e9tente r\u00e9pondent aux besoins vari\u00e9s des collaborateurs.<\/span><span data-ccp-props=\"{}\">\u00a0<\/span><\/li>\n<\/ul>\n<h2 id=\"open-space-ambitions\">Un open space \u00e0 la hauteur de vos ambitions<\/h2>\n<p><span data-contrast=\"auto\">Avec Burama, chaque open space devient un outil strat\u00e9gique pour votre entreprise. Privil\u00e9giant une approche sur mesure, nous transformons vos bureaux en espaces fonctionnels et agr\u00e9ables, pens\u00e9s pour inspirer vos \u00e9quipes et soutenir vos objectifs. <\/span><a href=\"https:\/\/burama.be\/fr\/contact\/\"><b><span data-contrast=\"auto\">Contactez-nous d\u00e8s aujourd\u2019hui<\/span><\/b><\/a><span data-contrast=\"auto\"> pour un accompagnement personnalis\u00e9 et innovant !<\/span><span data-ccp-props=\"{}\">\u00a0<\/span><\/p>\n<p>&nbsp;<\/p>\n<\/div><\/div>\n                <div class=\"d-none\"><\/div>\n            <\/div>\n        <\/div>\n    <\/div>\n<\/div>\n\n\n    <div class=\"acf-block-call-to-action\" data-aos=\"fade-up\" data-aos-anchor-placement=\"top-bottom\">\n        <a href=\"https:\/\/burama.be\/fr\/contact\/\"\n                    class=\"cta__link\">\n            <div class=\"burama-lines\" style=\"overflow: hidden; top: 0; bottom: 0; left: 0; right: 0; position: absolute;\"><\/div>\n            <div class=\"container-fluid overflow-hidden\">\n                <div class=\"row main-cta-row position-relative py-5\">\n                    <div class=\"col-md-8 py-5\">\n                        <div class=\"burama-circle\"><\/div>\n                        <div class=\"px-5\">\n                                                            <p class=\"cta__surtitle\">Contactez-nous<\/p>\n                                                    <\/div>\n    \n                                                    <h2 class=\"cta__title px-5\">Pourquoi choisir Burama ? <\/h2>\n                                                <div class=\"px-5\">\n                                                            <p class=\"cta__content\">Avec plus de 50 ans d\u2019exp\u00e9rience, nous ma\u00eetrisons tous les aspects de l\u2019am\u00e9nagement d\u2019un open space, des plans 3D au choix du mobilier, en passant par les travaux d\u2019int\u00e9rieur. Nous mettons un point d\u2019honneur \u00e0 conjuguer esth\u00e9tique, ergonomie et praticit\u00e9 pour cr\u00e9er des espaces qui refl\u00e8tent votre culture d\u2019entreprise tout en r\u00e9pondant aux attentes de vos collaborateurs. <\/p>\n                                                    <\/div>\n\n                    <\/div>\n\n                    <div class=\"col-md-3 d-none d-md-flex\">\n                        <div class=\"cta__btn\">\n                                <svg viewBox=\"0 0 100 100\" xmlns=\"http:\/\/www.w3.org\/2000\/svg\">\n        <circle id=\"circleCirclePath_69efa48431ede\" class=\"bg\" cx=\"50\" cy=\"50\" r=\"50\" fill=\"#97b1a7\" \/>\n        <g transform=\"scale(0.78)\" transform-origin=\"50% 50%\">\n            <g transform=\"translate(-150 -395.733)\">\n                <path d=\"M217.874,104.078l-6.388-3.688a.509.509,0,0,0-.695.186l-2.34,4.053-23.452,40.621-.013.025a.517.517,0,0,0-.052.207l-.438,8.066-.4.7a.509.509,0,0,0,.881.509l.4-.7,6.669-4.4a.5.5,0,0,0,.222-.209l23.452-40.621,2.34-4.053A.509.509,0,0,0,217.874,104.078Zm-31.74,41.24,22.944-39.739,2.291,1.323-22.944,39.739Zm26.116-37.908,2.335,1.348L191.641,148.5l-2.335-1.348Zm-.832-5.885,5.507,3.18-1.832,3.172-5.507-3.18ZM185.559,152.706l.346-6.347,4.952,2.859Z\" transform=\"translate(0 319.987)\" fill=\"#fff\"\/>\n            <\/g>\n        <\/g>\n        <path id=\"circlePath_69efa48431ede\" fill=\"none\" stroke-width=\"4\" opacity=\"0\" stroke=\"hsl(0 100% 50% \/ 0.5)\" d=\"\n            M 14 50\n            a 36,36 0 1,1 72,0\n            a 36,36 0 1,1 -72,0\n            \" \/>\n        <text id=\"text_circle_animation_69efa48431ede\" class=\"text_circle_animation\" style=\"font-weight:400;font-size:7.3px;\" font-weight=\"bold\" fill=\"white\">\n            <textPath id=\"textPath_69efa48431ede\" startOffset=\"15\" textLength=\"98.094px\" class=\"text-uppercase\" href=\"#circlePath_69efa48431ede\">D\u00e9marrer un projet<\/textPath>\n            <textPath id=\"textPathOpposite_69efa48431ede\" startOffset=\"128.094\" textLength=\"98.094px\" class=\"text-uppercase\" href=\"#circlePath_69efa48431ede\">D\u00e9marrer un projet<\/textPath>\n        <\/text>\n    <\/svg>\n                            <\/div>\n                    <\/div>\n                <\/div>\n            <\/div>\n            <div class=\"container-fluid\">\n                <div class=\"row d-md-none text-center justify-content-end\">\n                    <div class=\"col-6 text-center\">\n                        <div class=\"w-100 position-relative\">\n                            <div class=\"position-absolute top-50 start-50 translate-middle cta__btn text-start m-0\">\n                                    <svg viewBox=\"0 0 100 100\" xmlns=\"http:\/\/www.w3.org\/2000\/svg\">\n        <circle id=\"circleCirclePath_69efa48432911\" class=\"bg\" cx=\"50\" cy=\"50\" r=\"50\" fill=\"#97b1a7\" \/>\n        <g transform=\"scale(0.78)\" transform-origin=\"50% 50%\">\n            <g transform=\"translate(-150 -395.733)\">\n                <path d=\"M217.874,104.078l-6.388-3.688a.509.509,0,0,0-.695.186l-2.34,4.053-23.452,40.621-.013.025a.517.517,0,0,0-.052.207l-.438,8.066-.4.7a.509.509,0,0,0,.881.509l.4-.7,6.669-4.4a.5.5,0,0,0,.222-.209l23.452-40.621,2.34-4.053A.509.509,0,0,0,217.874,104.078Zm-31.74,41.24,22.944-39.739,2.291,1.323-22.944,39.739Zm26.116-37.908,2.335,1.348L191.641,148.5l-2.335-1.348Zm-.832-5.885,5.507,3.18-1.832,3.172-5.507-3.18ZM185.559,152.706l.346-6.347,4.952,2.859Z\" transform=\"translate(0 319.987)\" fill=\"#fff\"\/>\n            <\/g>\n        <\/g>\n        <path id=\"circlePath_69efa48432911\" fill=\"none\" stroke-width=\"4\" opacity=\"0\" stroke=\"hsl(0 100% 50% \/ 0.5)\" d=\"\n            M 14 50\n            a 36,36 0 1,1 72,0\n            a 36,36 0 1,1 -72,0\n            \" \/>\n        <text id=\"text_circle_animation_69efa48432911\" class=\"text_circle_animation\" style=\"font-weight:400;font-size:7.3px;\" font-weight=\"bold\" fill=\"white\">\n            <textPath id=\"textPath_69efa48432911\" startOffset=\"15\" textLength=\"98.094px\" class=\"text-uppercase\" href=\"#circlePath_69efa48432911\">D\u00e9marrer un projet<\/textPath>\n            <textPath id=\"textPathOpposite_69efa48432911\" startOffset=\"128.094\" textLength=\"98.094px\" class=\"text-uppercase\" href=\"#circlePath_69efa48432911\">D\u00e9marrer un projet<\/textPath>\n        <\/text>\n    <\/svg>\n                                <\/div>\n                        <\/div>\n                    <\/div>\n                <\/div>\n            <\/div>\n        <\/a>\n    <\/div>\n\n<div class=\"acf-block acf-block-paragraph\" data-aos=\"fade-up\" data-aos-anchor-placement=\"top-bottom\">\n    <div class=\"container-fluid\">\n        <div class=\"content-container\">\n            <div class=\"row\">\n                <div class=\"col-lg-12 col-with-space\"><div class=\"section__content\"><p>En savoir plus sur l&#8217;am\u00e9nagement et le mobilier pour open space<\/p>\n<ul>\n<li><a href=\"https:\/\/burama.be\/fr\/articles\/67-bulle-insonorisee\/\">Quelle bulle insonoris\u00e9e pour votre open space<\/a> ?<\/li>\n<li><a href=\"https:\/\/burama.be\/fr\/categorie_produit\/phone-booth\/\">D\u00e9couvrez les phone booth pour open space<\/a><\/li>\n<li><a href=\"https:\/\/burama.be\/fr\/articles\/74-cabine-telephonique-open-space\/\">Pourquoi installer une cabine t\u00e9l\u00e9phonique dans un open-space ?<\/a><\/li>\n<li><a href=\"https:\/\/burama.be\/fr\/articles\/33-amenagement-open-space-ergonomie\/\">Comment am\u00e9nager votre open space de mani\u00e8re ergonomique ?\u00a0<\/a><\/li>\n<\/ul>\n<\/div><\/div>\n                <div class=\"d-none\"><\/div>\n            <\/div>\n        <\/div>\n    <\/div>\n<\/div>\n\n<div class=\"acf-block core-block-paragraph\" data-aos=\"fade-up\">\n    <div class=\"container-fluid\">\n        \n<p><\/p>\n    <\/div>\n<\/div>\n","protected":false},"featured_media":0,"parent":0,"menu_order":0,"template":"","class_list":["post-31194","seopage","type-seopage","status-publish","hentry"],"acf":[],"yoast_head":"<!-- This site is optimized with the Yoast SEO plugin v26.9 - https:\/\/yoast.com\/product\/yoast-seo-wordpress\/ -->\n<title>Am\u00e9nagement open space entreprise | Burama<\/title>\n<meta name=\"description\" content=\"S\u2019il est mal organis\u00e9, il peut rapidement devenir bruyant et inconfortable. Voici comment r\u00e9ussir l\u2019am\u00e9nagement d\u2019un open-space dans votre entreprise.\" \/>\n<meta name=\"robots\" content=\"index, follow, max-snippet:-1, max-image-preview:large, max-video-preview:-1\" \/>\n<link rel=\"canonical\" href=\"https:\/\/burama.be\/fr\/articles\/29-amenagement-open-space-entreprise\/\" \/>\n<meta property=\"og:type\" content=\"article\" \/>\n<meta property=\"og:title\" content=\"Am\u00e9nagement open space entreprise | Burama\" \/>\n<meta property=\"og:description\" content=\"S\u2019il est mal organis\u00e9, il peut rapidement devenir bruyant et inconfortable. Voici comment r\u00e9ussir l\u2019am\u00e9nagement d\u2019un open-space dans votre entreprise.\" \/>\n<meta property=\"og:url\" content=\"https:\/\/burama.be\/fr\/articles\/29-amenagement-open-space-entreprise\/\" \/>\n<meta property=\"og:site_name\" content=\"Burama\" \/>\n<meta property=\"article:publisher\" content=\"https:\/\/www.facebook.com\/buramafurniture\" \/>\n<meta property=\"article:modified_time\" content=\"2025-10-14T06:46:06+00:00\" \/>\n<meta name=\"twitter:card\" content=\"summary_large_image\" \/>\n<meta name=\"twitter:title\" content=\"Am\u00e9nagement open space entreprise | Burama\" \/>\n<meta name=\"twitter:description\" content=\"S\u2019il est mal organis\u00e9, il peut rapidement devenir bruyant et inconfortable. Voici comment r\u00e9ussir l\u2019am\u00e9nagement d\u2019un open-space dans votre entreprise.\" \/>\n<script type=\"application\/ld+json\" class=\"yoast-schema-graph\">{\"@context\":\"https:\/\/schema.org\",\"@graph\":[{\"@type\":\"WebPage\",\"@id\":\"https:\/\/burama.be\/fr\/articles\/29-amenagement-open-space-entreprise\/\",\"url\":\"https:\/\/burama.be\/fr\/articles\/29-amenagement-open-space-entreprise\/\",\"name\":\"Am\u00e9nagement open space entreprise | Burama\",\"isPartOf\":{\"@id\":\"https:\/\/burama.be\/fr\/#website\"},\"datePublished\":\"2023-09-05T11:01:30+00:00\",\"dateModified\":\"2025-10-14T06:46:06+00:00\",\"description\":\"S\u2019il est mal organis\u00e9, il peut rapidement devenir bruyant et inconfortable. Voici comment r\u00e9ussir l\u2019am\u00e9nagement d\u2019un open-space dans votre entreprise.\",\"breadcrumb\":{\"@id\":\"https:\/\/burama.be\/fr\/articles\/29-amenagement-open-space-entreprise\/#breadcrumb\"},\"inLanguage\":\"fr-FR\",\"potentialAction\":[{\"@type\":\"ReadAction\",\"target\":[\"https:\/\/burama.be\/fr\/articles\/29-amenagement-open-space-entreprise\/\"]}]},{\"@type\":\"BreadcrumbList\",\"@id\":\"https:\/\/burama.be\/fr\/articles\/29-amenagement-open-space-entreprise\/#breadcrumb\",\"itemListElement\":[{\"@type\":\"ListItem\",\"position\":1,\"name\":\"Home\",\"item\":\"https:\/\/burama.be\/fr\/\"},{\"@type\":\"ListItem\",\"position\":2,\"name\":\"Am\u00e9nagement open space entreprise\"}]},{\"@type\":\"WebSite\",\"@id\":\"https:\/\/burama.be\/fr\/#website\",\"url\":\"https:\/\/burama.be\/fr\/\",\"name\":\"Burama\",\"description\":\"Improving your workspace\",\"publisher\":{\"@id\":\"https:\/\/burama.be\/fr\/#organization\"},\"potentialAction\":[{\"@type\":\"SearchAction\",\"target\":{\"@type\":\"EntryPoint\",\"urlTemplate\":\"https:\/\/burama.be\/fr\/?s={search_term_string}\"},\"query-input\":{\"@type\":\"PropertyValueSpecification\",\"valueRequired\":true,\"valueName\":\"search_term_string\"}}],\"inLanguage\":\"fr-FR\"},{\"@type\":\"Organization\",\"@id\":\"https:\/\/burama.be\/fr\/#organization\",\"name\":\"Burama\",\"url\":\"https:\/\/burama.be\/fr\/\",\"logo\":{\"@type\":\"ImageObject\",\"inLanguage\":\"fr-FR\",\"@id\":\"https:\/\/burama.be\/fr\/#\/schema\/logo\/image\/\",\"url\":\"https:\/\/burama.be\/app\/uploads\/2023\/02\/burama-logo-footer.svg\",\"contentUrl\":\"https:\/\/burama.be\/app\/uploads\/2023\/02\/burama-logo-footer.svg\",\"width\":1,\"height\":1,\"caption\":\"Burama\"},\"image\":{\"@id\":\"https:\/\/burama.be\/fr\/#\/schema\/logo\/image\/\"},\"sameAs\":[\"https:\/\/www.facebook.com\/buramafurniture\",\"https:\/\/be.linkedin.com\/company\/burama-be\",\"https:\/\/www.instagram.com\/burama.be\"]}]}<\/script>\n<!-- \/ Yoast SEO plugin. -->","yoast_head_json":{"title":"Am\u00e9nagement open space entreprise | Burama","description":"S\u2019il est mal organis\u00e9, il peut rapidement devenir bruyant et inconfortable. Voici comment r\u00e9ussir l\u2019am\u00e9nagement d\u2019un open-space dans votre entreprise.","robots":{"index":"index","follow":"follow","max-snippet":"max-snippet:-1","max-image-preview":"max-image-preview:large","max-video-preview":"max-video-preview:-1"},"canonical":"https:\/\/burama.be\/fr\/articles\/29-amenagement-open-space-entreprise\/","og_type":"article","og_title":"Am\u00e9nagement open space entreprise | Burama","og_description":"S\u2019il est mal organis\u00e9, il peut rapidement devenir bruyant et inconfortable. Voici comment r\u00e9ussir l\u2019am\u00e9nagement d\u2019un open-space dans votre entreprise.","og_url":"https:\/\/burama.be\/fr\/articles\/29-amenagement-open-space-entreprise\/","og_site_name":"Burama","article_publisher":"https:\/\/www.facebook.com\/buramafurniture","article_modified_time":"2025-10-14T06:46:06+00:00","twitter_card":"summary_large_image","twitter_title":"Am\u00e9nagement open space entreprise | Burama","twitter_description":"S\u2019il est mal organis\u00e9, il peut rapidement devenir bruyant et inconfortable. Voici comment r\u00e9ussir l\u2019am\u00e9nagement d\u2019un open-space dans votre entreprise.","schema":{"@context":"https:\/\/schema.org","@graph":[{"@type":"WebPage","@id":"https:\/\/burama.be\/fr\/articles\/29-amenagement-open-space-entreprise\/","url":"https:\/\/burama.be\/fr\/articles\/29-amenagement-open-space-entreprise\/","name":"Am\u00e9nagement open space entreprise | Burama","isPartOf":{"@id":"https:\/\/burama.be\/fr\/#website"},"datePublished":"2023-09-05T11:01:30+00:00","dateModified":"2025-10-14T06:46:06+00:00","description":"S\u2019il est mal organis\u00e9, il peut rapidement devenir bruyant et inconfortable. Voici comment r\u00e9ussir l\u2019am\u00e9nagement d\u2019un open-space dans votre entreprise.","breadcrumb":{"@id":"https:\/\/burama.be\/fr\/articles\/29-amenagement-open-space-entreprise\/#breadcrumb"},"inLanguage":"fr-FR","potentialAction":[{"@type":"ReadAction","target":["https:\/\/burama.be\/fr\/articles\/29-amenagement-open-space-entreprise\/"]}]},{"@type":"BreadcrumbList","@id":"https:\/\/burama.be\/fr\/articles\/29-amenagement-open-space-entreprise\/#breadcrumb","itemListElement":[{"@type":"ListItem","position":1,"name":"Home","item":"https:\/\/burama.be\/fr\/"},{"@type":"ListItem","position":2,"name":"Am\u00e9nagement open space entreprise"}]},{"@type":"WebSite","@id":"https:\/\/burama.be\/fr\/#website","url":"https:\/\/burama.be\/fr\/","name":"Burama","description":"Improving your workspace","publisher":{"@id":"https:\/\/burama.be\/fr\/#organization"},"potentialAction":[{"@type":"SearchAction","target":{"@type":"EntryPoint","urlTemplate":"https:\/\/burama.be\/fr\/?s={search_term_string}"},"query-input":{"@type":"PropertyValueSpecification","valueRequired":true,"valueName":"search_term_string"}}],"inLanguage":"fr-FR"},{"@type":"Organization","@id":"https:\/\/burama.be\/fr\/#organization","name":"Burama","url":"https:\/\/burama.be\/fr\/","logo":{"@type":"ImageObject","inLanguage":"fr-FR","@id":"https:\/\/burama.be\/fr\/#\/schema\/logo\/image\/","url":"https:\/\/burama.be\/app\/uploads\/2023\/02\/burama-logo-footer.svg","contentUrl":"https:\/\/burama.be\/app\/uploads\/2023\/02\/burama-logo-footer.svg","width":1,"height":1,"caption":"Burama"},"image":{"@id":"https:\/\/burama.be\/fr\/#\/schema\/logo\/image\/"},"sameAs":["https:\/\/www.facebook.com\/buramafurniture","https:\/\/be.linkedin.com\/company\/burama-be","https:\/\/www.instagram.com\/burama.be"]}]}},"_links":{"self":[{"href":"https:\/\/burama.be\/fr\/wp-json\/wp\/v2\/seopage\/31194","targetHints":{"allow":["GET"]}}],"collection":[{"href":"https:\/\/burama.be\/fr\/wp-json\/wp\/v2\/seopage"}],"about":[{"href":"https:\/\/burama.be\/fr\/wp-json\/wp\/v2\/types\/seopage"}],"wp:attachment":[{"href":"https:\/\/burama.be\/fr\/wp-json\/wp\/v2\/media?parent=31194"}],"curies":[{"name":"wp","href":"https:\/\/api.w.org\/{rel}","templated":true}]}}