{"id":31232,"date":"2023-09-05T15:08:11","date_gmt":"2023-09-05T13:08:11","guid":{"rendered":"https:\/\/burama.be\/?post_type=seopage&#038;p=31232"},"modified":"2024-03-25T09:00:43","modified_gmt":"2024-03-25T08:00:43","slug":"62-bulle-acoustique","status":"publish","type":"seopage","link":"https:\/\/burama.be\/fr\/articles\/62-bulle-acoustique\/","title":{"rendered":"Bulle acoustique"},"content":{"rendered":"\n<div class=\"acf-block core-block-paragraph\" data-aos=\"fade-up\">\n    <div class=\"container-fluid\">\n        \n<p><\/p>\n    <\/div>\n<\/div>\n\n<div class=\"acf-block acf-block-paragraph\" data-aos=\"fade-up\" data-aos-anchor-placement=\"top-bottom\">\n    <div class=\"container-fluid\">\n        <div class=\"content-container\">\n            <div class=\"row\">\n                <div class=\"col-lg-10 col-with-space\"><h1 class=\"section__title\">Bulle acoustique<\/h1><div class=\"section__content\"><h2><span lang=\"FR-BE\">Commandez vos bulles acoustiques chez Burama<\/span><\/h2>\n<p><span lang=\"FR-BE\">Vous souhaitez installer des\u00a0<strong>bulles acoustiques\u00a0<\/strong>dans votre bureau\u00a0? D\u00e9couvrez notre catalogue.<\/span><\/p>\n<p><span lang=\"FR-BE\">Burama est votre partenaire de choix pour l\u2019am\u00e9nagement de votre bureau. Forts de 50 ans d\u2019exp\u00e9rience, nous nous tournons aujourd\u2019hui vers l\u2019avenir en mettant les nouvelles fa\u00e7ons de travailler au c\u0153ur de notre d\u00e9marche. Nous vous proposons des\u00a0<strong>bulles acoustiques<\/strong>\u00a0d\u2019excellente qualit\u00e9 dans divers formats et coloris.<\/span><\/p>\n<p><span lang=\"FR-BE\">Vous ne savez pas quel type de\u00a0<strong>bulle acoustique<\/strong>\u00a0acheter\u00a0? Burama vous guide et vous conseille pour vous aider \u00e0 choisir la bulle la plus adapt\u00e9e \u00e0 vos besoins. Nous ne nous chargeons pas seulement de vous conseiller, mais nous nous occupons aussi de l\u2019installation compl\u00e8te des \u00e9quipements que vous souhaitez.<\/span><\/p>\n<p><a href=\"https:\/\/burama.be\/fr\/contact\/\"><img loading=\"lazy\" decoding=\"async\" class=\"size-full wp-image-39547 aligncenter\" src=\"https:\/\/burama.be\/app\/uploads\/2023\/09\/ContactezNous_Green.png\" alt=\"\" width=\"152\" height=\"48\" srcset=\"https:\/\/burama.be\/app\/uploads\/2023\/09\/ContactezNous_Green.png 152w, https:\/\/burama.be\/app\/uploads\/2023\/09\/ContactezNous_Green-150x48.png 150w\" sizes=\"auto, (max-width: 152px) 100vw, 152px\" \/><\/a><\/p>\n<p><img decoding=\"async\" class=\"alignnone size-large wp-image-31132\" src=\"https:\/\/burama.be\/app\/uploads\/2023\/09\/bulle-acoustique.jpg\" alt=\"Bulle acoustique\" \/><\/p>\n<p><a href=\"https:\/\/burama.be\/fr\/contact\/\"><img loading=\"lazy\" decoding=\"async\" class=\"size-full wp-image-39547 aligncenter\" src=\"https:\/\/burama.be\/app\/uploads\/2023\/09\/ContactezNous_Green.png\" alt=\"\" width=\"152\" height=\"48\" srcset=\"https:\/\/burama.be\/app\/uploads\/2023\/09\/ContactezNous_Green.png 152w, https:\/\/burama.be\/app\/uploads\/2023\/09\/ContactezNous_Green-150x48.png 150w\" sizes=\"auto, (max-width: 152px) 100vw, 152px\" \/><\/a><\/p>\n<p>Votre projet nous int\u00e9resse, n&#8217;h\u00e9sitez \u00e0 remplir le <a href=\"https:\/\/burama.be\/fr\/contact\/\">formulaire de contact<\/a> !<br \/>\nCes articles pourraient \u00e9galement vous int\u00e9resser :<\/p>\n<ul style=\"columns: 2;\">\n<li><a href=\"https:\/\/burama.be\/fr\/articles\/20-cloison-amovible-bureau\/\">Cloison amovible bureau<\/a><\/li>\n<li><a href=\"https:\/\/burama.be\/fr\/?post_type=seopage&#038;p=31189\">Bureau assis debout<\/a><\/li>\n<li><a href=\"https:\/\/burama.be\/fr\/articles\/29-amenagement-open-space-entreprise\/\">Am\u00e9nagement open space entreprise<\/a><\/li>\n<li><a href=\"https:\/\/burama.be\/fr\/articles\/33-amenagement-open-space-ergonomie\/\">Am\u00e9nagement open space ergonomie<\/a><\/li>\n<li><a href=\"https:\/\/burama.be\/fr\/articles\/36-chaise-bureau-ergonomique\/\">Chaise de bureau ergonomique<\/a><\/li>\n<li><a href=\"https:\/\/burama.be\/fr\/articles\/40-cloison-vitree-bureau\/\">Cloison vitr\u00e9e bureau<\/a><\/li>\n<li><a href=\"https:\/\/burama.be\/fr\/articles\/44-agencement-cabinet-dentaire\/\">Agencement cabinet dentaire<\/a><\/li>\n<li><a href=\"https:\/\/burama.be\/fr\/articles\/48-agenceur-bureau\/\">Agenceur de bureau<\/a><\/li>\n<li><a href=\"https:\/\/burama.be\/fr\/articles\/52-amortissement-mobilier-bureau\/\">Amortissement mobilier de bureau<\/a><\/li>\n<li><a href=\"https:\/\/burama.be\/fr\/articles\/56-amenagement-salle-attente-cabinet-medical\/\">Am\u00e9nagement salle d&#8217;attente cabinet m\u00e9dical<\/a><\/li>\n<li><a href=\"https:\/\/burama.be\/fr\/articles\/60-bulle-acoustique\/\">Bulle acoustique<\/a><\/li>\n<li><a href=\"https:\/\/burama.be\/fr\/articles\/64-bulle-insonorisee\/\">Bulle insonoris\u00e9e<\/a><\/li>\n<li><a href=\"https:\/\/burama.be\/fr\/articles\/68-cabine-acoustique\/\">Cabine acoustique<\/a><\/li>\n<li><a href=\"https:\/\/burama.be\/fr\/articles\/72-cabine-telephonique-open-space\/\">Cabine t\u00e9l\u00e9phonique open space<\/a><\/li>\n<li><a href=\"https:\/\/burama.be\/fr\/?post_type=seopage&#038;p=31249\">Cloison semi-vitr\u00e9e<\/a><\/li>\n<li><a href=\"https:\/\/burama.be\/fr\/articles\/80-cloison-verre-sable\/\">Cloison verre sabl\u00e9<\/a><\/li>\n<li><a href=\"https:\/\/burama.be\/fr\/articles\/84-cloison-vitree-amovible\/\">Cloison vitr\u00e9e amovible<\/a><\/li>\n<li><a href=\"https:\/\/burama.be\/fr\/articles\/88-dalles-led-faux-plafond\/\">Dalles led faux plafond<\/a><\/li>\n<li><a href=\"https:\/\/burama.be\/fr\/articles\/92-leasing-longue-duree-bureau\/\">Leasing longue dur\u00e9e bureau<\/a><\/li>\n<li><a href=\"https:\/\/burama.be\/fr\/articles\/94-paroi-plexiglas\/\">Paroi plexiglas<\/a><\/li>\n<li><a href=\"https:\/\/burama.be\/fr\/?post_type=seopage&#038;p=31263\">Prix cloison vitr\u00e9e bureau<\/a><\/li>\n<\/ul>\n<\/div><\/div>\n                <div class=\"d-none\"><\/div>\n            <\/div>\n        <\/div>\n    <\/div>\n<\/div>\n    <div class=\"acf-block acf-block-category-product-slider mt-5\"\n        data-aos=\"fade-up\"\n        data-aos-anchor-placement=\"top-bottom\">\n        <div class=\"container-fluid\">\n                            <div class=\"row\">\n                    <div class=\"col-6 slider__title fs-3 mb-4\">\n                        Bureaux &#038; comptoir d&#8217;accueil                    <\/div>\n                <\/div>\n                                    <div class=\"row\">\n                <div class=\"col-12\">\n                    <section class=\"category_slider_seo__main splide mt-5\">\n                        <div class=\"splide__track\">\n                            <ul class=\"splide__list\">\n                                                                    <li class=\"splide__slide\"><div class=\"position-relative realization_archive__listing__item\">\n    <div class=\"border-top\"><\/div>\n    \n    <div class=\"ratio ratio-4x3 realization_archive__listing__image\">\n        <img loading=\"lazy\" decoding=\"async\" width=\"800\" height=\"544\" src=\"https:\/\/burama.be\/app\/uploads\/2024\/07\/Itubes-alea-bureaux-operatifs.jpg\" class=\"object-fit-cover\" alt=\"\" srcset=\"https:\/\/burama.be\/app\/uploads\/2024\/07\/Itubes-alea-bureaux-operatifs.jpg 800w, https:\/\/burama.be\/app\/uploads\/2024\/07\/Itubes-alea-bureaux-operatifs-300x204.jpg 300w, https:\/\/burama.be\/app\/uploads\/2024\/07\/Itubes-alea-bureaux-operatifs-768x522.jpg 768w\" sizes=\"auto, (max-width: 800px) 100vw, 800px\" \/>    <\/div>\n    \n    <div class=\"text-center p-3\">\n        <a class=\"stretched-link\" href=\"https:\/\/burama.be\/fr\/categorie_produit\/bureaux-comptoirs-daccueil\/\">Bureaux &amp; comptoirs d&#8217;accueil<\/a>\n    <\/div>\n<\/div>                                    <\/li>\n                                                                    <li class=\"splide__slide\"><div class=\"position-relative realization_archive__listing__item\">\n    <div class=\"border-top\"><\/div>\n    \n    <div class=\"ratio ratio-4x3 realization_archive__listing__image\">\n        <img loading=\"lazy\" decoding=\"async\" width=\"1024\" height=\"683\" src=\"https:\/\/burama.be\/app\/uploads\/2024\/06\/Armoires-Quadrifoglio-1024x683.jpg\" class=\"object-fit-cover\" alt=\"\" srcset=\"https:\/\/burama.be\/app\/uploads\/2024\/06\/Armoires-Quadrifoglio-1024x683.jpg 1024w, https:\/\/burama.be\/app\/uploads\/2024\/06\/Armoires-Quadrifoglio-300x200.jpg 300w, https:\/\/burama.be\/app\/uploads\/2024\/06\/Armoires-Quadrifoglio-768x512.jpg 768w, https:\/\/burama.be\/app\/uploads\/2024\/06\/Armoires-Quadrifoglio.jpg 1500w\" sizes=\"auto, (max-width: 1024px) 100vw, 1024px\" \/>    <\/div>\n    \n    <div class=\"text-center p-3\">\n        <a class=\"stretched-link\" href=\"https:\/\/burama.be\/fr\/categorie_produit\/armoires-caissons-lockers\/\">Armoires, caissons &amp; lockers<\/a>\n    <\/div>\n<\/div>                                    <\/li>\n                                                                    <li class=\"splide__slide\"><div class=\"position-relative realization_archive__listing__item\">\n    <div class=\"border-top\"><\/div>\n    \n    <div class=\"ratio ratio-4x3 realization_archive__listing__image\">\n        <img loading=\"lazy\" decoding=\"async\" width=\"624\" height=\"400\" src=\"https:\/\/burama.be\/app\/uploads\/2023\/04\/bureau-assis-debout-nwow-mobilier-bureau-burama.jpg\" class=\"object-fit-cover\" alt=\"\" srcset=\"https:\/\/burama.be\/app\/uploads\/2023\/04\/bureau-assis-debout-nwow-mobilier-bureau-burama.jpg 624w, https:\/\/burama.be\/app\/uploads\/2023\/04\/bureau-assis-debout-nwow-mobilier-bureau-burama-300x192.jpg 300w\" sizes=\"auto, (max-width: 624px) 100vw, 624px\" \/>    <\/div>\n    \n    <div class=\"text-center p-3\">\n        <a class=\"stretched-link\" href=\"https:\/\/burama.be\/fr\/categorie_produit\/bureaux-comptoirs-daccueil\/les-bureaux-assis-debout\/\">Les bureaux assis-debout<\/a>\n    <\/div>\n<\/div>                                    <\/li>\n                                                                    <li class=\"splide__slide\"><div class=\"position-relative realization_archive__listing__item\">\n    <div class=\"border-top\"><\/div>\n    \n    <div class=\"ratio ratio-4x3 realization_archive__listing__image\">\n        <img loading=\"lazy\" decoding=\"async\" width=\"533\" height=\"400\" src=\"https:\/\/burama.be\/app\/uploads\/2023\/04\/table-reunion-burama.jpg\" class=\"object-fit-cover\" alt=\"\" srcset=\"https:\/\/burama.be\/app\/uploads\/2023\/04\/table-reunion-burama.jpg 533w, https:\/\/burama.be\/app\/uploads\/2023\/04\/table-reunion-burama-300x225.jpg 300w\" sizes=\"auto, (max-width: 533px) 100vw, 533px\" \/>    <\/div>\n    \n    <div class=\"text-center p-3\">\n        <a class=\"stretched-link\" href=\"https:\/\/burama.be\/fr\/categorie_produit\/salles-tables-de-reunion\/les-tables-de-reunion\/\">Les tables de r\u00e9union<\/a>\n    <\/div>\n<\/div>                                    <\/li>\n                                                                    <li class=\"splide__slide\"><div class=\"position-relative realization_archive__listing__item\">\n    <div class=\"border-top\"><\/div>\n    \n    <div class=\"ratio ratio-4x3 realization_archive__listing__image\">\n        <img loading=\"lazy\" decoding=\"async\" width=\"660\" height=\"495\" src=\"https:\/\/burama.be\/app\/uploads\/2023\/09\/RIM-05-1-scaled-660x495-1.jpg\" class=\"object-fit-cover\" alt=\"\" srcset=\"https:\/\/burama.be\/app\/uploads\/2023\/09\/RIM-05-1-scaled-660x495-1.jpg 660w, https:\/\/burama.be\/app\/uploads\/2023\/09\/RIM-05-1-scaled-660x495-1-300x225.jpg 300w\" sizes=\"auto, (max-width: 660px) 100vw, 660px\" \/>    <\/div>\n    \n    <div class=\"text-center p-3\">\n        <a class=\"stretched-link\" href=\"https:\/\/burama.be\/fr\/categorie_produit\/chaises-tabourets-canapes\/les-sieges-de-bureau-ergonomiques\/\">Les si\u00e8ges de bureau ergonomiques<\/a>\n    <\/div>\n<\/div>                                    <\/li>\n                                                                    <li class=\"splide__slide\"><div class=\"position-relative realization_archive__listing__item\">\n    <div class=\"border-top\"><\/div>\n    \n    <div class=\"ratio ratio-4x3 realization_archive__listing__image\">\n        <img loading=\"lazy\" decoding=\"async\" width=\"1024\" height=\"683\" src=\"https:\/\/burama.be\/app\/uploads\/2023\/09\/Pareti-divisorie-e-cabine-acustiche-M3-per-Ufficio-Direzione-Ufficio-Operativo-Meeting-Conference-Aree-comuni-Area-dattesa-1-3-1-1024x683.jpg\" class=\"object-fit-cover\" alt=\"\" srcset=\"https:\/\/burama.be\/app\/uploads\/2023\/09\/Pareti-divisorie-e-cabine-acustiche-M3-per-Ufficio-Direzione-Ufficio-Operativo-Meeting-Conference-Aree-comuni-Area-dattesa-1-3-1-1024x683.jpg 1024w, https:\/\/burama.be\/app\/uploads\/2023\/09\/Pareti-divisorie-e-cabine-acustiche-M3-per-Ufficio-Direzione-Ufficio-Operativo-Meeting-Conference-Aree-comuni-Area-dattesa-1-3-1-300x200.jpg 300w, https:\/\/burama.be\/app\/uploads\/2023\/09\/Pareti-divisorie-e-cabine-acustiche-M3-per-Ufficio-Direzione-Ufficio-Operativo-Meeting-Conference-Aree-comuni-Area-dattesa-1-3-1-768x512.jpg 768w, https:\/\/burama.be\/app\/uploads\/2023\/09\/Pareti-divisorie-e-cabine-acustiche-M3-per-Ufficio-Direzione-Ufficio-Operativo-Meeting-Conference-Aree-comuni-Area-dattesa-1-3-1.jpg 1500w\" sizes=\"auto, (max-width: 1024px) 100vw, 1024px\" \/>    <\/div>\n    \n    <div class=\"text-center p-3\">\n        <a class=\"stretched-link\" href=\"https:\/\/burama.be\/fr\/categorie_produit\/cloisons\/les-cloisons-en-verre-sol-plafond\/\">Les cloisons en verre sol-plafond<\/a>\n    <\/div>\n<\/div>                                    <\/li>\n                                                                    <li class=\"splide__slide\"><div class=\"position-relative realization_archive__listing__item\">\n    <div class=\"border-top\"><\/div>\n    \n    <div class=\"ratio ratio-4x3 realization_archive__listing__image\">\n        <img loading=\"lazy\" decoding=\"async\" width=\"1024\" height=\"683\" src=\"https:\/\/burama.be\/app\/uploads\/2023\/09\/Pareti-divisorie-e-cabine-acustiche-S1-per-Ufficio-Direzione-Ufficio-Operativo-Meeting-Conference-Aree-comuni-2-1024x683.jpg\" class=\"object-fit-cover\" alt=\"\" srcset=\"https:\/\/burama.be\/app\/uploads\/2023\/09\/Pareti-divisorie-e-cabine-acustiche-S1-per-Ufficio-Direzione-Ufficio-Operativo-Meeting-Conference-Aree-comuni-2-1024x683.jpg 1024w, https:\/\/burama.be\/app\/uploads\/2023\/09\/Pareti-divisorie-e-cabine-acustiche-S1-per-Ufficio-Direzione-Ufficio-Operativo-Meeting-Conference-Aree-comuni-2-300x200.jpg 300w, https:\/\/burama.be\/app\/uploads\/2023\/09\/Pareti-divisorie-e-cabine-acustiche-S1-per-Ufficio-Direzione-Ufficio-Operativo-Meeting-Conference-Aree-comuni-2-768x512.jpg 768w, https:\/\/burama.be\/app\/uploads\/2023\/09\/Pareti-divisorie-e-cabine-acustiche-S1-per-Ufficio-Direzione-Ufficio-Operativo-Meeting-Conference-Aree-comuni-2.jpg 1500w\" sizes=\"auto, (max-width: 1024px) 100vw, 1024px\" \/>    <\/div>\n    \n    <div class=\"text-center p-3\">\n        <a class=\"stretched-link\" href=\"https:\/\/burama.be\/fr\/categorie_produit\/cloisons\/les-armoires-cloison-sol-plafond\/\">Les armoires cloison sol-plafond<\/a>\n    <\/div>\n<\/div>                                    <\/li>\n                                                                    <li class=\"splide__slide\"><div class=\"position-relative realization_archive__listing__item\">\n    <div class=\"border-top\"><\/div>\n    \n    <div class=\"ratio ratio-4x3 realization_archive__listing__image\">\n        <img loading=\"lazy\" decoding=\"async\" width=\"1024\" height=\"592\" src=\"https:\/\/burama.be\/app\/uploads\/2023\/09\/optimal-110-replie-jpeg-1024x592.jpg\" class=\"object-fit-cover\" alt=\"\" srcset=\"https:\/\/burama.be\/app\/uploads\/2023\/09\/optimal-110-replie-jpeg-1024x592.jpg 1024w, https:\/\/burama.be\/app\/uploads\/2023\/09\/optimal-110-replie-jpeg-300x173.jpg 300w, https:\/\/burama.be\/app\/uploads\/2023\/09\/optimal-110-replie-jpeg-768x444.jpg 768w, https:\/\/burama.be\/app\/uploads\/2023\/09\/optimal-110-replie-jpeg.jpg 1264w\" sizes=\"auto, (max-width: 1024px) 100vw, 1024px\" \/>    <\/div>\n    \n    <div class=\"text-center p-3\">\n        <a class=\"stretched-link\" href=\"https:\/\/burama.be\/fr\/categorie_produit\/mur-mobile\/les-murs-mobiles\/\">Les murs mobiles<\/a>\n    <\/div>\n<\/div>                                    <\/li>\n                                                                    <li class=\"splide__slide\"><div class=\"position-relative realization_archive__listing__item\">\n    <div class=\"border-top\"><\/div>\n    \n    <div class=\"ratio ratio-4x3 realization_archive__listing__image\">\n        <img loading=\"lazy\" decoding=\"async\" width=\"400\" height=\"400\" src=\"https:\/\/burama.be\/app\/uploads\/2023\/04\/7-sieges-24j-7h.jpg\" class=\"object-fit-cover\" alt=\"\" srcset=\"https:\/\/burama.be\/app\/uploads\/2023\/04\/7-sieges-24j-7h.jpg 400w, https:\/\/burama.be\/app\/uploads\/2023\/04\/7-sieges-24j-7h-300x300.jpg 300w, https:\/\/burama.be\/app\/uploads\/2023\/04\/7-sieges-24j-7h-150x150.jpg 150w\" sizes=\"auto, (max-width: 400px) 100vw, 400px\" \/>    <\/div>\n    \n    <div class=\"text-center p-3\">\n        <a class=\"stretched-link\" href=\"https:\/\/burama.be\/fr\/categorie_produit\/chaises-tabourets-canapes\/les-sieges-24h-7\/\">Les si\u00e8ges 24h\/7<\/a>\n    <\/div>\n<\/div>                                    <\/li>\n                                                                    <li class=\"splide__slide\"><div class=\"position-relative realization_archive__listing__item\">\n    <div class=\"border-top\"><\/div>\n    \n    <div class=\"ratio ratio-4x3 realization_archive__listing__image\">\n        <img loading=\"lazy\" decoding=\"async\" width=\"1024\" height=\"695\" src=\"https:\/\/burama.be\/app\/uploads\/2023\/09\/chaise-3d.jpg\" class=\"object-fit-cover\" alt=\"\" srcset=\"https:\/\/burama.be\/app\/uploads\/2023\/09\/chaise-3d.jpg 1024w, https:\/\/burama.be\/app\/uploads\/2023\/09\/chaise-3d-300x204.jpg 300w, https:\/\/burama.be\/app\/uploads\/2023\/09\/chaise-3d-768x521.jpg 768w\" sizes=\"auto, (max-width: 1024px) 100vw, 1024px\" \/>    <\/div>\n    \n    <div class=\"text-center p-3\">\n        <a class=\"stretched-link\" href=\"https:\/\/burama.be\/fr\/categorie_produit\/chaises-tabourets-canapes\/les-sieges-de-bureau-a-mecanique-3d\/\">Les si\u00e8ges de bureau \u00e0 m\u00e9canique 3D<\/a>\n    <\/div>\n<\/div>                                    <\/li>\n                                                                    <li class=\"splide__slide\"><div class=\"position-relative realization_archive__listing__item\">\n    <div class=\"border-top\"><\/div>\n    \n    <div class=\"ratio ratio-4x3 realization_archive__listing__image\">\n        <img loading=\"lazy\" decoding=\"async\" width=\"1024\" height=\"710\" src=\"https:\/\/burama.be\/app\/uploads\/2023\/09\/nwow-1024x710.jpg\" class=\"object-fit-cover\" alt=\"\" srcset=\"https:\/\/burama.be\/app\/uploads\/2023\/09\/nwow-1024x710.jpg 1024w, https:\/\/burama.be\/app\/uploads\/2023\/09\/nwow-300x208.jpg 300w, https:\/\/burama.be\/app\/uploads\/2023\/09\/nwow-768x532.jpg 768w, https:\/\/burama.be\/app\/uploads\/2023\/09\/nwow-1536x1065.jpg 1536w, https:\/\/burama.be\/app\/uploads\/2023\/09\/nwow.jpg 1773w\" sizes=\"auto, (max-width: 1024px) 100vw, 1024px\" \/>    <\/div>\n    \n    <div class=\"text-center p-3\">\n        <a class=\"stretched-link\" href=\"https:\/\/burama.be\/fr\/categorie_produit\/new-ways-of-working\/nwow-les-nouvelles-facons-de-travailler\/\">NWOW, les nouvelles fa\u00e7ons de travailler<\/a>\n    <\/div>\n<\/div>                                    <\/li>\n                                                                    <li class=\"splide__slide\"><div class=\"position-relative realization_archive__listing__item\">\n    <div class=\"border-top\"><\/div>\n    \n    <div class=\"ratio ratio-4x3 realization_archive__listing__image\">\n        <img loading=\"lazy\" decoding=\"async\" width=\"1024\" height=\"768\" src=\"https:\/\/burama.be\/app\/uploads\/2024\/07\/hushoffice-gallery-5-1024x768.jpg\" class=\"object-fit-cover\" alt=\"\" srcset=\"https:\/\/burama.be\/app\/uploads\/2024\/07\/hushoffice-gallery-5-1024x768.jpg 1024w, https:\/\/burama.be\/app\/uploads\/2024\/07\/hushoffice-gallery-5-300x225.jpg 300w, https:\/\/burama.be\/app\/uploads\/2024\/07\/hushoffice-gallery-5-768x576.jpg 768w, https:\/\/burama.be\/app\/uploads\/2024\/07\/hushoffice-gallery-5.jpg 1440w\" sizes=\"auto, (max-width: 1024px) 100vw, 1024px\" \/>    <\/div>\n    \n    <div class=\"text-center p-3\">\n        <a class=\"stretched-link\" href=\"https:\/\/burama.be\/fr\/categorie_produit\/phone-booth\/\">Phone Booth<\/a>\n    <\/div>\n<\/div>                                    <\/li>\n                                                                    <li class=\"splide__slide\"><div class=\"position-relative realization_archive__listing__item\">\n    <div class=\"border-top\"><\/div>\n    \n    <div class=\"ratio ratio-4x3 realization_archive__listing__image\">\n        <img loading=\"lazy\" decoding=\"async\" width=\"560\" height=\"392\" src=\"https:\/\/burama.be\/app\/uploads\/2024\/07\/treehouse-bejot.jpg\" class=\"object-fit-cover\" alt=\"\" srcset=\"https:\/\/burama.be\/app\/uploads\/2024\/07\/treehouse-bejot.jpg 560w, https:\/\/burama.be\/app\/uploads\/2024\/07\/treehouse-bejot-300x210.jpg 300w\" sizes=\"auto, (max-width: 560px) 100vw, 560px\" \/>    <\/div>\n    \n    <div class=\"text-center p-3\">\n        <a class=\"stretched-link\" href=\"https:\/\/burama.be\/fr\/categorie_produit\/alcove-acoustique\/\">Alc\u00f4ve acoustique<\/a>\n    <\/div>\n<\/div>                                    <\/li>\n                                                                    <li class=\"splide__slide\"><div class=\"position-relative realization_archive__listing__item\">\n    <div class=\"border-top\"><\/div>\n    \n    <div class=\"ratio ratio-4x3 realization_archive__listing__image\">\n        <img loading=\"lazy\" decoding=\"async\" width=\"1024\" height=\"634\" src=\"https:\/\/burama.be\/app\/uploads\/2023\/09\/vitrophanie-cloison.jpg\" class=\"object-fit-cover\" alt=\"\" srcset=\"https:\/\/burama.be\/app\/uploads\/2023\/09\/vitrophanie-cloison.jpg 1024w, https:\/\/burama.be\/app\/uploads\/2023\/09\/vitrophanie-cloison-300x186.jpg 300w, https:\/\/burama.be\/app\/uploads\/2023\/09\/vitrophanie-cloison-768x476.jpg 768w\" sizes=\"auto, (max-width: 1024px) 100vw, 1024px\" \/>    <\/div>\n    \n    <div class=\"text-center p-3\">\n        <a class=\"stretched-link\" href=\"https:\/\/burama.be\/fr\/categorie_produit\/film-sable-et-decoratif-pour-cloison\/\">Films privatifs &amp; solaires<\/a>\n    <\/div>\n<\/div>                                    <\/li>\n                                       \n                            <\/ul>\n                        <\/div>\n                        <div class=\"splide__controls\">\n                            <div class=\"splide__progress\">\n                                <div class=\"splide__progress__bar\"><\/div>\n                            <\/div>\n                            <div class=\"position-relative\">\n                            <div class=\"splide__arrows text-start text-lg-end ms-2\">\n                                <button class=\"ms-0 ms-lg-4 my-4 splide__arrow splide__arrow--prev\" type=\"button\" aria-label=\"Previous slide\" aria-controls=\"splide02-track\">\n                                    <svg xmlns=\"http:\/\/www.w3.org\/2000\/svg\" width=\"54\" height=\"54\" viewBox=\"0 0 54 54\">\n                                        <g class=\"arrow-wrapper\" fill=\"#fff\" stroke=\"#707070\" stroke-width=\"1\">\n                                            <circle class=\"arrow-bg-circle\" cx=\"27\" cy=\"27\" r=\"26.5\" fill=\"none\"\/>\n                                        <\/g>\n                                        <path class=\"arrow-path\" d=\"M13.352,11.444a.685.685,0,0,1,.005.965L10.174,15.6H22.3a.682.682,0,0,1,0,1.364H10.174l3.189,3.194a.69.69,0,0,1-.005.965.679.679,0,0,1-.96-.005L8.076,16.768h0a.766.766,0,0,1-.142-.215.651.651,0,0,1-.052-.262.684.684,0,0,1,.194-.477L12.4,11.46A.668.668,0,0,1,13.352,11.444Z\" transform=\"translate(12.242 10.862)\"\/>\n                                    <\/svg>\n                                <\/button>\n                                <button class=\"ms-2 mt-4 splide__arrow splide__arrow--next\" type=\"button\" aria-label=\"Go to first slide\" aria-controls=\"splide02-track\">\n                                    <svg xmlns=\"http:\/\/www.w3.org\/2000\/svg\" width=\"54\" height=\"54\" viewBox=\"0 0 54 54\">\n                                        <g class=\"arrow-wrapper\" fill=\"#fff\" stroke=\"#707070\" stroke-width=\"1\">\n                                            <circle class=\"arrow-bg-circle\" cx=\"27\" cy=\"27\" r=\"26.5\" fill=\"none\"\/>\n                                        <\/g>\n                                        <path class=\"arrow-path\" d=\"M13.352,11.444a.685.685,0,0,1,.005.965L10.174,15.6H22.3a.682.682,0,0,1,0,1.364H10.174l3.189,3.194a.69.69,0,0,1-.005.965.679.679,0,0,1-.96-.005L8.076,16.768h0a.766.766,0,0,1-.142-.215.651.651,0,0,1-.052-.262.684.684,0,0,1,.194-.477L12.4,11.46A.668.668,0,0,1,13.352,11.444Z\" transform=\"translate(12.242 10.862)\"\/>\n                                    <\/svg>\n                                <\/button>\n                            <\/div>\n                            <\/div>\n                        <\/div>\n                    <\/section>\n                <\/div>\n            <\/div>\n        <\/div>\n    <\/div>\n    <div class=\"acf-block acf-block-category-product-slider mt-5\"\n        data-aos=\"fade-up\"\n        data-aos-anchor-placement=\"top-bottom\">\n        <div class=\"container-fluid\">\n                            <div class=\"row\">\n                    <div class=\"col-6 slider__title fs-3 mb-4\">\n                        Armoires, caissons &#038; lockers                    <\/div>\n                <\/div>\n                                    <div class=\"row\">\n                <div class=\"col-12\">\n                    <section class=\"category_slider_seo__main splide mt-5\">\n                        <div class=\"splide__track\">\n                            <ul class=\"splide__list\">\n                                                                    <li class=\"splide__slide\"><div class=\"position-relative realization_archive__listing__item\">\n    <div class=\"border-top\"><\/div>\n    \n    <div class=\"ratio ratio-4x3 realization_archive__listing__image\">\n        <img loading=\"lazy\" decoding=\"async\" width=\"800\" height=\"544\" src=\"https:\/\/burama.be\/app\/uploads\/2024\/07\/Itubes-alea-bureaux-operatifs.jpg\" class=\"object-fit-cover\" alt=\"\" srcset=\"https:\/\/burama.be\/app\/uploads\/2024\/07\/Itubes-alea-bureaux-operatifs.jpg 800w, https:\/\/burama.be\/app\/uploads\/2024\/07\/Itubes-alea-bureaux-operatifs-300x204.jpg 300w, https:\/\/burama.be\/app\/uploads\/2024\/07\/Itubes-alea-bureaux-operatifs-768x522.jpg 768w\" sizes=\"auto, (max-width: 800px) 100vw, 800px\" \/>    <\/div>\n    \n    <div class=\"text-center p-3\">\n        <a class=\"stretched-link\" href=\"https:\/\/burama.be\/fr\/categorie_produit\/bureaux-comptoirs-daccueil\/\">Bureaux &amp; comptoirs d&#8217;accueil<\/a>\n    <\/div>\n<\/div>                                    <\/li>\n                                                                    <li class=\"splide__slide\"><div class=\"position-relative realization_archive__listing__item\">\n    <div class=\"border-top\"><\/div>\n    \n    <div class=\"ratio ratio-4x3 realization_archive__listing__image\">\n        <img loading=\"lazy\" decoding=\"async\" width=\"1024\" height=\"683\" src=\"https:\/\/burama.be\/app\/uploads\/2024\/06\/Armoires-Quadrifoglio-1024x683.jpg\" class=\"object-fit-cover\" alt=\"\" srcset=\"https:\/\/burama.be\/app\/uploads\/2024\/06\/Armoires-Quadrifoglio-1024x683.jpg 1024w, https:\/\/burama.be\/app\/uploads\/2024\/06\/Armoires-Quadrifoglio-300x200.jpg 300w, https:\/\/burama.be\/app\/uploads\/2024\/06\/Armoires-Quadrifoglio-768x512.jpg 768w, https:\/\/burama.be\/app\/uploads\/2024\/06\/Armoires-Quadrifoglio.jpg 1500w\" sizes=\"auto, (max-width: 1024px) 100vw, 1024px\" \/>    <\/div>\n    \n    <div class=\"text-center p-3\">\n        <a class=\"stretched-link\" href=\"https:\/\/burama.be\/fr\/categorie_produit\/armoires-caissons-lockers\/\">Armoires, caissons &amp; lockers<\/a>\n    <\/div>\n<\/div>                                    <\/li>\n                                                                    <li class=\"splide__slide\"><div class=\"position-relative realization_archive__listing__item\">\n    <div class=\"border-top\"><\/div>\n    \n    <div class=\"ratio ratio-4x3 realization_archive__listing__image\">\n        <img loading=\"lazy\" decoding=\"async\" width=\"624\" height=\"400\" src=\"https:\/\/burama.be\/app\/uploads\/2023\/04\/bureau-assis-debout-nwow-mobilier-bureau-burama.jpg\" class=\"object-fit-cover\" alt=\"\" srcset=\"https:\/\/burama.be\/app\/uploads\/2023\/04\/bureau-assis-debout-nwow-mobilier-bureau-burama.jpg 624w, https:\/\/burama.be\/app\/uploads\/2023\/04\/bureau-assis-debout-nwow-mobilier-bureau-burama-300x192.jpg 300w\" sizes=\"auto, (max-width: 624px) 100vw, 624px\" \/>    <\/div>\n    \n    <div class=\"text-center p-3\">\n        <a class=\"stretched-link\" href=\"https:\/\/burama.be\/fr\/categorie_produit\/bureaux-comptoirs-daccueil\/les-bureaux-assis-debout\/\">Les bureaux assis-debout<\/a>\n    <\/div>\n<\/div>                                    <\/li>\n                                                                    <li class=\"splide__slide\"><div class=\"position-relative realization_archive__listing__item\">\n    <div class=\"border-top\"><\/div>\n    \n    <div class=\"ratio ratio-4x3 realization_archive__listing__image\">\n        <img loading=\"lazy\" decoding=\"async\" width=\"533\" height=\"400\" src=\"https:\/\/burama.be\/app\/uploads\/2023\/04\/table-reunion-burama.jpg\" class=\"object-fit-cover\" alt=\"\" srcset=\"https:\/\/burama.be\/app\/uploads\/2023\/04\/table-reunion-burama.jpg 533w, https:\/\/burama.be\/app\/uploads\/2023\/04\/table-reunion-burama-300x225.jpg 300w\" sizes=\"auto, (max-width: 533px) 100vw, 533px\" \/>    <\/div>\n    \n    <div class=\"text-center p-3\">\n        <a class=\"stretched-link\" href=\"https:\/\/burama.be\/fr\/categorie_produit\/salles-tables-de-reunion\/les-tables-de-reunion\/\">Les tables de r\u00e9union<\/a>\n    <\/div>\n<\/div>                                    <\/li>\n                                                                    <li class=\"splide__slide\"><div class=\"position-relative realization_archive__listing__item\">\n    <div class=\"border-top\"><\/div>\n    \n    <div class=\"ratio ratio-4x3 realization_archive__listing__image\">\n        <img loading=\"lazy\" decoding=\"async\" width=\"660\" height=\"495\" src=\"https:\/\/burama.be\/app\/uploads\/2023\/09\/RIM-05-1-scaled-660x495-1.jpg\" class=\"object-fit-cover\" alt=\"\" srcset=\"https:\/\/burama.be\/app\/uploads\/2023\/09\/RIM-05-1-scaled-660x495-1.jpg 660w, https:\/\/burama.be\/app\/uploads\/2023\/09\/RIM-05-1-scaled-660x495-1-300x225.jpg 300w\" sizes=\"auto, (max-width: 660px) 100vw, 660px\" \/>    <\/div>\n    \n    <div class=\"text-center p-3\">\n        <a class=\"stretched-link\" href=\"https:\/\/burama.be\/fr\/categorie_produit\/chaises-tabourets-canapes\/les-sieges-de-bureau-ergonomiques\/\">Les si\u00e8ges de bureau ergonomiques<\/a>\n    <\/div>\n<\/div>                                    <\/li>\n                                                                    <li class=\"splide__slide\"><div class=\"position-relative realization_archive__listing__item\">\n    <div class=\"border-top\"><\/div>\n    \n    <div class=\"ratio ratio-4x3 realization_archive__listing__image\">\n        <img loading=\"lazy\" decoding=\"async\" width=\"1024\" height=\"683\" src=\"https:\/\/burama.be\/app\/uploads\/2023\/09\/Pareti-divisorie-e-cabine-acustiche-M3-per-Ufficio-Direzione-Ufficio-Operativo-Meeting-Conference-Aree-comuni-Area-dattesa-1-3-1-1024x683.jpg\" class=\"object-fit-cover\" alt=\"\" srcset=\"https:\/\/burama.be\/app\/uploads\/2023\/09\/Pareti-divisorie-e-cabine-acustiche-M3-per-Ufficio-Direzione-Ufficio-Operativo-Meeting-Conference-Aree-comuni-Area-dattesa-1-3-1-1024x683.jpg 1024w, https:\/\/burama.be\/app\/uploads\/2023\/09\/Pareti-divisorie-e-cabine-acustiche-M3-per-Ufficio-Direzione-Ufficio-Operativo-Meeting-Conference-Aree-comuni-Area-dattesa-1-3-1-300x200.jpg 300w, https:\/\/burama.be\/app\/uploads\/2023\/09\/Pareti-divisorie-e-cabine-acustiche-M3-per-Ufficio-Direzione-Ufficio-Operativo-Meeting-Conference-Aree-comuni-Area-dattesa-1-3-1-768x512.jpg 768w, https:\/\/burama.be\/app\/uploads\/2023\/09\/Pareti-divisorie-e-cabine-acustiche-M3-per-Ufficio-Direzione-Ufficio-Operativo-Meeting-Conference-Aree-comuni-Area-dattesa-1-3-1.jpg 1500w\" sizes=\"auto, (max-width: 1024px) 100vw, 1024px\" \/>    <\/div>\n    \n    <div class=\"text-center p-3\">\n        <a class=\"stretched-link\" href=\"https:\/\/burama.be\/fr\/categorie_produit\/cloisons\/les-cloisons-en-verre-sol-plafond\/\">Les cloisons en verre sol-plafond<\/a>\n    <\/div>\n<\/div>                                    <\/li>\n                                                                    <li class=\"splide__slide\"><div class=\"position-relative realization_archive__listing__item\">\n    <div class=\"border-top\"><\/div>\n    \n    <div class=\"ratio ratio-4x3 realization_archive__listing__image\">\n        <img loading=\"lazy\" decoding=\"async\" width=\"1024\" height=\"683\" src=\"https:\/\/burama.be\/app\/uploads\/2023\/09\/Pareti-divisorie-e-cabine-acustiche-S1-per-Ufficio-Direzione-Ufficio-Operativo-Meeting-Conference-Aree-comuni-2-1024x683.jpg\" class=\"object-fit-cover\" alt=\"\" srcset=\"https:\/\/burama.be\/app\/uploads\/2023\/09\/Pareti-divisorie-e-cabine-acustiche-S1-per-Ufficio-Direzione-Ufficio-Operativo-Meeting-Conference-Aree-comuni-2-1024x683.jpg 1024w, https:\/\/burama.be\/app\/uploads\/2023\/09\/Pareti-divisorie-e-cabine-acustiche-S1-per-Ufficio-Direzione-Ufficio-Operativo-Meeting-Conference-Aree-comuni-2-300x200.jpg 300w, https:\/\/burama.be\/app\/uploads\/2023\/09\/Pareti-divisorie-e-cabine-acustiche-S1-per-Ufficio-Direzione-Ufficio-Operativo-Meeting-Conference-Aree-comuni-2-768x512.jpg 768w, https:\/\/burama.be\/app\/uploads\/2023\/09\/Pareti-divisorie-e-cabine-acustiche-S1-per-Ufficio-Direzione-Ufficio-Operativo-Meeting-Conference-Aree-comuni-2.jpg 1500w\" sizes=\"auto, (max-width: 1024px) 100vw, 1024px\" \/>    <\/div>\n    \n    <div class=\"text-center p-3\">\n        <a class=\"stretched-link\" href=\"https:\/\/burama.be\/fr\/categorie_produit\/cloisons\/les-armoires-cloison-sol-plafond\/\">Les armoires cloison sol-plafond<\/a>\n    <\/div>\n<\/div>                                    <\/li>\n                                                                    <li class=\"splide__slide\"><div class=\"position-relative realization_archive__listing__item\">\n    <div class=\"border-top\"><\/div>\n    \n    <div class=\"ratio ratio-4x3 realization_archive__listing__image\">\n        <img loading=\"lazy\" decoding=\"async\" width=\"1024\" height=\"592\" src=\"https:\/\/burama.be\/app\/uploads\/2023\/09\/optimal-110-replie-jpeg-1024x592.jpg\" class=\"object-fit-cover\" alt=\"\" srcset=\"https:\/\/burama.be\/app\/uploads\/2023\/09\/optimal-110-replie-jpeg-1024x592.jpg 1024w, https:\/\/burama.be\/app\/uploads\/2023\/09\/optimal-110-replie-jpeg-300x173.jpg 300w, https:\/\/burama.be\/app\/uploads\/2023\/09\/optimal-110-replie-jpeg-768x444.jpg 768w, https:\/\/burama.be\/app\/uploads\/2023\/09\/optimal-110-replie-jpeg.jpg 1264w\" sizes=\"auto, (max-width: 1024px) 100vw, 1024px\" \/>    <\/div>\n    \n    <div class=\"text-center p-3\">\n        <a class=\"stretched-link\" href=\"https:\/\/burama.be\/fr\/categorie_produit\/mur-mobile\/les-murs-mobiles\/\">Les murs mobiles<\/a>\n    <\/div>\n<\/div>                                    <\/li>\n                                                                    <li class=\"splide__slide\"><div class=\"position-relative realization_archive__listing__item\">\n    <div class=\"border-top\"><\/div>\n    \n    <div class=\"ratio ratio-4x3 realization_archive__listing__image\">\n        <img loading=\"lazy\" decoding=\"async\" width=\"400\" height=\"400\" src=\"https:\/\/burama.be\/app\/uploads\/2023\/04\/7-sieges-24j-7h.jpg\" class=\"object-fit-cover\" alt=\"\" srcset=\"https:\/\/burama.be\/app\/uploads\/2023\/04\/7-sieges-24j-7h.jpg 400w, https:\/\/burama.be\/app\/uploads\/2023\/04\/7-sieges-24j-7h-300x300.jpg 300w, https:\/\/burama.be\/app\/uploads\/2023\/04\/7-sieges-24j-7h-150x150.jpg 150w\" sizes=\"auto, (max-width: 400px) 100vw, 400px\" \/>    <\/div>\n    \n    <div class=\"text-center p-3\">\n        <a class=\"stretched-link\" href=\"https:\/\/burama.be\/fr\/categorie_produit\/chaises-tabourets-canapes\/les-sieges-24h-7\/\">Les si\u00e8ges 24h\/7<\/a>\n    <\/div>\n<\/div>                                    <\/li>\n                                                                    <li class=\"splide__slide\"><div class=\"position-relative realization_archive__listing__item\">\n    <div class=\"border-top\"><\/div>\n    \n    <div class=\"ratio ratio-4x3 realization_archive__listing__image\">\n        <img loading=\"lazy\" decoding=\"async\" width=\"1024\" height=\"695\" src=\"https:\/\/burama.be\/app\/uploads\/2023\/09\/chaise-3d.jpg\" class=\"object-fit-cover\" alt=\"\" srcset=\"https:\/\/burama.be\/app\/uploads\/2023\/09\/chaise-3d.jpg 1024w, https:\/\/burama.be\/app\/uploads\/2023\/09\/chaise-3d-300x204.jpg 300w, https:\/\/burama.be\/app\/uploads\/2023\/09\/chaise-3d-768x521.jpg 768w\" sizes=\"auto, (max-width: 1024px) 100vw, 1024px\" \/>    <\/div>\n    \n    <div class=\"text-center p-3\">\n        <a class=\"stretched-link\" href=\"https:\/\/burama.be\/fr\/categorie_produit\/chaises-tabourets-canapes\/les-sieges-de-bureau-a-mecanique-3d\/\">Les si\u00e8ges de bureau \u00e0 m\u00e9canique 3D<\/a>\n    <\/div>\n<\/div>                                    <\/li>\n                                                                    <li class=\"splide__slide\"><div class=\"position-relative realization_archive__listing__item\">\n    <div class=\"border-top\"><\/div>\n    \n    <div class=\"ratio ratio-4x3 realization_archive__listing__image\">\n        <img loading=\"lazy\" decoding=\"async\" width=\"1024\" height=\"710\" src=\"https:\/\/burama.be\/app\/uploads\/2023\/09\/nwow-1024x710.jpg\" class=\"object-fit-cover\" alt=\"\" srcset=\"https:\/\/burama.be\/app\/uploads\/2023\/09\/nwow-1024x710.jpg 1024w, https:\/\/burama.be\/app\/uploads\/2023\/09\/nwow-300x208.jpg 300w, https:\/\/burama.be\/app\/uploads\/2023\/09\/nwow-768x532.jpg 768w, https:\/\/burama.be\/app\/uploads\/2023\/09\/nwow-1536x1065.jpg 1536w, https:\/\/burama.be\/app\/uploads\/2023\/09\/nwow.jpg 1773w\" sizes=\"auto, (max-width: 1024px) 100vw, 1024px\" \/>    <\/div>\n    \n    <div class=\"text-center p-3\">\n        <a class=\"stretched-link\" href=\"https:\/\/burama.be\/fr\/categorie_produit\/new-ways-of-working\/nwow-les-nouvelles-facons-de-travailler\/\">NWOW, les nouvelles fa\u00e7ons de travailler<\/a>\n    <\/div>\n<\/div>                                    <\/li>\n                                                                    <li class=\"splide__slide\"><div class=\"position-relative realization_archive__listing__item\">\n    <div class=\"border-top\"><\/div>\n    \n    <div class=\"ratio ratio-4x3 realization_archive__listing__image\">\n        <img loading=\"lazy\" decoding=\"async\" width=\"1024\" height=\"768\" src=\"https:\/\/burama.be\/app\/uploads\/2024\/07\/hushoffice-gallery-5-1024x768.jpg\" class=\"object-fit-cover\" alt=\"\" srcset=\"https:\/\/burama.be\/app\/uploads\/2024\/07\/hushoffice-gallery-5-1024x768.jpg 1024w, https:\/\/burama.be\/app\/uploads\/2024\/07\/hushoffice-gallery-5-300x225.jpg 300w, https:\/\/burama.be\/app\/uploads\/2024\/07\/hushoffice-gallery-5-768x576.jpg 768w, https:\/\/burama.be\/app\/uploads\/2024\/07\/hushoffice-gallery-5.jpg 1440w\" sizes=\"auto, (max-width: 1024px) 100vw, 1024px\" \/>    <\/div>\n    \n    <div class=\"text-center p-3\">\n        <a class=\"stretched-link\" href=\"https:\/\/burama.be\/fr\/categorie_produit\/phone-booth\/\">Phone Booth<\/a>\n    <\/div>\n<\/div>                                    <\/li>\n                                                                    <li class=\"splide__slide\"><div class=\"position-relative realization_archive__listing__item\">\n    <div class=\"border-top\"><\/div>\n    \n    <div class=\"ratio ratio-4x3 realization_archive__listing__image\">\n        <img loading=\"lazy\" decoding=\"async\" width=\"560\" height=\"392\" src=\"https:\/\/burama.be\/app\/uploads\/2024\/07\/treehouse-bejot.jpg\" class=\"object-fit-cover\" alt=\"\" srcset=\"https:\/\/burama.be\/app\/uploads\/2024\/07\/treehouse-bejot.jpg 560w, https:\/\/burama.be\/app\/uploads\/2024\/07\/treehouse-bejot-300x210.jpg 300w\" sizes=\"auto, (max-width: 560px) 100vw, 560px\" \/>    <\/div>\n    \n    <div class=\"text-center p-3\">\n        <a class=\"stretched-link\" href=\"https:\/\/burama.be\/fr\/categorie_produit\/alcove-acoustique\/\">Alc\u00f4ve acoustique<\/a>\n    <\/div>\n<\/div>                                    <\/li>\n                                                                    <li class=\"splide__slide\"><div class=\"position-relative realization_archive__listing__item\">\n    <div class=\"border-top\"><\/div>\n    \n    <div class=\"ratio ratio-4x3 realization_archive__listing__image\">\n        <img loading=\"lazy\" decoding=\"async\" width=\"1024\" height=\"634\" src=\"https:\/\/burama.be\/app\/uploads\/2023\/09\/vitrophanie-cloison.jpg\" class=\"object-fit-cover\" alt=\"\" srcset=\"https:\/\/burama.be\/app\/uploads\/2023\/09\/vitrophanie-cloison.jpg 1024w, https:\/\/burama.be\/app\/uploads\/2023\/09\/vitrophanie-cloison-300x186.jpg 300w, https:\/\/burama.be\/app\/uploads\/2023\/09\/vitrophanie-cloison-768x476.jpg 768w\" sizes=\"auto, (max-width: 1024px) 100vw, 1024px\" \/>    <\/div>\n    \n    <div class=\"text-center p-3\">\n        <a class=\"stretched-link\" href=\"https:\/\/burama.be\/fr\/categorie_produit\/film-sable-et-decoratif-pour-cloison\/\">Films privatifs &amp; solaires<\/a>\n    <\/div>\n<\/div>                                    <\/li>\n                                       \n                            <\/ul>\n                        <\/div>\n                        <div class=\"splide__controls\">\n                            <div class=\"splide__progress\">\n                                <div class=\"splide__progress__bar\"><\/div>\n                            <\/div>\n                            <div class=\"position-relative\">\n                            <div class=\"splide__arrows text-start text-lg-end ms-2\">\n                                <button class=\"ms-0 ms-lg-4 my-4 splide__arrow splide__arrow--prev\" type=\"button\" aria-label=\"Previous slide\" aria-controls=\"splide02-track\">\n                                    <svg xmlns=\"http:\/\/www.w3.org\/2000\/svg\" width=\"54\" height=\"54\" viewBox=\"0 0 54 54\">\n                                        <g class=\"arrow-wrapper\" fill=\"#fff\" stroke=\"#707070\" stroke-width=\"1\">\n                                            <circle class=\"arrow-bg-circle\" cx=\"27\" cy=\"27\" r=\"26.5\" fill=\"none\"\/>\n                                        <\/g>\n                                        <path class=\"arrow-path\" d=\"M13.352,11.444a.685.685,0,0,1,.005.965L10.174,15.6H22.3a.682.682,0,0,1,0,1.364H10.174l3.189,3.194a.69.69,0,0,1-.005.965.679.679,0,0,1-.96-.005L8.076,16.768h0a.766.766,0,0,1-.142-.215.651.651,0,0,1-.052-.262.684.684,0,0,1,.194-.477L12.4,11.46A.668.668,0,0,1,13.352,11.444Z\" transform=\"translate(12.242 10.862)\"\/>\n                                    <\/svg>\n                                <\/button>\n                                <button class=\"ms-2 mt-4 splide__arrow splide__arrow--next\" type=\"button\" aria-label=\"Go to first slide\" aria-controls=\"splide02-track\">\n                                    <svg xmlns=\"http:\/\/www.w3.org\/2000\/svg\" width=\"54\" height=\"54\" viewBox=\"0 0 54 54\">\n                                        <g class=\"arrow-wrapper\" fill=\"#fff\" stroke=\"#707070\" stroke-width=\"1\">\n                                            <circle class=\"arrow-bg-circle\" cx=\"27\" cy=\"27\" r=\"26.5\" fill=\"none\"\/>\n                                        <\/g>\n                                        <path class=\"arrow-path\" d=\"M13.352,11.444a.685.685,0,0,1,.005.965L10.174,15.6H22.3a.682.682,0,0,1,0,1.364H10.174l3.189,3.194a.69.69,0,0,1-.005.965.679.679,0,0,1-.96-.005L8.076,16.768h0a.766.766,0,0,1-.142-.215.651.651,0,0,1-.052-.262.684.684,0,0,1,.194-.477L12.4,11.46A.668.668,0,0,1,13.352,11.444Z\" transform=\"translate(12.242 10.862)\"\/>\n                                    <\/svg>\n                                <\/button>\n                            <\/div>\n                            <\/div>\n                        <\/div>\n                    <\/section>\n                <\/div>\n            <\/div>\n        <\/div>\n    <\/div>\n","protected":false},"featured_media":0,"parent":0,"menu_order":0,"template":"","class_list":["post-31232","seopage","type-seopage","status-publish","hentry"],"acf":[],"yoast_head":"<!-- This site is optimized with the Yoast SEO plugin v26.9 - https:\/\/yoast.com\/product\/yoast-seo-wordpress\/ -->\n<title>Bulle acoustique | Burama<\/title>\n<meta name=\"description\" content=\"Conception d&#039;espace de travail innovant et mobilier de bureau professionnel. Fort de ses 50 ans d&#039;expertise, Burama est le partenaire pour votre projet!\" \/>\n<meta name=\"robots\" content=\"index, follow, max-snippet:-1, max-image-preview:large, max-video-preview:-1\" \/>\n<link rel=\"canonical\" href=\"https:\/\/burama.be\/fr\/articles\/62-bulle-acoustique\/\" \/>\n<meta property=\"og:type\" content=\"article\" \/>\n<meta property=\"og:title\" content=\"Bulle acoustique | Burama\" \/>\n<meta property=\"og:description\" content=\"Conception d&#039;espace de travail innovant et mobilier de bureau professionnel. Fort de ses 50 ans d&#039;expertise, Burama est le partenaire pour votre projet!\" \/>\n<meta property=\"og:url\" content=\"https:\/\/burama.be\/fr\/articles\/62-bulle-acoustique\/\" \/>\n<meta property=\"og:site_name\" content=\"Burama\" \/>\n<meta property=\"article:publisher\" content=\"https:\/\/www.facebook.com\/buramafurniture\" \/>\n<meta property=\"article:modified_time\" content=\"2024-03-25T08:00:43+00:00\" \/>\n<meta name=\"twitter:card\" content=\"summary_large_image\" \/>\n<meta name=\"twitter:title\" content=\"Bulle acoustique | Burama\" \/>\n<meta name=\"twitter:description\" content=\"Conception d&#039;espace de travail innovant et mobilier de bureau professionnel. Fort de ses 50 ans d&#039;expertise, Burama est le partenaire pour votre projet!\" \/>\n<script type=\"application\/ld+json\" class=\"yoast-schema-graph\">{\"@context\":\"https:\/\/schema.org\",\"@graph\":[{\"@type\":\"WebPage\",\"@id\":\"https:\/\/burama.be\/fr\/articles\/62-bulle-acoustique\/\",\"url\":\"https:\/\/burama.be\/fr\/articles\/62-bulle-acoustique\/\",\"name\":\"Bulle acoustique | Burama\",\"isPartOf\":{\"@id\":\"https:\/\/burama.be\/fr\/#website\"},\"datePublished\":\"2023-09-05T13:08:11+00:00\",\"dateModified\":\"2024-03-25T08:00:43+00:00\",\"description\":\"Conception d'espace de travail innovant et mobilier de bureau professionnel. Fort de ses 50 ans d'expertise, Burama est le partenaire pour votre projet!\",\"breadcrumb\":{\"@id\":\"https:\/\/burama.be\/fr\/articles\/62-bulle-acoustique\/#breadcrumb\"},\"inLanguage\":\"fr-FR\",\"potentialAction\":[{\"@type\":\"ReadAction\",\"target\":[\"https:\/\/burama.be\/fr\/articles\/62-bulle-acoustique\/\"]}]},{\"@type\":\"BreadcrumbList\",\"@id\":\"https:\/\/burama.be\/fr\/articles\/62-bulle-acoustique\/#breadcrumb\",\"itemListElement\":[{\"@type\":\"ListItem\",\"position\":1,\"name\":\"Home\",\"item\":\"https:\/\/burama.be\/fr\/\"},{\"@type\":\"ListItem\",\"position\":2,\"name\":\"Bulle acoustique\"}]},{\"@type\":\"WebSite\",\"@id\":\"https:\/\/burama.be\/fr\/#website\",\"url\":\"https:\/\/burama.be\/fr\/\",\"name\":\"Burama\",\"description\":\"Improving your workspace\",\"publisher\":{\"@id\":\"https:\/\/burama.be\/fr\/#organization\"},\"potentialAction\":[{\"@type\":\"SearchAction\",\"target\":{\"@type\":\"EntryPoint\",\"urlTemplate\":\"https:\/\/burama.be\/fr\/?s={search_term_string}\"},\"query-input\":{\"@type\":\"PropertyValueSpecification\",\"valueRequired\":true,\"valueName\":\"search_term_string\"}}],\"inLanguage\":\"fr-FR\"},{\"@type\":\"Organization\",\"@id\":\"https:\/\/burama.be\/fr\/#organization\",\"name\":\"Burama\",\"url\":\"https:\/\/burama.be\/fr\/\",\"logo\":{\"@type\":\"ImageObject\",\"inLanguage\":\"fr-FR\",\"@id\":\"https:\/\/burama.be\/fr\/#\/schema\/logo\/image\/\",\"url\":\"https:\/\/burama.be\/app\/uploads\/2023\/02\/burama-logo-footer.svg\",\"contentUrl\":\"https:\/\/burama.be\/app\/uploads\/2023\/02\/burama-logo-footer.svg\",\"width\":1,\"height\":1,\"caption\":\"Burama\"},\"image\":{\"@id\":\"https:\/\/burama.be\/fr\/#\/schema\/logo\/image\/\"},\"sameAs\":[\"https:\/\/www.facebook.com\/buramafurniture\",\"https:\/\/be.linkedin.com\/company\/burama-be\",\"https:\/\/www.instagram.com\/burama.be\"]}]}<\/script>\n<!-- \/ Yoast SEO plugin. -->","yoast_head_json":{"title":"Bulle acoustique | Burama","description":"Conception d'espace de travail innovant et mobilier de bureau professionnel. Fort de ses 50 ans d'expertise, Burama est le partenaire pour votre projet!","robots":{"index":"index","follow":"follow","max-snippet":"max-snippet:-1","max-image-preview":"max-image-preview:large","max-video-preview":"max-video-preview:-1"},"canonical":"https:\/\/burama.be\/fr\/articles\/62-bulle-acoustique\/","og_type":"article","og_title":"Bulle acoustique | Burama","og_description":"Conception d'espace de travail innovant et mobilier de bureau professionnel. Fort de ses 50 ans d'expertise, Burama est le partenaire pour votre projet!","og_url":"https:\/\/burama.be\/fr\/articles\/62-bulle-acoustique\/","og_site_name":"Burama","article_publisher":"https:\/\/www.facebook.com\/buramafurniture","article_modified_time":"2024-03-25T08:00:43+00:00","twitter_card":"summary_large_image","twitter_title":"Bulle acoustique | Burama","twitter_description":"Conception d'espace de travail innovant et mobilier de bureau professionnel. Fort de ses 50 ans d'expertise, Burama est le partenaire pour votre projet!","schema":{"@context":"https:\/\/schema.org","@graph":[{"@type":"WebPage","@id":"https:\/\/burama.be\/fr\/articles\/62-bulle-acoustique\/","url":"https:\/\/burama.be\/fr\/articles\/62-bulle-acoustique\/","name":"Bulle acoustique | Burama","isPartOf":{"@id":"https:\/\/burama.be\/fr\/#website"},"datePublished":"2023-09-05T13:08:11+00:00","dateModified":"2024-03-25T08:00:43+00:00","description":"Conception d'espace de travail innovant et mobilier de bureau professionnel. Fort de ses 50 ans d'expertise, Burama est le partenaire pour votre projet!","breadcrumb":{"@id":"https:\/\/burama.be\/fr\/articles\/62-bulle-acoustique\/#breadcrumb"},"inLanguage":"fr-FR","potentialAction":[{"@type":"ReadAction","target":["https:\/\/burama.be\/fr\/articles\/62-bulle-acoustique\/"]}]},{"@type":"BreadcrumbList","@id":"https:\/\/burama.be\/fr\/articles\/62-bulle-acoustique\/#breadcrumb","itemListElement":[{"@type":"ListItem","position":1,"name":"Home","item":"https:\/\/burama.be\/fr\/"},{"@type":"ListItem","position":2,"name":"Bulle acoustique"}]},{"@type":"WebSite","@id":"https:\/\/burama.be\/fr\/#website","url":"https:\/\/burama.be\/fr\/","name":"Burama","description":"Improving your workspace","publisher":{"@id":"https:\/\/burama.be\/fr\/#organization"},"potentialAction":[{"@type":"SearchAction","target":{"@type":"EntryPoint","urlTemplate":"https:\/\/burama.be\/fr\/?s={search_term_string}"},"query-input":{"@type":"PropertyValueSpecification","valueRequired":true,"valueName":"search_term_string"}}],"inLanguage":"fr-FR"},{"@type":"Organization","@id":"https:\/\/burama.be\/fr\/#organization","name":"Burama","url":"https:\/\/burama.be\/fr\/","logo":{"@type":"ImageObject","inLanguage":"fr-FR","@id":"https:\/\/burama.be\/fr\/#\/schema\/logo\/image\/","url":"https:\/\/burama.be\/app\/uploads\/2023\/02\/burama-logo-footer.svg","contentUrl":"https:\/\/burama.be\/app\/uploads\/2023\/02\/burama-logo-footer.svg","width":1,"height":1,"caption":"Burama"},"image":{"@id":"https:\/\/burama.be\/fr\/#\/schema\/logo\/image\/"},"sameAs":["https:\/\/www.facebook.com\/buramafurniture","https:\/\/be.linkedin.com\/company\/burama-be","https:\/\/www.instagram.com\/burama.be"]}]}},"_links":{"self":[{"href":"https:\/\/burama.be\/fr\/wp-json\/wp\/v2\/seopage\/31232","targetHints":{"allow":["GET"]}}],"collection":[{"href":"https:\/\/burama.be\/fr\/wp-json\/wp\/v2\/seopage"}],"about":[{"href":"https:\/\/burama.be\/fr\/wp-json\/wp\/v2\/types\/seopage"}],"wp:attachment":[{"href":"https:\/\/burama.be\/fr\/wp-json\/wp\/v2\/media?parent=31232"}],"curies":[{"name":"wp","href":"https:\/\/api.w.org\/{rel}","templated":true}]}}