{"id":43454,"date":"2024-07-29T13:10:51","date_gmt":"2024-07-29T11:10:51","guid":{"rendered":"https:\/\/burama.be\/?post_type=seopage&#038;p=43454"},"modified":"2024-08-19T13:36:06","modified_gmt":"2024-08-19T11:36:06","slug":"117-verre-a-opacite-commandee","status":"publish","type":"seopage","link":"https:\/\/burama.be\/fr\/articles\/117-verre-a-opacite-commandee\/","title":{"rendered":"Verre \u00e0 opacit\u00e9 command\u00e9e"},"content":{"rendered":"\n<div class=\"acf-block core-block-paragraph\" data-aos=\"fade-up\">\n    <div class=\"container-fluid\">\n        \n<p><\/p>\n    <\/div>\n<\/div>\n\n<div class=\"acf-block acf-block-paragraph\" data-aos=\"fade-up\" data-aos-anchor-placement=\"top-bottom\">\n    <div class=\"container-fluid\">\n        <div class=\"content-container\">\n            <div class=\"row\">\n                <div class=\"col-lg-6 pe-lg-0\"><div class='section__wrapper_image  has_shadow'><div class='section__bg'><\/div><div class=\"section__image image__landscape\"><img loading=\"lazy\" decoding=\"async\" width=\"1089\" height=\"631\" src=\"https:\/\/burama.be\/app\/uploads\/2023\/09\/priva-lite.jpg\" class=\"w-100\" alt=\"\" srcset=\"https:\/\/burama.be\/app\/uploads\/2023\/09\/priva-lite.jpg 1089w, https:\/\/burama.be\/app\/uploads\/2023\/09\/priva-lite-300x174.jpg 300w, https:\/\/burama.be\/app\/uploads\/2023\/09\/priva-lite-1024x593.jpg 1024w, https:\/\/burama.be\/app\/uploads\/2023\/09\/priva-lite-768x445.jpg 768w\" sizes=\"auto, (max-width: 1089px) 100vw, 1089px\" \/><\/div> <\/div><\/div>\n                <div class=\"col-lg-6\"><h1 class=\"section__title\">Verre \u00e0 opacit\u00e9 command\u00e9e<\/h1><div class=\"section__content\"><h2>Comment le verre \u00e0 opacit\u00e9 command\u00e9e peut-il \u00eatre utilis\u00e9 dans des bureaux ?<\/h2>\n<p>Le verre \u00e0 opacit\u00e9 command\u00e9e Priva-Lite\u00a9 vendu par Burama peut-\u00eatre un v\u00e9ritable atout dans de tr\u00e8s nombreux espaces professionnels. Dans les bureaux classiques, l&#8217;utilisation de cloisons en verre avec le syst\u00e8me Priva-lite\u00a9 semble \u00e9vident dans les configurations suivantes :<\/p>\n<ul>\n<li data-leveltext=\"-\" data-font=\"Calibri\" data-listid=\"3\" data-list-defn-props=\"{&quot;335551500&quot;:0,&quot;335551671&quot;:0,&quot;335552541&quot;:1,&quot;335559685&quot;:720,&quot;335559991&quot;:360,&quot;469769226&quot;:&quot;Calibri&quot;,&quot;469769242&quot;:[8226],&quot;469777803&quot;:&quot;left&quot;,&quot;469777804&quot;:&quot;-&quot;,&quot;469777815&quot;:&quot;hybridMultilevel&quot;}\" aria-setsize=\"-1\" data-aria-posinset=\"7\" data-aria-level=\"1\">bureau individuel enclav\u00e9 au milieu d\u2019un open-space ;<\/li>\n<\/ul>\n<ul>\n<li data-leveltext=\"-\" data-font=\"Calibri\" data-listid=\"3\" data-list-defn-props=\"{&quot;335551500&quot;:0,&quot;335551671&quot;:0,&quot;335552541&quot;:1,&quot;335559685&quot;:720,&quot;335559991&quot;:360,&quot;469769226&quot;:&quot;Calibri&quot;,&quot;469769242&quot;:[8226],&quot;469777803&quot;:&quot;left&quot;,&quot;469777804&quot;:&quot;-&quot;,&quot;469777815&quot;:&quot;hybridMultilevel&quot;}\" aria-setsize=\"-1\" data-aria-posinset=\"8\" data-aria-level=\"1\">bureau multi-usages ;<\/li>\n<\/ul>\n<ul>\n<li data-leveltext=\"-\" data-font=\"Calibri\" data-listid=\"3\" data-list-defn-props=\"{&quot;335551500&quot;:0,&quot;335551671&quot;:0,&quot;335552541&quot;:1,&quot;335559685&quot;:720,&quot;335559991&quot;:360,&quot;469769226&quot;:&quot;Calibri&quot;,&quot;469769242&quot;:[8226],&quot;469777803&quot;:&quot;left&quot;,&quot;469777804&quot;:&quot;-&quot;,&quot;469777815&quot;:&quot;hybridMultilevel&quot;}\" aria-setsize=\"-1\" data-aria-posinset=\"9\" data-aria-level=\"1\">bureaux de r\u00e9ception de client\u00e8le tr\u00e8s proches les uns des autres\u2026<\/li>\n<\/ul>\n<p>Ainsi, par exemple, un notaire peut avoir besoin, \u00e0 un instant T, de projeter des documents confidentiels sur son \u00e9cran de r\u00e9troprojecteur, sans que les bureaux autour ne puissent lire. Un conseil d\u2019administration peut avoir lieu dans un bureau o\u00f9, la plupart du temps, il n\u2019y a pas besoin de confidentialit\u00e9. Un groupe de travail temporaire peut avoir besoin de travailler discr\u00e8tement sur un projet futur, tant que celui-ci n\u2019est pas valid\u00e9.<\/p>\n<p>Nous avons l\u00e0 autant d\u2019exemples de situations o\u00f9 les cloisons en verre &#8220;classiques&#8221; d\u2019un bureau ont besoin de devenir opaques.<\/p>\n<p>Gr\u00e2ce au verre \u00e0 opacit\u00e9 command\u00e9e Priva-Lite\u00a9, tout cela devient possible et facile, tout en conservant des parois en verre, avec les avantages que l\u2019on conna\u00eet :<\/p>\n<ul>\n<li data-leveltext=\"-\" data-font=\"Calibri\" data-listid=\"3\" data-list-defn-props=\"{&quot;335551500&quot;:0,&quot;335551671&quot;:0,&quot;335552541&quot;:1,&quot;335559685&quot;:720,&quot;335559991&quot;:360,&quot;469769226&quot;:&quot;Calibri&quot;,&quot;469769242&quot;:[8226],&quot;469777803&quot;:&quot;left&quot;,&quot;469777804&quot;:&quot;-&quot;,&quot;469777815&quot;:&quot;hybridMultilevel&quot;}\" aria-setsize=\"-1\" data-aria-posinset=\"10\" data-aria-level=\"1\">luminosit\u00e9 ;<\/li>\n<\/ul>\n<ul>\n<li data-leveltext=\"-\" data-font=\"Calibri\" data-listid=\"3\" data-list-defn-props=\"{&quot;335551500&quot;:0,&quot;335551671&quot;:0,&quot;335552541&quot;:1,&quot;335559685&quot;:720,&quot;335559991&quot;:360,&quot;469769226&quot;:&quot;Calibri&quot;,&quot;469769242&quot;:[8226],&quot;469777803&quot;:&quot;left&quot;,&quot;469777804&quot;:&quot;-&quot;,&quot;469777815&quot;:&quot;hybridMultilevel&quot;}\" aria-setsize=\"-1\" data-aria-posinset=\"11\" data-aria-level=\"1\">impression de grandeur ;<\/li>\n<\/ul>\n<ul>\n<li data-leveltext=\"-\" data-font=\"Calibri\" data-listid=\"3\" data-list-defn-props=\"{&quot;335551500&quot;:0,&quot;335551671&quot;:0,&quot;335552541&quot;:1,&quot;335559685&quot;:720,&quot;335559991&quot;:360,&quot;469769226&quot;:&quot;Calibri&quot;,&quot;469769242&quot;:[8226],&quot;469777803&quot;:&quot;left&quot;,&quot;469777804&quot;:&quot;-&quot;,&quot;469777815&quot;:&quot;hybridMultilevel&quot;}\" aria-setsize=\"-1\" data-aria-posinset=\"12\" data-aria-level=\"1\">design ;<\/li>\n<\/ul>\n<ul>\n<li data-leveltext=\"-\" data-font=\"Calibri\" data-listid=\"3\" data-list-defn-props=\"{&quot;335551500&quot;:0,&quot;335551671&quot;:0,&quot;335552541&quot;:1,&quot;335559685&quot;:720,&quot;335559991&quot;:360,&quot;469769226&quot;:&quot;Calibri&quot;,&quot;469769242&quot;:[8226],&quot;469777803&quot;:&quot;left&quot;,&quot;469777804&quot;:&quot;-&quot;,&quot;469777815&quot;:&quot;hybridMultilevel&quot;}\" aria-setsize=\"-1\" data-aria-posinset=\"13\" data-aria-level=\"1\">convivialit\u00e9, etc.<\/li>\n<\/ul>\n<\/div><\/div>\n            <\/div>\n        <\/div>\n    <\/div>\n<\/div>\n\n<div class=\"acf-block acf-block-paragraph\" data-aos=\"fade-up\" data-aos-anchor-placement=\"top-bottom\">\n    <div class=\"container-fluid\">\n        <div class=\"content-container\">\n            <div class=\"row\">\n                <div class=\"col-lg-12 col-with-space\"><h2 class=\"acf-block__title section__title my-3\">\u00c0 quels types de locaux professionnels le verre \u00e0 opacit\u00e9 command\u00e9e peut-il s\u2019adapter ?  <\/h2><div class=\"section__content\"><p>Les bureaux classiques ne sont pas les seuls \u00e0 pouvoir tirer avantage du verre \u00e0 opacit\u00e9 command\u00e9e. De nombreux exemples peuvent \u00eatre trouv\u00e9s. Dans des espaces m\u00e9dicaux, pharmaceutiques, scientifiques, etc., Priva-Lite\u00a9 peut permettre d\u2019isoler rapidement un lieu, en \u00e9vitant les parois pleines ou rideaux en tissus, moins hygi\u00e9niques. Dans un h\u00f4tel design, Il donne l&#8217;opportunit\u00e9 aux clients de choisir de rendre translucide ou non la salle de bain d&#8217;une suite par exemple selon leurs envies.<\/p>\n<p>Dans des espaces de bien-\u00eatre ou des lieux de r\u00e9ception, le verre \u00e0 opacit\u00e9 command\u00e9e peut permettre de privatiser facilement certaines parties des locaux. Une salle de r\u00e9ception luxueuse peut offrir une vue sur le jardin et\/ou la piscine en journ\u00e9e, puis devenir opaque en soir\u00e9e. L\u2019intimit\u00e9 de la r\u00e9ception est alors pr\u00e9serv\u00e9e, malgr\u00e9 la lumi\u00e8re allum\u00e9e \u00e0 l\u2019int\u00e9rieur et la nuit dehors. On peut m\u00eame imaginer, dans une salle de restaurant, la possibilit\u00e9 de cr\u00e9er un espace intimiste pour les r\u00e9servations de grandes tables.<\/p>\n<h2 aria-level=\"2\">Outre la confidentialit\u00e9, quels sont les autres avantages du verre \u00e0 opacit\u00e9 command\u00e9e ?<\/h2>\n<p>Le verre \u00e0 opacit\u00e9 command\u00e9e Priva-Lite\u00a9 pr\u00e9sente \u00e9galement comme avantages de :<\/p>\n<ul>\n<li data-leveltext=\"-\" data-font=\"Calibri\" data-listid=\"3\" data-list-defn-props=\"{&quot;335551500&quot;:0,&quot;335551671&quot;:0,&quot;335552541&quot;:1,&quot;335559685&quot;:720,&quot;335559991&quot;:360,&quot;469769226&quot;:&quot;Calibri&quot;,&quot;469769242&quot;:[8226],&quot;469777803&quot;:&quot;left&quot;,&quot;469777804&quot;:&quot;-&quot;,&quot;469777815&quot;:&quot;hybridMultilevel&quot;}\" aria-setsize=\"-1\" data-aria-posinset=\"14\" data-aria-level=\"1\">prot\u00e9ger des UV, afin de profiter du soleil sans en subir les m\u00e9faits ;<\/li>\n<\/ul>\n<ul>\n<li data-leveltext=\"-\" data-font=\"Calibri\" data-listid=\"3\" data-list-defn-props=\"{&quot;335551500&quot;:0,&quot;335551671&quot;:0,&quot;335552541&quot;:1,&quot;335559685&quot;:720,&quot;335559991&quot;:360,&quot;469769226&quot;:&quot;Calibri&quot;,&quot;469769242&quot;:[8226],&quot;469777803&quot;:&quot;left&quot;,&quot;469777804&quot;:&quot;-&quot;,&quot;469777815&quot;:&quot;hybridMultilevel&quot;}\" aria-setsize=\"-1\" data-aria-posinset=\"15\" data-aria-level=\"1\">pouvoir servir d\u2019\u00e9cran de projection ;<\/li>\n<\/ul>\n<ul>\n<li data-leveltext=\"-\" data-font=\"Calibri\" data-listid=\"3\" data-list-defn-props=\"{&quot;335551500&quot;:0,&quot;335551671&quot;:0,&quot;335552541&quot;:1,&quot;335559685&quot;:720,&quot;335559991&quot;:360,&quot;469769226&quot;:&quot;Calibri&quot;,&quot;469769242&quot;:[8226],&quot;469777803&quot;:&quot;left&quot;,&quot;469777804&quot;:&quot;-&quot;,&quot;469777815&quot;:&quot;hybridMultilevel&quot;}\" aria-setsize=\"-1\" data-aria-posinset=\"16\" data-aria-level=\"1\">exister en diff\u00e9rentes couleurs et dimensions et de pouvoir \u00eatre bomb\u00e9s, s\u00e9rigraphi\u00e9s ou sabl\u00e9s ;<\/li>\n<\/ul>\n<ul>\n<li data-leveltext=\"-\" data-font=\"Calibri\" data-listid=\"3\" data-list-defn-props=\"{&quot;335551500&quot;:0,&quot;335551671&quot;:0,&quot;335552541&quot;:1,&quot;335559685&quot;:720,&quot;335559991&quot;:360,&quot;469769226&quot;:&quot;Calibri&quot;,&quot;469769242&quot;:[8226],&quot;469777803&quot;:&quot;left&quot;,&quot;469777804&quot;:&quot;-&quot;,&quot;469777815&quot;:&quot;hybridMultilevel&quot;}\" aria-setsize=\"-1\" data-aria-posinset=\"17\" data-aria-level=\"1\">se d\u00e9cliner en version coulissante et fixe ;<\/li>\n<\/ul>\n<ul>\n<li data-leveltext=\"-\" data-font=\"Calibri\" data-listid=\"3\" data-list-defn-props=\"{&quot;335551500&quot;:0,&quot;335551671&quot;:0,&quot;335552541&quot;:1,&quot;335559685&quot;:720,&quot;335559991&quot;:360,&quot;469769226&quot;:&quot;Calibri&quot;,&quot;469769242&quot;:[8226],&quot;469777803&quot;:&quot;left&quot;,&quot;469777804&quot;:&quot;-&quot;,&quot;469777815&quot;:&quot;hybridMultilevel&quot;}\" aria-setsize=\"-1\" data-aria-posinset=\"18\" data-aria-level=\"1\">\u00eatre design et \u00e9l\u00e9gant ;<\/li>\n<\/ul>\n<ul>\n<li data-leveltext=\"-\" data-font=\"Calibri\" data-listid=\"3\" data-list-defn-props=\"{&quot;335551500&quot;:0,&quot;335551671&quot;:0,&quot;335552541&quot;:1,&quot;335559685&quot;:720,&quot;335559991&quot;:360,&quot;469769226&quot;:&quot;Calibri&quot;,&quot;469769242&quot;:[8226],&quot;469777803&quot;:&quot;left&quot;,&quot;469777804&quot;:&quot;-&quot;,&quot;469777815&quot;:&quot;hybridMultilevel&quot;}\" aria-setsize=\"-1\" data-aria-posinset=\"19\" data-aria-level=\"1\">consommer peu d\u2019\u00e9lectricit\u00e9 ;<\/li>\n<\/ul>\n<ul>\n<li data-leveltext=\"-\" data-font=\"Calibri\" data-listid=\"3\" data-list-defn-props=\"{&quot;335551500&quot;:0,&quot;335551671&quot;:0,&quot;335552541&quot;:1,&quot;335559685&quot;:720,&quot;335559991&quot;:360,&quot;469769226&quot;:&quot;Calibri&quot;,&quot;469769242&quot;:[8226],&quot;469777803&quot;:&quot;left&quot;,&quot;469777804&quot;:&quot;-&quot;,&quot;469777815&quot;:&quot;hybridMultilevel&quot;}\" aria-setsize=\"-1\" data-aria-posinset=\"20\" data-aria-level=\"1\">passer tr\u00e8s rapidement du transparent au translucide ;<\/li>\n<\/ul>\n<ul>\n<li data-leveltext=\"-\" data-font=\"Calibri\" data-listid=\"3\" data-list-defn-props=\"{&quot;335551500&quot;:0,&quot;335551671&quot;:0,&quot;335552541&quot;:1,&quot;335559685&quot;:720,&quot;335559991&quot;:360,&quot;469769226&quot;:&quot;Calibri&quot;,&quot;469769242&quot;:[8226],&quot;469777803&quot;:&quot;left&quot;,&quot;469777804&quot;:&quot;-&quot;,&quot;469777815&quot;:&quot;hybridMultilevel&quot;}\" aria-setsize=\"-1\" data-aria-posinset=\"21\" data-aria-level=\"1\">\u00eatre certifi\u00e9 EOD et conforme \u00e0 la norme EN 356.<\/li>\n<\/ul>\n<p>Les mod\u00e8les color\u00e9s et non-color\u00e9s de verre \u00e0 opacit\u00e9 command\u00e9e ont \u00e9t\u00e9 con\u00e7us pour permettre la meilleure luminosit\u00e9 possible. Concernant l\u2019installation du verre \u00e0 opacit\u00e9 command\u00e9e, vous n\u2019avez aucun souci \u00e0 vous faire : Burama sera \u00e0 vos c\u00f4t\u00e9s pour le choix et la conception, mais aussi pour la r\u00e9alisation et l\u2019installation de votre projet d\u2019am\u00e9nagement.<\/p>\n<\/div><\/div>\n                <div class=\"d-none\"><\/div>\n            <\/div>\n        <\/div>\n    <\/div>\n<\/div>\n\n<div class=\"acf-block acf-block-paragraph\" data-aos=\"fade-up\" data-aos-anchor-placement=\"top-bottom\">\n    <div class=\"container-fluid\">\n        <div class=\"content-container\">\n            <div class=\"row\">\n                <div class=\"col-lg-6\"><h2 class=\"acf-block__title section__title my-3\">Comment fonctionne le verre \u00e0 opacit\u00e9 command\u00e9e ?  <\/h2><div class=\"section__content\"><p><span class=\"TextRun Highlight SCXW220469278 BCX0\" lang=\"FR-BE\" xml:lang=\"FR-BE\" data-contrast=\"none\"><span class=\"NormalTextRun SCXW220469278 BCX0\">Pour passer de transparent \u00e0 translucide, le <\/span><\/span><span class=\"TextRun Highlight SCXW220469278 BCX0\" lang=\"FR-BE\" xml:lang=\"FR-BE\" data-contrast=\"none\"><span class=\"NormalTextRun SCXW220469278 BCX0\">verre \u00e0 opacit\u00e9 command\u00e9e<\/span><\/span><span class=\"TextRun Highlight SCXW220469278 BCX0\" lang=\"FR-BE\" xml:lang=\"FR-BE\" data-contrast=\"none\"><span class=\"NormalTextRun SCXW220469278 BCX0\"> a simplement besoin d\u2019\u00e9lectricit\u00e9. Ce vitrage est un assemblage de deux feuilles de verre. Entre <\/span><span class=\"NormalTextRun SCXW220469278 BCX0\">celles-ci, se<\/span><span class=\"NormalTextRun SCXW220469278 BCX0\"> trouve un film \u00e0 cristaux liquides. En position OFF, c\u2019est-\u00e0-dire lorsque le <\/span><\/span><span class=\"TextRun Highlight SCXW220469278 BCX0\" lang=\"FR-BE\" xml:lang=\"FR-BE\" data-contrast=\"none\"><span class=\"NormalTextRun SCXW220469278 BCX0\">verre \u00e0 opacit\u00e9 command\u00e9e<\/span><\/span><span class=\"TextRun Highlight SCXW220469278 BCX0\" lang=\"FR-BE\" xml:lang=\"FR-BE\" data-contrast=\"none\"><span class=\"NormalTextRun SCXW220469278 BCX0\"> est translucide, les cristaux sont en d\u00e9sordre. En position ON, ils s\u2019alignent et la paroi devient transparente.\u00a0<\/span><\/span><span class=\"EOP SCXW220469278 BCX0\" data-ccp-props=\"{&quot;201341983&quot;:0,&quot;335551550&quot;:6,&quot;335551620&quot;:6,&quot;335559739&quot;:160,&quot;335559740&quot;:259}\">\u00a0<\/span><\/p>\n<h2 aria-level=\"2\">Comment activer le verre \u00e0 opacit\u00e9 command\u00e9e ?<\/h2>\n<p>Puisque les deux seuls modes du verre \u00e0 opacit\u00e9 command\u00e9e sont ON et OFF, un simple interrupteur suffit \u00e0 l\u2019utiliser. Un syst\u00e8me domotique (c\u2019est-\u00e0-dire de gestion automatis\u00e9e) peut \u00e9galement servir \u00e0 activer Priva-Lite\u00a9, de m\u00eame qu\u2019une t\u00e9l\u00e9commande. Burama sera \u00e0 vos c\u00f4t\u00e9s pour d\u00e9terminer ces modalit\u00e9s, de m\u00eame que les caract\u00e9ristiques de votre verre \u00e0 opacit\u00e9 command\u00e9e.<\/p>\n<h3 aria-level=\"2\">Quelle surface peut \u00eatre couverte par un verre \u00e0 opacit\u00e9 command\u00e9e ?<\/h3>\n<p>La surface de verre \u00e0 opacit\u00e9 command\u00e9e qu\u2019un seul transformateur (de 230 V) peut alimenter est de 6 m\u00b2. Toutefois, plusieurs transformateurs peuvent \u00eatre mis en place, pour couvrir une surface plus grande. Ils peuvent \u00eatre situ\u00e9s jusqu\u2019\u00e0 20 m\u00e8tres de distance du verre qu\u2019ils alimentent.<\/p>\n<h3 aria-level=\"2\">Quelles formes peut prendre une paroi en verre \u00e0 opacit\u00e9 command\u00e9e ?<\/h3>\n<p>Il ne sera pas possible de former un rond complet en verre \u00e0 opacit\u00e9 command\u00e9e, ni de cr\u00e9er des angles inf\u00e9rieurs \u00e0 30\u00b0. En-dehors de cela, Priva-Lite\u00a9 s\u2019adapte \u00e0 toutes les formes standards de cloisons en verre. Rappelons \u00e9galement que ces cloisons en verre \u00e0 opacit\u00e9 command\u00e9e existent en version standard et coulissante.<\/p>\n<p>&nbsp;<\/p>\n<p>&nbsp;<\/p>\n<\/div><div class=\"acf-block__link section__link my-3 position-relative\"><svg class=\"me-2\" id=\"Groupe_2717\" data-name=\"Groupe 2717\" xmlns=\"http:\/\/www.w3.org\/2000\/svg\" width=\"22.034\" height=\"20.751\" viewBox=\"0 0 22.034 20.751\">\n        <ellipse id=\"Ellipse_49\" data-name=\"Ellipse 49\" cx=\"11.017\" cy=\"10.376\" rx=\"11.017\" ry=\"10.376\" transform=\"translate(0)\" fill=\"#7a9b8e\"\/>\n        <path id=\"Icon_ionic-ios-arrow-forward\" data-name=\"Icon ionic-ios-arrow-forward\" d=\"M14.644,10.2,11.425,7.171a.547.547,0,0,1,0-.808.64.64,0,0,1,.861,0l3.647,3.432a.548.548,0,0,1,.018.789l-3.662,3.456a.639.639,0,0,1-.861,0,.547.547,0,0,1,0-.808Z\" transform=\"translate(-2.55 0.474)\" fill=\"#fff\"\/>\n    <\/svg><a href=\"https:\/\/burama.be\/fr\/contact\/\" target=\"\" title=\"Contactez-nous\" class=\"section__link\">Contactez-nous<\/a><\/div><\/div>\n                <div class=\"col-lg-6 ps-lg-0\"><div class='section__wrapper_image  has_shadow'><div class='section__bg'><\/div><div class=\"section__image image__landscape\"><img loading=\"lazy\" decoding=\"async\" width=\"626\" height=\"357\" src=\"https:\/\/burama.be\/app\/uploads\/2023\/09\/cloison-privalite.jpg\" class=\"w-100\" alt=\"\" srcset=\"https:\/\/burama.be\/app\/uploads\/2023\/09\/cloison-privalite.jpg 626w, https:\/\/burama.be\/app\/uploads\/2023\/09\/cloison-privalite-300x171.jpg 300w\" sizes=\"auto, (max-width: 626px) 100vw, 626px\" \/><\/div> <\/div><\/div>\n            <\/div>\n        <\/div>\n    <\/div>\n<\/div>\n\n<div class=\"acf-block acf-block-paragraph\" data-aos=\"fade-up\" data-aos-anchor-placement=\"top-bottom\">\n    <div class=\"container-fluid\">\n        <div class=\"content-container\">\n            <div class=\"row\">\n                <div class=\"col-lg-10 col-with-space\"><h1 class=\"section__title\">Quel est l\u2019avantage majeur d\u2019une cloison en verre \u00e0 opacit\u00e9 command\u00e9e ?  <\/h1><div class=\"section__content\"><p>Le management et l\u2019organisation moderne du travail exigent beaucoup de flexibilit\u00e9. C\u2019est le premier besoin auquel r\u00e9pond le verre \u00e0 opacit\u00e9 command\u00e9e. En version coulissante, le verre \u00e0 opacit\u00e9 command\u00e9e peut permettre de jongler entre :<\/p>\n<ul>\n<li data-leveltext=\"-\" data-font=\"Calibri\" data-listid=\"3\" data-list-defn-props=\"{&quot;335551500&quot;:0,&quot;335551671&quot;:0,&quot;335552541&quot;:1,&quot;335559685&quot;:720,&quot;335559991&quot;:360,&quot;469769226&quot;:&quot;Calibri&quot;,&quot;469769242&quot;:[8226],&quot;469777803&quot;:&quot;left&quot;,&quot;469777804&quot;:&quot;-&quot;,&quot;469777815&quot;:&quot;hybridMultilevel&quot;}\" aria-setsize=\"-1\" data-aria-posinset=\"22\" data-aria-level=\"1\">un espace ferm\u00e9 et un espace ouvert ;<\/li>\n<\/ul>\n<ul>\n<li data-leveltext=\"-\" data-font=\"Calibri\" data-listid=\"3\" data-list-defn-props=\"{&quot;335551500&quot;:0,&quot;335551671&quot;:0,&quot;335552541&quot;:1,&quot;335559685&quot;:720,&quot;335559991&quot;:360,&quot;469769226&quot;:&quot;Calibri&quot;,&quot;469769242&quot;:[8226],&quot;469777803&quot;:&quot;left&quot;,&quot;469777804&quot;:&quot;-&quot;,&quot;469777815&quot;:&quot;hybridMultilevel&quot;}\" aria-setsize=\"-1\" data-aria-posinset=\"23\" data-aria-level=\"1\">un espace transparent et un espace opaque.<\/li>\n<\/ul>\n<p>Le tout permet \u00e0 un m\u00eame lieu de r\u00e9pondre \u00e0 diff\u00e9rents besoins, dans diff\u00e9rentes circonstances.<\/p>\n<h2 aria-level=\"2\">Quels sont les autres avantages du verre \u00e0 opacit\u00e9 command\u00e9e ?<\/h2>\n<p>Par ailleurs, cela permet de garder un maximum de luminosit\u00e9 en permanence. La luminosit\u00e9 a, entre autres, un impact sur le moral. Le moral, lui, influence positivement la productivit\u00e9.<\/p>\n<p>Le verre \u00e0 opacit\u00e9 command\u00e9e est donc un \u00e9l\u00e9ment parmi d\u2019autres aptes \u00e0 prendre soin du bien-\u00eatre des personnes travaillant sur place. Cela permet aussi de donner un aspect ouvert et donc accueillant \u00e0 des bureaux de direction, tout en permettant une discr\u00e9tion parfois indispensable. Ce peut donc \u00eatre un \u00e9l\u00e9ment de communication et de bonne entente entre diff\u00e9rents niveaux de hi\u00e9rarchie.<\/p>\n<p>&nbsp;<\/p>\n<\/div><\/div>\n                <div class=\"d-none\"><\/div>\n            <\/div>\n        <\/div>\n    <\/div>\n<\/div>\n<div class=\"acf-block acf-block-testimonial-slider\" data-aos=\"fade-up\" data-aos-anchor-placement=\"top-bottom\">\n    <div class=\"container-fluid\">\n                    <div class=\"row\">\n                <div class=\"col-12 block_testimonial_slider__surtitle mb-3 text-uppercase text-center\">\n                    Ce que nos clients pensent de nous                 <\/div>\n            <\/div>\n                <div class=\"row\">\n            <div class=\"col-12\">\n                <section class=\"testimonial_slider__main splide mt-5\">\n                    <div class=\"decorative_quote_start position-absolute top-0 start-0\" style=\"transform: translateX(5vw) translateY(-100%) !important\">\n                        <svg xmlns=\"http:\/\/www.w3.org\/2000\/svg\" width=\"61\" height=\"54\" viewBox=\"0 0 61 54\">\n                            <path d=\"M0,34.085Q0,.575,24.921,0V11.681a9.474,9.474,0,0,0-8.051,4.213q-2.492,4.021-2.492,12.255h11.31V54H0Zm35.121,0q0-16.277,6.134-25.085Q47.581.191,60.233,0V11.681q-5.559.192-8.051,4.213T49.69,28.149H61V54H35.121Z\" fill=\"#97b1a7\"\/>\n                        <\/svg>\n                    <\/div>\n                    <div class=\"decorative_quote_end position-absolute bottom-0 end-0\" style=\"transform: translateX(-20%) translateY(-10%) !important\">\n                        <svg xmlns=\"http:\/\/www.w3.org\/2000\/svg\" width=\"355.862\" height=\"315.057\" viewBox=\"0 0 355.862 315.057\">\n                            <path d=\"M0,198.706Q0,3.349,145.28,0V68.1q-31.291,1.117-46.937,24.559Q83.816,116.1,83.815,164.1H149.75V314.8H0Zm204.744,0q0-94.888,35.761-146.239Q277.384,1.116,351.141,0V68.1Q318.733,69.212,304.2,92.655T289.677,164.1h65.934V314.8H204.744Z\" transform=\"translate(355.737 314.929) rotate(180)\" fill=\"none\" stroke=\"#707070\" stroke-width=\"0.25\"\/>\n                        <\/svg>\n                    <\/div>\n\n                    <div class=\"splide__track\">\n                        <ul class=\"splide__list\">\n                                                            <li class=\"splide__slide pt-4\">\n                                    <div class=\"col-10 offset-1 col-md-8 offset-md-2\">\n                                        <div class=\"testimonial__quote text-center text-md-start mb-3\">&quot;Je voulais vous dire que les \u00e9quipes et mes associ\u00e9s sont tr\u00e8s contents de ces nouveaux bureaux, donc merci et bravo \u00e0 vous pour tout le travail et dans un timing respect\u00e9.&quot;<\/div>\n                                        <div class=\"testimonial__name fw-bolder text-primary\">Matthieu DELAMAIRE<\/div>\n                                        <div class=\"testimonial__function\">Managing Partner &#8211; Kartesia <\/div>\n                                        <div class=\"testimonial__line mt-3\">&nbsp;<\/div>\n                                    <\/div>\n                                <\/li>\n                                                            <li class=\"splide__slide pt-4\">\n                                    <div class=\"col-10 offset-1 col-md-8 offset-md-2\">\n                                        <div class=\"testimonial__quote text-center text-md-start mb-3\">&quot;Je reviens du bureau et je n\u2019ai qu\u2019une envie c\u2019est d\u2019y retourner bien vite pour y travailler ! &quot;<\/div>\n                                        <div class=\"testimonial__name fw-bolder text-primary\">Anne LAMBERMONT <\/div>\n                                        <div class=\"testimonial__function\">Sales Operations &#038; Marketing Director EMEA &#8211; Banner Engineering <\/div>\n                                        <div class=\"testimonial__line mt-3\">&nbsp;<\/div>\n                                    <\/div>\n                                <\/li>\n                                                            <li class=\"splide__slide pt-4\">\n                                    <div class=\"col-10 offset-1 col-md-8 offset-md-2\">\n                                        <div class=\"testimonial__quote text-center text-md-start mb-3\">&quot;J\u2019ai eu l\u2019occasion de passer dans nos nouveaux bureaux ; c\u2019est tr\u00e8s agr\u00e9able. Et ce sentiment est partag\u00e9 par le reste de l\u2019\u00e9quipe. Encore, merci !\r\nEn attendant d\u2019avoir le plaisir de nous recroiser.\r\n&quot;<\/div>\n                                        <div class=\"testimonial__name fw-bolder text-primary\">Didier SALL\u00c9<\/div>\n                                        <div class=\"testimonial__function\">CEO &#8211; Euralia <\/div>\n                                        <div class=\"testimonial__line mt-3\">&nbsp;<\/div>\n                                    <\/div>\n                                <\/li>\n                                                            <li class=\"splide__slide pt-4\">\n                                    <div class=\"col-10 offset-1 col-md-8 offset-md-2\">\n                                        <div class=\"testimonial__quote text-center text-md-start mb-3\">&quot;Nous sommes tr\u00e8s satisfaits de tout ce qui a \u00e9t\u00e9 effectu\u00e9 dans les derni\u00e8res semaines, merci \u00e0 toute l&#8217;\u00e9quipe.&quot;<\/div>\n                                        <div class=\"testimonial__name fw-bolder text-primary\">Sarah RIBESSE <\/div>\n                                        <div class=\"testimonial__function\">Workplace Manager &#8211;  N-SIDE <\/div>\n                                        <div class=\"testimonial__line mt-3\">&nbsp;<\/div>\n                                    <\/div>\n                                <\/li>\n                                                            <li class=\"splide__slide pt-4\">\n                                    <div class=\"col-10 offset-1 col-md-8 offset-md-2\">\n                                        <div class=\"testimonial__quote text-center text-md-start mb-3\">&quot;Nous avons \u00e9t\u00e9 tr\u00e8s satisfaits du travail r\u00e9alis\u00e9 avec beaucoup de professionnalisme et de s\u00e9rieux par la soci\u00e9t\u00e9 Burama. Ils ont respect\u00e9 \u00e0 la lettre le devis et le planning travaill\u00e9 en suivant nos r\u00e8gles internes de s\u00e9curit\u00e9. Je ne peux que recommander sans r\u00e9serve cette soci\u00e9t\u00e9.&quot;<\/div>\n                                        <div class=\"testimonial__name fw-bolder text-primary\">Armando DI CROCE <\/div>\n                                        <div class=\"testimonial__function\">Manager, Infrastructure, Maintenance &#038; Safety &#8211; Brunswick Marine In EMEA<\/div>\n                                        <div class=\"testimonial__line mt-3\">&nbsp;<\/div>\n                                    <\/div>\n                                <\/li>\n                                                            <li class=\"splide__slide pt-4\">\n                                    <div class=\"col-10 offset-1 col-md-8 offset-md-2\">\n                                        <div class=\"testimonial__quote text-center text-md-start mb-3\">&quot;Tout s&#8217;est tr\u00e8s bien pass\u00e9, excellent travail des monteurs ! Le mat\u00e9riel correspond \u00e0 nos attentes. &quot;<\/div>\n                                        <div class=\"testimonial__name fw-bolder text-primary\">M\u00e9lanie LOGIST<\/div>\n                                        <div class=\"testimonial__function\">Responsable de service &#8211; Commune de Beauvechain <\/div>\n                                        <div class=\"testimonial__line mt-3\">&nbsp;<\/div>\n                                    <\/div>\n                                <\/li>\n                                   \n                        <\/ul>\n                    <\/div>\n\n                <\/section>\n            <\/div>\n        <\/div>\n    <\/div>\n<\/div>\n    <div class=\"acf-block-call-to-action\" data-aos=\"fade-up\" data-aos-anchor-placement=\"top-bottom\">\n        <a href=\"https:\/\/burama.be\/fr\/contact\/\"\n                    class=\"cta__link\">\n            <div class=\"burama-lines\" style=\"overflow: hidden; top: 0; bottom: 0; left: 0; right: 0; position: absolute;\"><\/div>\n            <div class=\"container-fluid overflow-hidden\">\n                <div class=\"row main-cta-row position-relative py-5\">\n                    <div class=\"col-md-8 py-5\">\n                        <div class=\"burama-circle\"><\/div>\n                        <div class=\"px-5\">\n                                                    <\/div>\n    \n                                                    <h2 class=\"cta__title px-5\">Des questions sur le verre \u00e0 opacit\u00e9 command\u00e9e ?<\/h2>\n                                                <div class=\"px-5\">\n                                                            <p class=\"cta__content\">Vous avez des questions sur les verres \u00e0 opacit\u00e9 command\u00e9es ? Contactez-nous, notre \u00e9quipe est disponible pour vous conseiller sur tout \u00e9l\u00e9ment d\u2019am\u00e9nagement de bureau.<\/p>\n                                                    <\/div>\n\n                    <\/div>\n\n                    <div class=\"col-md-3 d-none d-md-flex\">\n                        <div class=\"cta__btn\">\n                                <svg viewBox=\"0 0 100 100\" xmlns=\"http:\/\/www.w3.org\/2000\/svg\">\n        <circle id=\"circleCirclePath_69ef5b4c6db43\" class=\"bg\" cx=\"50\" cy=\"50\" r=\"50\" fill=\"#97b1a7\" \/>\n        <g transform=\"scale(0.78)\" transform-origin=\"50% 50%\">\n            <g transform=\"translate(-150 -395.733)\">\n                <path d=\"M217.874,104.078l-6.388-3.688a.509.509,0,0,0-.695.186l-2.34,4.053-23.452,40.621-.013.025a.517.517,0,0,0-.052.207l-.438,8.066-.4.7a.509.509,0,0,0,.881.509l.4-.7,6.669-4.4a.5.5,0,0,0,.222-.209l23.452-40.621,2.34-4.053A.509.509,0,0,0,217.874,104.078Zm-31.74,41.24,22.944-39.739,2.291,1.323-22.944,39.739Zm26.116-37.908,2.335,1.348L191.641,148.5l-2.335-1.348Zm-.832-5.885,5.507,3.18-1.832,3.172-5.507-3.18ZM185.559,152.706l.346-6.347,4.952,2.859Z\" transform=\"translate(0 319.987)\" fill=\"#fff\"\/>\n            <\/g>\n        <\/g>\n        <path id=\"circlePath_69ef5b4c6db43\" fill=\"none\" stroke-width=\"4\" opacity=\"0\" stroke=\"hsl(0 100% 50% \/ 0.5)\" d=\"\n            M 14 50\n            a 36,36 0 1,1 72,0\n            a 36,36 0 1,1 -72,0\n            \" \/>\n        <text id=\"text_circle_animation_69ef5b4c6db43\" class=\"text_circle_animation\" style=\"font-weight:400;font-size:7.3px;\" font-weight=\"bold\" fill=\"white\">\n            <textPath id=\"textPath_69ef5b4c6db43\" startOffset=\"15\" textLength=\"98.094px\" class=\"text-uppercase\" href=\"#circlePath_69ef5b4c6db43\">D\u00e9marrer un projet<\/textPath>\n            <textPath id=\"textPathOpposite_69ef5b4c6db43\" startOffset=\"128.094\" textLength=\"98.094px\" class=\"text-uppercase\" href=\"#circlePath_69ef5b4c6db43\">D\u00e9marrer un projet<\/textPath>\n        <\/text>\n    <\/svg>\n                            <\/div>\n                    <\/div>\n                <\/div>\n            <\/div>\n            <div class=\"container-fluid\">\n                <div class=\"row d-md-none text-center justify-content-end\">\n                    <div class=\"col-6 text-center\">\n                        <div class=\"w-100 position-relative\">\n                            <div class=\"position-absolute top-50 start-50 translate-middle cta__btn text-start m-0\">\n                                    <svg viewBox=\"0 0 100 100\" xmlns=\"http:\/\/www.w3.org\/2000\/svg\">\n        <circle id=\"circleCirclePath_69ef5b4c6e61e\" class=\"bg\" cx=\"50\" cy=\"50\" r=\"50\" fill=\"#97b1a7\" \/>\n        <g transform=\"scale(0.78)\" transform-origin=\"50% 50%\">\n            <g transform=\"translate(-150 -395.733)\">\n                <path d=\"M217.874,104.078l-6.388-3.688a.509.509,0,0,0-.695.186l-2.34,4.053-23.452,40.621-.013.025a.517.517,0,0,0-.052.207l-.438,8.066-.4.7a.509.509,0,0,0,.881.509l.4-.7,6.669-4.4a.5.5,0,0,0,.222-.209l23.452-40.621,2.34-4.053A.509.509,0,0,0,217.874,104.078Zm-31.74,41.24,22.944-39.739,2.291,1.323-22.944,39.739Zm26.116-37.908,2.335,1.348L191.641,148.5l-2.335-1.348Zm-.832-5.885,5.507,3.18-1.832,3.172-5.507-3.18ZM185.559,152.706l.346-6.347,4.952,2.859Z\" transform=\"translate(0 319.987)\" fill=\"#fff\"\/>\n            <\/g>\n        <\/g>\n        <path id=\"circlePath_69ef5b4c6e61e\" fill=\"none\" stroke-width=\"4\" opacity=\"0\" stroke=\"hsl(0 100% 50% \/ 0.5)\" d=\"\n            M 14 50\n            a 36,36 0 1,1 72,0\n            a 36,36 0 1,1 -72,0\n            \" \/>\n        <text id=\"text_circle_animation_69ef5b4c6e61e\" class=\"text_circle_animation\" style=\"font-weight:400;font-size:7.3px;\" font-weight=\"bold\" fill=\"white\">\n            <textPath id=\"textPath_69ef5b4c6e61e\" startOffset=\"15\" textLength=\"98.094px\" class=\"text-uppercase\" href=\"#circlePath_69ef5b4c6e61e\">D\u00e9marrer un projet<\/textPath>\n            <textPath id=\"textPathOpposite_69ef5b4c6e61e\" startOffset=\"128.094\" textLength=\"98.094px\" class=\"text-uppercase\" href=\"#circlePath_69ef5b4c6e61e\">D\u00e9marrer un projet<\/textPath>\n        <\/text>\n    <\/svg>\n                                <\/div>\n                        <\/div>\n                    <\/div>\n                <\/div>\n            <\/div>\n        <\/a>\n    <\/div>\n","protected":false},"featured_media":0,"parent":0,"menu_order":0,"template":"","class_list":["post-43454","seopage","type-seopage","status-publish","hentry"],"acf":[],"yoast_head":"<!-- This site is optimized with the Yoast SEO plugin v26.9 - https:\/\/yoast.com\/product\/yoast-seo-wordpress\/ -->\n<title>Verre \u00e0 opacit\u00e9 command\u00e9e | Burama<\/title>\n<meta name=\"description\" content=\"Vous avez des questions sur les verres \u00e0 opacit\u00e9 command\u00e9es ? Contactez-nous, notre \u00e9quipe est disponible pour vous conseiller sur tout \u00e9l\u00e9ment d\u2019am\u00e9nagement de bureau.\" \/>\n<meta name=\"robots\" content=\"index, follow, max-snippet:-1, max-image-preview:large, max-video-preview:-1\" \/>\n<link rel=\"canonical\" href=\"https:\/\/burama.be\/fr\/articles\/117-verre-a-opacite-commandee\/\" \/>\n<meta property=\"og:type\" content=\"article\" \/>\n<meta property=\"og:title\" content=\"Verre \u00e0 opacit\u00e9 command\u00e9e | Burama\" \/>\n<meta property=\"og:description\" content=\"Vous avez des questions sur les cloisons amovibles de bureau ? N\u2019h\u00e9sitez pas \u00e0 nous contacter, notre \u00e9quipe est disponible pour vous conseiller sur n\u2019importe quel \u00e9l\u00e9ment d\u2019am\u00e9nagement de bureau.\" \/>\n<meta property=\"og:url\" content=\"https:\/\/burama.be\/fr\/articles\/117-verre-a-opacite-commandee\/\" \/>\n<meta property=\"og:site_name\" content=\"Burama\" \/>\n<meta property=\"article:publisher\" content=\"https:\/\/www.facebook.com\/buramafurniture\" \/>\n<meta property=\"article:modified_time\" content=\"2024-08-19T11:36:06+00:00\" \/>\n<meta name=\"twitter:card\" content=\"summary_large_image\" \/>\n<meta name=\"twitter:title\" content=\"Verre \u00e0 opacit\u00e9 command\u00e9e | Burama\" \/>\n<meta name=\"twitter:description\" content=\"Vous avez des questions sur les cloisons amovibles de bureau ? N\u2019h\u00e9sitez pas \u00e0 nous contacter, notre \u00e9quipe est disponible pour vous conseiller sur n\u2019importe quel \u00e9l\u00e9ment d\u2019am\u00e9nagement de bureau.\" \/>\n<script type=\"application\/ld+json\" class=\"yoast-schema-graph\">{\"@context\":\"https:\/\/schema.org\",\"@graph\":[{\"@type\":\"WebPage\",\"@id\":\"https:\/\/burama.be\/fr\/articles\/117-verre-a-opacite-commandee\/\",\"url\":\"https:\/\/burama.be\/fr\/articles\/117-verre-a-opacite-commandee\/\",\"name\":\"Verre \u00e0 opacit\u00e9 command\u00e9e | Burama\",\"isPartOf\":{\"@id\":\"https:\/\/burama.be\/fr\/#website\"},\"datePublished\":\"2024-07-29T11:10:51+00:00\",\"dateModified\":\"2024-08-19T11:36:06+00:00\",\"description\":\"Vous avez des questions sur les verres \u00e0 opacit\u00e9 command\u00e9es ? Contactez-nous, notre \u00e9quipe est disponible pour vous conseiller sur tout \u00e9l\u00e9ment d\u2019am\u00e9nagement de bureau.\",\"breadcrumb\":{\"@id\":\"https:\/\/burama.be\/fr\/articles\/117-verre-a-opacite-commandee\/#breadcrumb\"},\"inLanguage\":\"fr-FR\",\"potentialAction\":[{\"@type\":\"ReadAction\",\"target\":[\"https:\/\/burama.be\/fr\/articles\/117-verre-a-opacite-commandee\/\"]}]},{\"@type\":\"BreadcrumbList\",\"@id\":\"https:\/\/burama.be\/fr\/articles\/117-verre-a-opacite-commandee\/#breadcrumb\",\"itemListElement\":[{\"@type\":\"ListItem\",\"position\":1,\"name\":\"Home\",\"item\":\"https:\/\/burama.be\/fr\/\"},{\"@type\":\"ListItem\",\"position\":2,\"name\":\"Verre \u00e0 opacit\u00e9 command\u00e9e\"}]},{\"@type\":\"WebSite\",\"@id\":\"https:\/\/burama.be\/fr\/#website\",\"url\":\"https:\/\/burama.be\/fr\/\",\"name\":\"Burama\",\"description\":\"Improving your workspace\",\"publisher\":{\"@id\":\"https:\/\/burama.be\/fr\/#organization\"},\"potentialAction\":[{\"@type\":\"SearchAction\",\"target\":{\"@type\":\"EntryPoint\",\"urlTemplate\":\"https:\/\/burama.be\/fr\/?s={search_term_string}\"},\"query-input\":{\"@type\":\"PropertyValueSpecification\",\"valueRequired\":true,\"valueName\":\"search_term_string\"}}],\"inLanguage\":\"fr-FR\"},{\"@type\":\"Organization\",\"@id\":\"https:\/\/burama.be\/fr\/#organization\",\"name\":\"Burama\",\"url\":\"https:\/\/burama.be\/fr\/\",\"logo\":{\"@type\":\"ImageObject\",\"inLanguage\":\"fr-FR\",\"@id\":\"https:\/\/burama.be\/fr\/#\/schema\/logo\/image\/\",\"url\":\"https:\/\/burama.be\/app\/uploads\/2023\/02\/burama-logo-footer.svg\",\"contentUrl\":\"https:\/\/burama.be\/app\/uploads\/2023\/02\/burama-logo-footer.svg\",\"width\":1,\"height\":1,\"caption\":\"Burama\"},\"image\":{\"@id\":\"https:\/\/burama.be\/fr\/#\/schema\/logo\/image\/\"},\"sameAs\":[\"https:\/\/www.facebook.com\/buramafurniture\",\"https:\/\/be.linkedin.com\/company\/burama-be\",\"https:\/\/www.instagram.com\/burama.be\"]}]}<\/script>\n<!-- \/ Yoast SEO plugin. -->","yoast_head_json":{"title":"Verre \u00e0 opacit\u00e9 command\u00e9e | Burama","description":"Vous avez des questions sur les verres \u00e0 opacit\u00e9 command\u00e9es ? Contactez-nous, notre \u00e9quipe est disponible pour vous conseiller sur tout \u00e9l\u00e9ment d\u2019am\u00e9nagement de bureau.","robots":{"index":"index","follow":"follow","max-snippet":"max-snippet:-1","max-image-preview":"max-image-preview:large","max-video-preview":"max-video-preview:-1"},"canonical":"https:\/\/burama.be\/fr\/articles\/117-verre-a-opacite-commandee\/","og_type":"article","og_title":"Verre \u00e0 opacit\u00e9 command\u00e9e | Burama","og_description":"Vous avez des questions sur les cloisons amovibles de bureau ? N\u2019h\u00e9sitez pas \u00e0 nous contacter, notre \u00e9quipe est disponible pour vous conseiller sur n\u2019importe quel \u00e9l\u00e9ment d\u2019am\u00e9nagement de bureau.","og_url":"https:\/\/burama.be\/fr\/articles\/117-verre-a-opacite-commandee\/","og_site_name":"Burama","article_publisher":"https:\/\/www.facebook.com\/buramafurniture","article_modified_time":"2024-08-19T11:36:06+00:00","twitter_card":"summary_large_image","twitter_title":"Verre \u00e0 opacit\u00e9 command\u00e9e | Burama","twitter_description":"Vous avez des questions sur les cloisons amovibles de bureau ? N\u2019h\u00e9sitez pas \u00e0 nous contacter, notre \u00e9quipe est disponible pour vous conseiller sur n\u2019importe quel \u00e9l\u00e9ment d\u2019am\u00e9nagement de bureau.","schema":{"@context":"https:\/\/schema.org","@graph":[{"@type":"WebPage","@id":"https:\/\/burama.be\/fr\/articles\/117-verre-a-opacite-commandee\/","url":"https:\/\/burama.be\/fr\/articles\/117-verre-a-opacite-commandee\/","name":"Verre \u00e0 opacit\u00e9 command\u00e9e | Burama","isPartOf":{"@id":"https:\/\/burama.be\/fr\/#website"},"datePublished":"2024-07-29T11:10:51+00:00","dateModified":"2024-08-19T11:36:06+00:00","description":"Vous avez des questions sur les verres \u00e0 opacit\u00e9 command\u00e9es ? Contactez-nous, notre \u00e9quipe est disponible pour vous conseiller sur tout \u00e9l\u00e9ment d\u2019am\u00e9nagement de bureau.","breadcrumb":{"@id":"https:\/\/burama.be\/fr\/articles\/117-verre-a-opacite-commandee\/#breadcrumb"},"inLanguage":"fr-FR","potentialAction":[{"@type":"ReadAction","target":["https:\/\/burama.be\/fr\/articles\/117-verre-a-opacite-commandee\/"]}]},{"@type":"BreadcrumbList","@id":"https:\/\/burama.be\/fr\/articles\/117-verre-a-opacite-commandee\/#breadcrumb","itemListElement":[{"@type":"ListItem","position":1,"name":"Home","item":"https:\/\/burama.be\/fr\/"},{"@type":"ListItem","position":2,"name":"Verre \u00e0 opacit\u00e9 command\u00e9e"}]},{"@type":"WebSite","@id":"https:\/\/burama.be\/fr\/#website","url":"https:\/\/burama.be\/fr\/","name":"Burama","description":"Improving your workspace","publisher":{"@id":"https:\/\/burama.be\/fr\/#organization"},"potentialAction":[{"@type":"SearchAction","target":{"@type":"EntryPoint","urlTemplate":"https:\/\/burama.be\/fr\/?s={search_term_string}"},"query-input":{"@type":"PropertyValueSpecification","valueRequired":true,"valueName":"search_term_string"}}],"inLanguage":"fr-FR"},{"@type":"Organization","@id":"https:\/\/burama.be\/fr\/#organization","name":"Burama","url":"https:\/\/burama.be\/fr\/","logo":{"@type":"ImageObject","inLanguage":"fr-FR","@id":"https:\/\/burama.be\/fr\/#\/schema\/logo\/image\/","url":"https:\/\/burama.be\/app\/uploads\/2023\/02\/burama-logo-footer.svg","contentUrl":"https:\/\/burama.be\/app\/uploads\/2023\/02\/burama-logo-footer.svg","width":1,"height":1,"caption":"Burama"},"image":{"@id":"https:\/\/burama.be\/fr\/#\/schema\/logo\/image\/"},"sameAs":["https:\/\/www.facebook.com\/buramafurniture","https:\/\/be.linkedin.com\/company\/burama-be","https:\/\/www.instagram.com\/burama.be"]}]}},"_links":{"self":[{"href":"https:\/\/burama.be\/fr\/wp-json\/wp\/v2\/seopage\/43454","targetHints":{"allow":["GET"]}}],"collection":[{"href":"https:\/\/burama.be\/fr\/wp-json\/wp\/v2\/seopage"}],"about":[{"href":"https:\/\/burama.be\/fr\/wp-json\/wp\/v2\/types\/seopage"}],"wp:attachment":[{"href":"https:\/\/burama.be\/fr\/wp-json\/wp\/v2\/media?parent=43454"}],"curies":[{"name":"wp","href":"https:\/\/api.w.org\/{rel}","templated":true}]}}